{"id":386,"date":"2018-04-07T09:30:31","date_gmt":"2018-04-07T07:30:31","guid":{"rendered":"https:\/\/www.todoslostonosyayres.com\/?page_id=386"},"modified":"2025-11-12T08:31:21","modified_gmt":"2025-11-12T07:31:21","slug":"agenda","status":"publish","type":"page","link":"https:\/\/www.todoslostonosyayres.com\/en\/agenda\/","title":{"rendered":"Agenda"},"content":{"rendered":"<div    class=\"\" style=' text-align:left;'><div class=\" full_section_inner clearfix\"><div class=\"wpb_column vc_column_container vc_col-sm-12\"><div class=\"vc_column-inner\"><div class=\"wpb_wrapper\"><div class=\"vc_tta-container\" data-vc-action=\"collapse\"><div class=\"vc_general vc_tta vc_tta-tabs vc_tta-color-black vc_tta-style-modern vc_tta-shape-rounded vc_tta-spacing-1 vc_tta-gap-1 vc_tta-has-pagination vc_tta-o-no-fill vc_tta-tabs-position-top vc_tta-controls-align-left wpb_animate_when_almost_visible wpb_fadeIn fadeIn\"><div class=\"vc_tta-tabs-container\"><ul class=\"vc_tta-tabs-list\" role=\"tablist\"><li class=\"vc_tta-tab vc_active\" data-vc-tab role=\"presentation\"><a href=\"#1733156652458-257c0244-7a0b\" data-vc-tabs data-vc-container=\".vc_tta\" role=\"tab\" aria-selected=\"false\" id=\"tab-1733156652458-257c0244-7a0b\"><span class=\"vc_tta-title-text\">2026<\/span><\/a><\/li><li class=\"vc_tta-tab\" data-vc-tab role=\"presentation\"><a href=\"#1762932653347-13c54b3b-ffb1\" data-vc-tabs data-vc-container=\".vc_tta\" role=\"tab\" aria-selected=\"false\" id=\"tab-1762932653347-13c54b3b-ffb1\"><span class=\"vc_tta-title-text\">2025<\/span><\/a><\/li><li class=\"vc_tta-tab\" data-vc-tab role=\"presentation\"><a href=\"#1645987618249-fe15e051-c608\" data-vc-tabs data-vc-container=\".vc_tta\" role=\"tab\" aria-selected=\"false\" id=\"tab-1645987618249-fe15e051-c608\"><span class=\"vc_tta-title-text\">2024<\/span><\/a><\/li><li class=\"vc_tta-tab\" data-vc-tab role=\"presentation\"><a href=\"#1709069841334-60d79563-d757\" data-vc-tabs data-vc-container=\".vc_tta\" role=\"tab\" aria-selected=\"false\" id=\"tab-1709069841334-60d79563-d757\"><span class=\"vc_tta-title-text\">2023<\/span><\/a><\/li><li class=\"vc_tta-tab\" data-vc-tab role=\"presentation\"><a href=\"#1668772298035-600dd5dd-b035\" data-vc-tabs data-vc-container=\".vc_tta\" role=\"tab\" aria-selected=\"false\" id=\"tab-1668772298035-600dd5dd-b035\"><span class=\"vc_tta-title-text\">2022<\/span><\/a><\/li><li class=\"vc_tta-tab\" data-vc-tab role=\"presentation\"><a href=\"#1645987424780-c17d6d73-bc57\" data-vc-tabs data-vc-container=\".vc_tta\" role=\"tab\" aria-selected=\"false\" id=\"tab-1645987424780-c17d6d73-bc57\"><span class=\"vc_tta-title-text\">2021<\/span><\/a><\/li><li class=\"vc_tta-tab\" data-vc-tab role=\"presentation\"><a href=\"#1645987424791-8804606a-25fe\" data-vc-tabs data-vc-container=\".vc_tta\" role=\"tab\" aria-selected=\"false\" id=\"tab-1645987424791-8804606a-25fe\"><span class=\"vc_tta-title-text\">2020<\/span><\/a><\/li><li class=\"vc_tta-tab\" data-vc-tab role=\"presentation\"><a href=\"#1645988277062-e1f29e5e-b9b5\" data-vc-tabs data-vc-container=\".vc_tta\" role=\"tab\" aria-selected=\"false\" id=\"tab-1645988277062-e1f29e5e-b9b5\"><span class=\"vc_tta-title-text\">2019<\/span><\/a><\/li><li class=\"vc_tta-tab\" data-vc-tab role=\"presentation\"><a href=\"#1645988308561-d319dec9-270a\" data-vc-tabs data-vc-container=\".vc_tta\" role=\"tab\" aria-selected=\"false\" id=\"tab-1645988308561-d319dec9-270a\"><span class=\"vc_tta-title-text\">2018<\/span><\/a><\/li><li class=\"vc_tta-tab\" data-vc-tab role=\"presentation\"><a href=\"#1645988333704-8ae55dc5-9f7b\" data-vc-tabs data-vc-container=\".vc_tta\" role=\"tab\" aria-selected=\"false\" id=\"tab-1645988333704-8ae55dc5-9f7b\"><span class=\"vc_tta-title-text\">2017<\/span><\/a><\/li><li class=\"vc_tta-tab\" data-vc-tab role=\"presentation\"><a href=\"#1645988356410-1890e9ab-fb42\" data-vc-tabs data-vc-container=\".vc_tta\" role=\"tab\" aria-selected=\"false\" id=\"tab-1645988356410-1890e9ab-fb42\"><span class=\"vc_tta-title-text\">2016<\/span><\/a><\/li><\/ul><\/div><div class=\"vc_tta-panels-container\"><div class=\"vc_tta-panels\"><div class=\"vc_tta-panel vc_active\" id=\"1733156652458-257c0244-7a0b\" data-vc-content=\".vc_tta-panel-body\"><div class=\"vc_tta-panel-heading\"><h3 class=\"vc_tta-panel-title\"><a href=\"#1733156652458-257c0244-7a0b\" data-vc-accordion data-vc-container=\".vc_tta-container\"><span class=\"vc_tta-title-text\">2026<\/span><\/a><\/h3><\/div><div class=\"vc_tta-panel-body\">\n\t<div class=\"wpb_text_column wpb_content_element\" >\n\t\t<div class=\"wpb_wrapper\">\n\t\t\t<!-- START All-in-One Event Calendar Plugin - Version 3.0.0 --> <div id=\"ai1ec-container\" class=\"ai1ec-main-container \"> <!-- AI1EC_PAGE_CONTENT_PLACEHOLDER --> <div id=\"ai1ec-calendar\" class=\"timely ai1ec-calendar\"> <div id=\"ai1ec-calendar-view-container\" class=\"ai1ec-calendar-view-container\"> <div id=\"ai1ec-calendar-view-loading\" class=\"ai1ec-loading ai1ec-calendar-view-loading\"><\/div> <div id=\"ai1ec-calendar-view\" class=\"ai1ec-calendar-view\"> <div class=\"ai1ec-posterboard-view ai1ec-clearfix ai1ec-posterboard-aligned ai1ec-posterboard-no-footer \" data-ai1ec-tile-min-width=\"240\" data-ai1ec-posterboard-equal-height=\"1\" data-ai1ec-posterboard-mode=\"0\"> <div class=\"ai1ec-event ai1ec-event-id-2915 ai1ec-event-instance-id-183 \" data-end=\"\"> <div class=\"ai1ec-event-wrap ai1ec-clearfix\"> <div class=\"ai1ec-date-block-wrap\" > <a class=\"ai1ec-load-view\" href=\"https&#x3A;&#x2F;&#x2F;www.todoslostonosyayres.com&#x2F;en&#x2F;&#x3F;page_id&#x3D;614&#x2F;action&#x7E;oneday&#x2F;exact_date&#x7E;13-9-2026&#x2F;\"> <div class=\"ai1ec-date\"> <div class=\"ai1ec-month\">Sep<\/div> <div class=\"ai1ec-day\">13<\/div> <div class=\"ai1ec-weekday\">Sun<\/div> <div class=\"ai1ec-year\">2026<\/div> <\/div> <\/a> <\/div> <div class=\"ai1ec-event-title-wrap ai1ec-clearfix\"> <div class=\"ai1ec-event-title\" title=\"III&#x20;Festival&#x20;&#x20;de&#x20;M&#x00FA;sica&#x20;Antigua&#x20;de&#x20;Villanueva&#x20;de&#x20;Huerva\"><div> <a class=\"ai1ec-load-event\" href=\"https&#x3A;&#x2F;&#x2F;www.todoslostonosyayres.com&#x2F;en&#x2F;event&#x2F;los-infinitos-jades-villanueva-de-hueva&#x2F;&#x3F;instance_id&#x3D;183\" > III Festival de M\u00fasica Antigua de Villanueva de Huerva <\/a> <\/div><\/div> <div class=\"ai1ec-event-time\"> Sep 13 @ 6:30 pm \u2013 7:30 pm <\/div> <\/div> <div class=\"ai1ec-posterboard-image-container\"> <a class=\"ai1ec-load-event\" href=\"https&#x3A;&#x2F;&#x2F;www.todoslostonosyayres.com&#x2F;en&#x2F;event&#x2F;los-infinitos-jades-villanueva-de-hueva&#x2F;&#x3F;instance_id&#x3D;183\"> <div class=\"ai1ec-posterboard-image\" style=\"background-image: url(https&#x3A;&#x2F;&#x2F;www.todoslostonosyayres.com&#x2F;wp-content&#x2F;uploads&#x2F;Programas&#x2F;Portada_Los_infinitos_jades-300x225.jpg);\"> <\/div> <\/a> <div class=\"ai1ec-posterboard-time\"> 6:30 pm <\/div> <div class=\"ai1ec-sas-actions ai1ec-btn-group ai1ec-clearfix\"> <a href=\"#\" target=\"_blank\" class=\"ai1ec-sas-action ai1ec-btn ai1ec-btn-primary ai1ec-btn-xs ai1ec-btn-sm ai1ec-sas-action-tickets\"> <i class=\"ai1ec-fa ai1ec-fa-ticket\"><\/i> <span class=\"ai1ec-hidden-xs\">Tickets<\/span> <\/a> <\/div> <div class=\"ai1ec-event-description\"> Concierto Los infinitos jades: Colores de China para versos de Antonio Gala el 13 de septiembre de 2026 en el III Festival de M\u00fasica Antigua de Villanueva de Huerva (Zaragoza). M\u00fasica antigua y tradicional china[...] <\/div> <\/div> <span class=\"ai1ec-event-location\"> <i class=\"ai1ec-fa ai1ec-fa-map-marker\"><\/i> Iglesia de Nuestra Se\u00f1ora de los \u00c1ngeles de Villanueva de Huerva (Zaragoza) <\/span> <div class=\"ai1ec-no-footer-padding\"><\/div> <\/div> <\/div> <div class=\"ai1ec-event ai1ec-event-id-2935 ai1ec-event-instance-id-187 \" data-end=\"\"> <div class=\"ai1ec-event-wrap ai1ec-clearfix\"> <div class=\"ai1ec-date-block-wrap\" > <a class=\"ai1ec-load-view\" href=\"https&#x3A;&#x2F;&#x2F;www.todoslostonosyayres.com&#x2F;en&#x2F;&#x3F;page_id&#x3D;614&#x2F;action&#x7E;oneday&#x2F;exact_date&#x7E;18-7-2026&#x2F;\"> <div class=\"ai1ec-date\"> <div class=\"ai1ec-month\">Jul<\/div> <div class=\"ai1ec-day\">18<\/div> <div class=\"ai1ec-weekday\">Sat<\/div> <div class=\"ai1ec-year\">2026<\/div> <\/div> <\/a> <\/div> <div class=\"ai1ec-event-title-wrap ai1ec-clearfix\"> <div class=\"ai1ec-event-title\" title=\"Festival&#x20;de&#x20;M&#x00FA;sica&#x20;y&#x20;Patrimonio&#x20;EnClaves\"><div> <a class=\"ai1ec-load-event\" href=\"https&#x3A;&#x2F;&#x2F;www.todoslostonosyayres.com&#x2F;en&#x2F;event&#x2F;festival-musica-patrimonio-enclaves&#x2F;&#x3F;instance_id&#x3D;187\" > Festival de M\u00fasica y Patrimonio EnClaves <\/a> <\/div><\/div> <div class=\"ai1ec-event-time\"> Jul 18 @ 8:30 pm \u2013 9:30 pm <\/div> <\/div> <div class=\"ai1ec-posterboard-image-container\"> <a class=\"ai1ec-load-event\" href=\"https&#x3A;&#x2F;&#x2F;www.todoslostonosyayres.com&#x2F;en&#x2F;event&#x2F;festival-musica-patrimonio-enclaves&#x2F;&#x3F;instance_id&#x3D;187\"> <div class=\"ai1ec-posterboard-image\" style=\"background-image: url(https&#x3A;&#x2F;&#x2F;www.todoslostonosyayres.com&#x2F;wp-content&#x2F;uploads&#x2F;Programas&#x2F;Portada_Hija_de_la_seda-300x225.jpg);\"> <\/div> <\/a> <div class=\"ai1ec-posterboard-time\"> 8:30 pm <\/div> <div class=\"ai1ec-sas-actions ai1ec-btn-group ai1ec-clearfix\"> <a href=\"#\" target=\"_blank\" class=\"ai1ec-sas-action ai1ec-btn ai1ec-btn-primary ai1ec-btn-xs ai1ec-btn-sm ai1ec-sas-action-tickets\"> <i class=\"ai1ec-fa ai1ec-fa-ticket\"><\/i> <span class=\"ai1ec-hidden-xs\">Tickets<\/span> <\/a> <\/div> <div class=\"ai1ec-event-description\"> Concierto Hija de la seda en la Iglesia San Jorge de la Alcal\u00e1 de Gurrea dentro del marco del Festival de M\u00fasica y Patrimonio EnClaves. S\u00e1bado 18 de julio de 2026 a las 20:30h. <\/div> <\/div> <span class=\"ai1ec-event-location\"> <i class=\"ai1ec-fa ai1ec-fa-map-marker\"><\/i> Iglesia San Jorge de la Alcal\u00e1 de Gurrea <\/span> <div class=\"ai1ec-no-footer-padding\"><\/div> <\/div> <\/div> <div class=\"ai1ec-event ai1ec-event-id-2942 ai1ec-event-instance-id-189 \" data-end=\"\"> <div class=\"ai1ec-event-wrap ai1ec-clearfix\"> <div class=\"ai1ec-date-block-wrap\" > <a class=\"ai1ec-load-view\" href=\"https&#x3A;&#x2F;&#x2F;www.todoslostonosyayres.com&#x2F;en&#x2F;&#x3F;page_id&#x3D;614&#x2F;action&#x7E;oneday&#x2F;exact_date&#x7E;4-7-2026&#x2F;\"> <div class=\"ai1ec-date\"> <div class=\"ai1ec-month\">Jul<\/div> <div class=\"ai1ec-day\">4<\/div> <div class=\"ai1ec-weekday\">Sat<\/div> <div class=\"ai1ec-year\">2026<\/div> <\/div> <\/a> <\/div> <div class=\"ai1ec-event-title-wrap ai1ec-clearfix\"> <div class=\"ai1ec-event-title\" title=\"VII&#x20;Festival&#x20;de&#x20;M&#x00FA;sica&#x20;Antigua&#x20;&#x201C;El&#x20;Coraz&#x00F3;n&#x20;del&#x20;Cancionero&#x201D;\"><div> <a class=\"ai1ec-load-event\" href=\"https&#x3A;&#x2F;&#x2F;www.todoslostonosyayres.com&#x2F;en&#x2F;event&#x2F;festival-baena-el-corazon-del-cancionero-2026&#x2F;&#x3F;instance_id&#x3D;189\" > VII Festival de M\u00fasica Antigua \u201cEl Coraz\u00f3n del Cancionero\u201d <\/a> <\/div><\/div> <div class=\"ai1ec-event-time\"> Jul 4 @ 9:00 pm \u2013 10:15 pm <\/div> <\/div> <div class=\"ai1ec-posterboard-image-container\"> <a class=\"ai1ec-load-event\" href=\"https&#x3A;&#x2F;&#x2F;www.todoslostonosyayres.com&#x2F;en&#x2F;event&#x2F;festival-baena-el-corazon-del-cancionero-2026&#x2F;&#x3F;instance_id&#x3D;189\"> <div class=\"ai1ec-posterboard-image\" style=\"background-image: url(https&#x3A;&#x2F;&#x2F;www.todoslostonosyayres.com&#x2F;wp-content&#x2F;uploads&#x2F;Programas&#x2F;Portada_Hija_de_la_seda-300x225.jpg);\"> <\/div> <\/a> <div class=\"ai1ec-posterboard-time\"> 9:00 pm <\/div> <div class=\"ai1ec-sas-actions ai1ec-btn-group ai1ec-clearfix\"> <a href=\"#\" target=\"_blank\" class=\"ai1ec-sas-action ai1ec-btn ai1ec-btn-primary ai1ec-btn-xs ai1ec-btn-sm ai1ec-sas-action-tickets\"> <i class=\"ai1ec-fa ai1ec-fa-ticket\"><\/i> <span class=\"ai1ec-hidden-xs\">Tickets<\/span> <\/a> <\/div> <div class=\"ai1ec-event-description\"> Concierto Hija de la seda en el VII Festival de M\u00fasica Antigua \u201cEl Coraz\u00f3n del Cancionero\u201d. S\u00e1bado 4 de julio de 2026 a las 21:00h en el teatro Liceo de Baena (C\u00f3rdoba). <\/div> <\/div> <span class=\"ai1ec-event-location\"> <i class=\"ai1ec-fa ai1ec-fa-map-marker\"><\/i> Teatro Liceo (Baena) <\/span> <div class=\"ai1ec-no-footer-padding\"><\/div> <\/div> <\/div> <div class=\"ai1ec-event ai1ec-event-id-2921 ai1ec-event-instance-id-185 \" data-end=\"\"> <div class=\"ai1ec-event-wrap ai1ec-clearfix\"> <div class=\"ai1ec-date-block-wrap\" > <a class=\"ai1ec-load-view\" href=\"https&#x3A;&#x2F;&#x2F;www.todoslostonosyayres.com&#x2F;en&#x2F;&#x3F;page_id&#x3D;614&#x2F;action&#x7E;oneday&#x2F;exact_date&#x7E;19-3-2026&#x2F;\"> <div class=\"ai1ec-date\"> <div class=\"ai1ec-month\">Mar<\/div> <div class=\"ai1ec-day\">19<\/div> <div class=\"ai1ec-weekday\">Thu<\/div> <div class=\"ai1ec-year\">2026<\/div> <\/div> <\/a> <\/div> <div class=\"ai1ec-event-title-wrap ai1ec-clearfix\"> <div class=\"ai1ec-event-title\" title=\"Semana&#x20;de&#x20;M&#x00FA;sica&#x20;Sacra&#x20;de&#x20;Segovia\"><div> <a class=\"ai1ec-load-event\" href=\"https&#x3A;&#x2F;&#x2F;www.todoslostonosyayres.com&#x2F;en&#x2F;event&#x2F;semana-de-musica-sacra-de-segovia&#x2F;&#x3F;instance_id&#x3D;185\" > Semana de M\u00fasica Sacra de Segovia <\/a> <\/div><\/div> <div class=\"ai1ec-event-time\"> Mar 19 @ 8:00 pm \u2013 9:00 pm <\/div> <\/div> <div class=\"ai1ec-posterboard-image-container\"> <a class=\"ai1ec-load-event\" href=\"https&#x3A;&#x2F;&#x2F;www.todoslostonosyayres.com&#x2F;en&#x2F;event&#x2F;semana-de-musica-sacra-de-segovia&#x2F;&#x3F;instance_id&#x3D;185\"> <div class=\"ai1ec-posterboard-image\" style=\"background-image: url(https&#x3A;&#x2F;&#x2F;www.todoslostonosyayres.com&#x2F;wp-content&#x2F;uploads&#x2F;Programas&#x2F;Portada_Hija_de_la_seda-300x225.jpg);\"> <\/div> <\/a> <div class=\"ai1ec-posterboard-time\"> 8:00 pm <\/div> <div class=\"ai1ec-sas-actions ai1ec-btn-group ai1ec-clearfix\"> <a href=\"#\" target=\"_blank\" class=\"ai1ec-sas-action ai1ec-btn ai1ec-btn-primary ai1ec-btn-xs ai1ec-btn-sm ai1ec-sas-action-tickets\"> <i class=\"ai1ec-fa ai1ec-fa-ticket\"><\/i> <span class=\"ai1ec-hidden-xs\">Tickets<\/span> <\/a> <\/div> <div class=\"ai1ec-event-description\"> Concierto Hija de la seda en la Iglesia de San Juan de los Caballeros \u2013 Museo Zuloaga dentro del marco de la 44 Semana de M\u00fasica Sacra de Segovia. Jueves 19 de marzo de 2026[...] <\/div> <\/div> <span class=\"ai1ec-event-location\"> <i class=\"ai1ec-fa ai1ec-fa-map-marker\"><\/i> Iglesia de San Juan de los Caballeros \u2013 Museo Zuloaga <\/span> <div class=\"ai1ec-no-footer-padding\"><\/div> <\/div> <\/div> <div class=\"ai1ec-event ai1ec-event-id-2896 ai1ec-event-instance-id-181 \" data-end=\"\"> <div class=\"ai1ec-event-wrap ai1ec-clearfix\"> <div class=\"ai1ec-date-block-wrap\" > <a class=\"ai1ec-load-view\" href=\"https&#x3A;&#x2F;&#x2F;www.todoslostonosyayres.com&#x2F;en&#x2F;&#x3F;page_id&#x3D;614&#x2F;action&#x7E;oneday&#x2F;exact_date&#x7E;11-3-2026&#x2F;\"> <div class=\"ai1ec-date\"> <div class=\"ai1ec-month\">Mar<\/div> <div class=\"ai1ec-day\">11<\/div> <div class=\"ai1ec-weekday\">Wed<\/div> <div class=\"ai1ec-year\">2026<\/div> <\/div> <\/a> <\/div> <div class=\"ai1ec-event-title-wrap ai1ec-clearfix\"> <div class=\"ai1ec-event-title\" title=\"Semana&#x20;de&#x20;M&#x00FA;sica&#x20;Sacra&#x20;de&#x20;Martos\"><div> <a class=\"ai1ec-load-event\" href=\"https&#x3A;&#x2F;&#x2F;www.todoslostonosyayres.com&#x2F;en&#x2F;event&#x2F;semana-musica-sacra-martos-2026&#x2F;&#x3F;instance_id&#x3D;181\" > Semana de M\u00fasica Sacra de Martos <\/a> <\/div><\/div> <div class=\"ai1ec-event-time\"> Mar 11 @ 8:30 pm \u2013 9:30 pm <\/div> <\/div> <div class=\"ai1ec-posterboard-image-container\"> <a class=\"ai1ec-load-event\" href=\"https&#x3A;&#x2F;&#x2F;www.todoslostonosyayres.com&#x2F;en&#x2F;event&#x2F;semana-musica-sacra-martos-2026&#x2F;&#x3F;instance_id&#x3D;181\"> <div class=\"ai1ec-posterboard-image\" style=\"background-image: url(https&#x3A;&#x2F;&#x2F;www.todoslostonosyayres.com&#x2F;wp-content&#x2F;uploads&#x2F;Programas&#x2F;Portada_Hija_de_la_seda-300x225.jpg);\"> <\/div> <\/a> <div class=\"ai1ec-posterboard-time\"> 8:30 pm <\/div> <div class=\"ai1ec-sas-actions ai1ec-btn-group ai1ec-clearfix\"> <a href=\"#\" target=\"_blank\" class=\"ai1ec-sas-action ai1ec-btn ai1ec-btn-primary ai1ec-btn-xs ai1ec-btn-sm ai1ec-sas-action-tickets\"> <i class=\"ai1ec-fa ai1ec-fa-ticket\"><\/i> <span class=\"ai1ec-hidden-xs\">Tickets<\/span> <\/a> <\/div> <div class=\"ai1ec-event-description\"> Concierto Hija de la seda en la 19\u00aa Semana de M\u00fasica Sacra de Martos. Mi\u00e9rcoles 11 de marzo de 2026 a las 20:30h en la Real Iglesia Parroquial de Santa Marta. &nbsp; &nbsp; <\/div> <\/div> <span class=\"ai1ec-event-location\"> <i class=\"ai1ec-fa ai1ec-fa-map-marker\"><\/i> Real Iglesia Parroquial de Santa Marta, Martos, Ja\u00e9n <\/span> <div class=\"ai1ec-no-footer-padding\"><\/div> <\/div> <\/div> <\/div> <div class=\"ai1ec-pull-left\"><\/div> <\/div> <\/div> <div class=\"ai1ec-subscribe-container ai1ec-pull-right ai1ec-btn-group\"> <div class=\"ai1ec-subscribe-dropdown ai1ec-dropdown ai1ec-dropup ai1ec-btn ai1ec-btn-default ai1ec-btn-sm\"> <span role=\"button\" class=\"ai1ec-dropdown-toggle ai1ec-subscribe\" data-toggle=\"ai1ec-dropdown\"> <i class=\"ai1ec-fa ai1ec-icon-rss ai1ec-fa-lg ai1ec-fa-fw\"><\/i> <span class=\"ai1ec-hidden-xs\"> Subscribe to filtered calendar <span class=\"ai1ec-caret\"><\/span> <\/span> <\/span> <ul class=\"ai1ec-dropdown-menu ai1ec-pull-right\" role=\"menu\"> <li> <a class=\"ai1ec-tooltip-trigger ai1ec-tooltip-auto\" target=\"_blank\" data-placement=\"left\" title=\"Copy this URL for your own Timely calendar or click to add to your rich-text calendar\" href=\"http&#x3A;&#x2F;&#x2F;www.todoslostonosyayres.com&#x2F;&#x3F;plugin&#x3D;all-in-one-event-calendar&amp;controller&#x3D;ai1ec_exporter_controller&amp;action&#x3D;export_events&amp;ai1ec_cat_ids&#x3D;33&amp;ai1ec_tag_ids&#x3D;83\"> <i class=\"ai1ec-fa ai1ec-fa-lg ai1ec-fa-fw ai1ec-icon-timely\"><\/i> Add to Timely Calendar <\/a> <\/li> <li> <a class=\"ai1ec-tooltip-trigger ai1ec-tooltip-auto\" target=\"_blank\" data-placement=\"left\" title=\"Subscribe to this calendar in your Google Calendar\" href=\"https:\/\/www.google.com\/calendar\/render?cid=http&#x25;3A&#x25;2F&#x25;2Fwww.todoslostonosyayres.com&#x25;2F&#x25;3Fplugin&#x25;3Dall-in-one-event-calendar&#x25;26controller&#x25;3Dai1ec_exporter_controller&#x25;26action&#x25;3Dexport_events&#x25;26no_html&#x25;3Dtrue&#x25;26ai1ec_cat_ids&#x25;3D33&#x25;26ai1ec_tag_ids&#x25;3D83&#x25;26&#x25;26\"> <i class=\"ai1ec-fa ai1ec-icon-google ai1ec-fa-lg ai1ec-fa-fw\"><\/i> Add to Google <\/a> <\/li> <li> <a class=\"ai1ec-tooltip-trigger ai1ec-tooltip-auto\" target=\"_blank\" data-placement=\"left\" title=\"Subscribe to this calendar in MS Outlook\" href=\"webcal&#x3A;&#x2F;&#x2F;www.todoslostonosyayres.com&#x2F;&#x3F;plugin&#x3D;all-in-one-event-calendar&amp;controller&#x3D;ai1ec_exporter_controller&amp;action&#x3D;export_events&amp;no_html&#x3D;true&amp;ai1ec_cat_ids&#x3D;33&amp;ai1ec_tag_ids&#x3D;83\"> <i class=\"ai1ec-fa ai1ec-icon-windows ai1ec-fa-lg ai1ec-fa-fw\"><\/i> Add to Outlook <\/a> <\/li> <li> <a class=\"ai1ec-tooltip-trigger ai1ec-tooltip-auto\" target=\"_blank\" data-placement=\"left\" title=\"Subscribe to this calendar in Apple Calendar\/iCal\" href=\"webcal&#x3A;&#x2F;&#x2F;www.todoslostonosyayres.com&#x2F;&#x3F;plugin&#x3D;all-in-one-event-calendar&amp;controller&#x3D;ai1ec_exporter_controller&amp;action&#x3D;export_events&amp;no_html&#x3D;true&amp;ai1ec_cat_ids&#x3D;33&amp;ai1ec_tag_ids&#x3D;83\"> <i class=\"ai1ec-fa ai1ec-icon-apple ai1ec-fa-lg ai1ec-fa-fw\"><\/i> Add to Apple Calendar <\/a> <\/li> <li> <a class=\"ai1ec-tooltip-trigger ai1ec-tooltip-auto\" data-placement=\"left\" title=\"Subscribe to this calendar in another plain-text calendar\" href=\"http&#x3A;&#x2F;&#x2F;www.todoslostonosyayres.com&#x2F;&#x3F;plugin&#x3D;all-in-one-event-calendar&amp;controller&#x3D;ai1ec_exporter_controller&amp;action&#x3D;export_events&amp;no_html&#x3D;true&amp;ai1ec_cat_ids&#x3D;33&amp;ai1ec_tag_ids&#x3D;83\"> <i class=\"ai1ec-fa ai1ec-icon-calendar ai1ec-fa-fw\"><\/i> Add to other calendar <\/a> <\/li> <li> <a class=\"ai1ec-tooltip-trigger ai1ec-tooltip-auto\" data-placement=\"left\" title=\"\" href=\"http&#x3A;&#x2F;&#x2F;www.todoslostonosyayres.com&#x2F;&#x3F;plugin&#x3D;all-in-one-event-calendar&amp;controller&#x3D;ai1ec_exporter_controller&amp;action&#x3D;export_events&amp;ai1ec_cat_ids&#x3D;33&amp;ai1ec_tag_ids&#x3D;83&xml=true\"> <i class=\"ai1ec-fa ai1ec-fa-file-text ai1ec-fa-lg ai1ec-fa-fw\"><\/i> Export to XML <\/a> <\/li> <\/ul> <\/div> <\/div> <\/div><!-- \/.timely --> <\/div> <!-- END All-in-One Event Calendar Plugin --> \n\n\t\t<\/div>\n\t<\/div>\n<\/div><\/div><div class=\"vc_tta-panel\" id=\"1762932653347-13c54b3b-ffb1\" data-vc-content=\".vc_tta-panel-body\"><div class=\"vc_tta-panel-heading\"><h3 class=\"vc_tta-panel-title\"><a href=\"#1762932653347-13c54b3b-ffb1\" data-vc-accordion data-vc-container=\".vc_tta-container\"><span class=\"vc_tta-title-text\">2025<\/span><\/a><\/h3><\/div><div class=\"vc_tta-panel-body\">\n\t<div class=\"wpb_text_column wpb_content_element\" >\n\t\t<div class=\"wpb_wrapper\">\n\t\t\t<!-- START All-in-One Event Calendar Plugin - Version 3.0.0 --> <div id=\"ai1ec-container\" class=\"ai1ec-main-container \"> <!-- AI1EC_PAGE_CONTENT_PLACEHOLDER --> <div id=\"ai1ec-calendar\" class=\"timely ai1ec-calendar\"> <div id=\"ai1ec-calendar-view-container\" class=\"ai1ec-calendar-view-container\"> <div id=\"ai1ec-calendar-view-loading\" class=\"ai1ec-loading ai1ec-calendar-view-loading\"><\/div> <div id=\"ai1ec-calendar-view\" class=\"ai1ec-calendar-view\"> <div class=\"ai1ec-posterboard-view ai1ec-clearfix ai1ec-posterboard-aligned ai1ec-posterboard-no-footer \" data-ai1ec-tile-min-width=\"240\" data-ai1ec-posterboard-equal-height=\"1\" data-ai1ec-posterboard-mode=\"0\"> <div class=\"ai1ec-event ai1ec-event-id-2893 ai1ec-event-instance-id-178 \" data-end=\"\"> <div class=\"ai1ec-event-wrap ai1ec-clearfix\"> <div class=\"ai1ec-date-block-wrap\" > <a class=\"ai1ec-load-view\" href=\"https&#x3A;&#x2F;&#x2F;www.todoslostonosyayres.com&#x2F;en&#x2F;&#x3F;page_id&#x3D;614&#x2F;action&#x7E;oneday&#x2F;exact_date&#x7E;28-10-2025&#x2F;\"> <div class=\"ai1ec-date\"> <div class=\"ai1ec-month\">Oct<\/div> <div class=\"ai1ec-day\">28<\/div> <div class=\"ai1ec-weekday\">Tue<\/div> <div class=\"ai1ec-year\">2025<\/div> <\/div> <div class=\"ai1ec-end-date-divider-small ai1ec-end-date-divider\" > <\/div> <div class=\"ai1ec-end-date-divider\" > <\/div> <div class=\"ai1ec-end-date ai1ec-date\"> <div class=\"ai1ec-date\"> <div class=\"ai1ec-month\">Oct<\/div> <div class=\"ai1ec-day\">30<\/div> <div class=\"ai1ec-weekday\">Thu<\/div> <div class=\"ai1ec-year\">2025<\/div> <\/div> <\/div> <\/a> <\/div> <div class=\"ai1ec-event-title-wrap ai1ec-clearfix\"> <div class=\"ai1ec-event-title\" title=\"X&#x20;Congreso&#x20;de&#x20;Comunicaci&#x00F3;n&#x20;Social&#x20;de&#x20;la&#x20;Ciencia\"><div> <a class=\"ai1ec-load-event\" href=\"https&#x3A;&#x2F;&#x2F;www.todoslostonosyayres.com&#x2F;en&#x2F;event&#x2F;ccsc2025&#x2F;&#x3F;instance_id&#x3D;178\" > X Congreso de Comunicaci\u00f3n Social de la Ciencia <\/a> <\/div><\/div> <div class=\"ai1ec-event-time\"> Oct 28 @ 9:00 am \u2013 Oct 30 @ 2:00 pm <\/div> <\/div> <div class=\"ai1ec-posterboard-image-container\"> <a class=\"ai1ec-load-event\" href=\"https&#x3A;&#x2F;&#x2F;www.todoslostonosyayres.com&#x2F;en&#x2F;event&#x2F;ccsc2025&#x2F;&#x3F;instance_id&#x3D;178\"> <div class=\"ai1ec-posterboard-image\" style=\"background-image: url(https&#x3A;&#x2F;&#x2F;www.todoslostonosyayres.com&#x2F;wp-content&#x2F;uploads&#x2F;Conferencias&#x2F;2025&#x2F;CCSC25-300x168.jpg);\"> <\/div> <\/a> <div class=\"ai1ec-posterboard-time\"> 9:00 am <\/div> <div class=\"ai1ec-sas-actions ai1ec-btn-group ai1ec-clearfix\"> <a href=\"#\" target=\"_blank\" class=\"ai1ec-sas-action ai1ec-btn ai1ec-btn-primary ai1ec-btn-xs ai1ec-btn-sm ai1ec-sas-action-tickets\"> <i class=\"ai1ec-fa ai1ec-fa-ticket\"><\/i> <span class=\"ai1ec-hidden-xs\">Tickets<\/span> <\/a> <\/div> <div class=\"ai1ec-event-description\"> X Congreso de Comunicaci\u00f3n Social de la Ciencia (CCSC2025) Congreso celebrado del 28 al 30 de octubre de 2025 en Palma de Mallorca. realiz\u00f3 una ponencia el martes d\u00eda 28 de octubre titulada Di\u00e1logos Cosmog\u00f3nicos[...] <\/div> <\/div> <span class=\"ai1ec-event-location\"> <i class=\"ai1ec-fa ai1ec-fa-map-marker\"><\/i> Auditorium Palma de Mallorca <\/span> <div class=\"ai1ec-no-footer-padding\"><\/div> <\/div> <\/div> <div class=\"ai1ec-event ai1ec-event-id-2883 ai1ec-event-instance-id-176 \" data-end=\"\"> <div class=\"ai1ec-event-wrap ai1ec-clearfix\"> <div class=\"ai1ec-date-block-wrap\" > <a class=\"ai1ec-load-view\" href=\"https&#x3A;&#x2F;&#x2F;www.todoslostonosyayres.com&#x2F;en&#x2F;&#x3F;page_id&#x3D;614&#x2F;action&#x7E;oneday&#x2F;exact_date&#x7E;30-6-2025&#x2F;\"> <div class=\"ai1ec-date\"> <div class=\"ai1ec-month\">Jun<\/div> <div class=\"ai1ec-day\">30<\/div> <div class=\"ai1ec-weekday\">Mon<\/div> <div class=\"ai1ec-year\">2025<\/div> <\/div> <div class=\"ai1ec-end-date-divider-small ai1ec-end-date-divider\" > <\/div> <div class=\"ai1ec-end-date-divider\" > <\/div> <div class=\"ai1ec-end-date ai1ec-date\"> <div class=\"ai1ec-date\"> <div class=\"ai1ec-month\">Jul<\/div> <div class=\"ai1ec-day\">4<\/div> <div class=\"ai1ec-weekday\">Fri<\/div> <div class=\"ai1ec-year\">2025<\/div> <\/div> <\/div> <\/a> <\/div> <div class=\"ai1ec-event-title-wrap ai1ec-clearfix\"> <div class=\"ai1ec-event-title\" title=\"Audio&#x20;Mostly&#x20;&amp;&#x23;038&#x3B;&#x20;ICAD&#x20;Joint&#x20;Conference\"><div> <a class=\"ai1ec-load-event\" href=\"https&#x3A;&#x2F;&#x2F;www.todoslostonosyayres.com&#x2F;en&#x2F;event&#x2F;am-icad-2025&#x2F;&#x3F;instance_id&#x3D;176\" > Audio Mostly &#038; ICAD Joint Conference <\/a> <\/div><\/div> <div class=\"ai1ec-event-time\"> Jun 30 @ 9:00 am \u2013 Jul 4 @ 3:00 pm <\/div> <\/div> <div class=\"ai1ec-posterboard-image-container\"> <a class=\"ai1ec-load-event\" href=\"https&#x3A;&#x2F;&#x2F;www.todoslostonosyayres.com&#x2F;en&#x2F;event&#x2F;am-icad-2025&#x2F;&#x3F;instance_id&#x3D;176\"> <div class=\"ai1ec-posterboard-image\" style=\"background-image: url(https&#x3A;&#x2F;&#x2F;www.todoslostonosyayres.com&#x2F;wp-content&#x2F;uploads&#x2F;Conferencias&#x2F;2025&#x2F;am-icad-2025-300x168.jpg);\"> <\/div> <\/a> <div class=\"ai1ec-posterboard-time\"> 9:00 am <\/div> <div class=\"ai1ec-sas-actions ai1ec-btn-group ai1ec-clearfix\"> <a href=\"#\" target=\"_blank\" class=\"ai1ec-sas-action ai1ec-btn ai1ec-btn-primary ai1ec-btn-xs ai1ec-btn-sm ai1ec-sas-action-tickets\"> <i class=\"ai1ec-fa ai1ec-fa-ticket\"><\/i> <span class=\"ai1ec-hidden-xs\">Tickets<\/span> <\/a> <\/div> <div class=\"ai1ec-event-description\"> La 30\u00aa International Conference on Auditory Display (ICAD) se celebrar\u00e1 conjuntamente con la 20\u00aa edici\u00f3n de Audio Mostly 2025 en Co\u00edmbra, Portugal, del 30 de junio al 4 de julio. Con el esp\u00edritu multidisciplinar que[...] <\/div> <\/div> <span class=\"ai1ec-event-location\"> <i class=\"ai1ec-fa ai1ec-fa-map-marker\"><\/i> Col\u00e9gio da Trindade <\/span> <div class=\"ai1ec-no-footer-padding\"><\/div> <\/div> <\/div> <div class=\"ai1ec-event ai1ec-event-id-2858 ai1ec-event-instance-id-174 \" data-end=\"\"> <div class=\"ai1ec-event-wrap ai1ec-clearfix\"> <div class=\"ai1ec-date-block-wrap\" > <a class=\"ai1ec-load-view\" href=\"https&#x3A;&#x2F;&#x2F;www.todoslostonosyayres.com&#x2F;en&#x2F;&#x3F;page_id&#x3D;614&#x2F;action&#x7E;oneday&#x2F;exact_date&#x7E;4-6-2025&#x2F;\"> <div class=\"ai1ec-date\"> <div class=\"ai1ec-month\">Jun<\/div> <div class=\"ai1ec-day\">4<\/div> <div class=\"ai1ec-weekday\">Wed<\/div> <div class=\"ai1ec-year\">2025<\/div> <\/div> <div class=\"ai1ec-end-date-divider-small ai1ec-end-date-divider\" > <\/div> <div class=\"ai1ec-end-date-divider\" > <\/div> <div class=\"ai1ec-end-date ai1ec-date\"> <div class=\"ai1ec-date\"> <div class=\"ai1ec-month\">Jun<\/div> <div class=\"ai1ec-day\">6<\/div> <div class=\"ai1ec-weekday\">Fri<\/div> <div class=\"ai1ec-year\">2025<\/div> <\/div> <\/div> <\/a> <\/div> <div class=\"ai1ec-event-title-wrap ai1ec-clearfix\"> <div class=\"ai1ec-event-title\" title=\"IV&#x20;Congreso&#x20;Internacional&#x20;de&#x20;la&#x20;Asociaci&#x00F3;n&#x20;Espa&#x00F1;ola&#x20;de&#x20;Estudios&#x20;de&#x20;Asia&#x20;Oriental\"><div> <a class=\"ai1ec-load-event\" href=\"https&#x3A;&#x2F;&#x2F;www.todoslostonosyayres.com&#x2F;en&#x2F;event&#x2F;iv-congreso-internacional-aeaao-2025&#x2F;&#x3F;instance_id&#x3D;174\" > IV Congreso Internacional de la Asociaci\u00f3n Espa\u00f1ola de Estudios de Asia Oriental <\/a> <\/div><\/div> <div class=\"ai1ec-event-time\"> Jun 4 @ 9:00 am \u2013 Jun 6 @ 10:00 pm <\/div> <\/div> <div class=\"ai1ec-posterboard-image-container\"> <a class=\"ai1ec-load-event\" href=\"https&#x3A;&#x2F;&#x2F;www.todoslostonosyayres.com&#x2F;en&#x2F;event&#x2F;iv-congreso-internacional-aeaao-2025&#x2F;&#x3F;instance_id&#x3D;174\"> <div class=\"ai1ec-posterboard-image\" style=\"background-image: url(https&#x3A;&#x2F;&#x2F;www.todoslostonosyayres.com&#x2F;wp-content&#x2F;uploads&#x2F;Conferencias&#x2F;2025&#x2F;iv-congreso-aeaao-2025-300x227.jpg);\"> <\/div> <\/a> <div class=\"ai1ec-posterboard-time\"> 9:00 am <\/div> <div class=\"ai1ec-sas-actions ai1ec-btn-group ai1ec-clearfix\"> <a href=\"#\" target=\"_blank\" class=\"ai1ec-sas-action ai1ec-btn ai1ec-btn-primary ai1ec-btn-xs ai1ec-btn-sm ai1ec-sas-action-tickets\"> <i class=\"ai1ec-fa ai1ec-fa-ticket\"><\/i> <span class=\"ai1ec-hidden-xs\">Tickets<\/span> <\/a> <\/div> <div class=\"ai1ec-event-description\"> IV Congreso Internacional de la Asociaci\u00f3n Espa\u00f1ola de Estudios de Asia Oriental 2025 Congreso internacional celebrado del 4 al 6 de junio de 2025 en Granada. realiza una ponencia el d\u00eda 5 de junio titulada\u00a0Notas[...] <\/div> <\/div> <span class=\"ai1ec-event-location\"> <i class=\"ai1ec-fa ai1ec-fa-map-marker\"><\/i> Facultad de Filosof\u00eda y Letras de la Universidad de Granada <\/span> <div class=\"ai1ec-no-footer-padding\"><\/div> <\/div> <\/div> <div class=\"ai1ec-event ai1ec-event-id-2852 ai1ec-event-instance-id-172 \" data-end=\"\"> <div class=\"ai1ec-event-wrap ai1ec-clearfix\"> <div class=\"ai1ec-date-block-wrap\" > <a class=\"ai1ec-load-view\" href=\"https&#x3A;&#x2F;&#x2F;www.todoslostonosyayres.com&#x2F;en&#x2F;&#x3F;page_id&#x3D;614&#x2F;action&#x7E;oneday&#x2F;exact_date&#x7E;27-5-2025&#x2F;\"> <div class=\"ai1ec-date\"> <div class=\"ai1ec-month\">May<\/div> <div class=\"ai1ec-day\">27<\/div> <div class=\"ai1ec-weekday\">Tue<\/div> <div class=\"ai1ec-year\">2025<\/div> <\/div> <\/a> <\/div> <div class=\"ai1ec-event-title-wrap ai1ec-clearfix\"> <div class=\"ai1ec-event-title\" title=\"Murcia&#x20;Tres&#x20;Culturas\"><div> <a class=\"ai1ec-load-event\" href=\"https&#x3A;&#x2F;&#x2F;www.todoslostonosyayres.com&#x2F;en&#x2F;event&#x2F;hija-de-la-seda-festival-murcia-tres-culturas&#x2F;&#x3F;instance_id&#x3D;172\" > Murcia Tres Culturas <\/a> <\/div><\/div> <div class=\"ai1ec-event-time\"> May 27 @ 8:30 pm \u2013 10:00 pm <\/div> <\/div> <div class=\"ai1ec-posterboard-image-container\"> <a class=\"ai1ec-load-event\" href=\"https&#x3A;&#x2F;&#x2F;www.todoslostonosyayres.com&#x2F;en&#x2F;event&#x2F;hija-de-la-seda-festival-murcia-tres-culturas&#x2F;&#x3F;instance_id&#x3D;172\"> <div class=\"ai1ec-posterboard-image\" style=\"background-image: url(https&#x3A;&#x2F;&#x2F;www.todoslostonosyayres.com&#x2F;wp-content&#x2F;uploads&#x2F;Programas&#x2F;Portada_Hija_de_la_seda-300x225.jpg);\"> <\/div> <\/a> <div class=\"ai1ec-posterboard-time\"> 8:30 pm <\/div> <div class=\"ai1ec-sas-actions ai1ec-btn-group ai1ec-clearfix\"> <a href=\"#\" target=\"_blank\" class=\"ai1ec-sas-action ai1ec-btn ai1ec-btn-primary ai1ec-btn-xs ai1ec-btn-sm ai1ec-sas-action-tickets\"> <i class=\"ai1ec-fa ai1ec-fa-ticket\"><\/i> <span class=\"ai1ec-hidden-xs\">Tickets<\/span> <\/a> <\/div> <div class=\"ai1ec-event-description\"> Concierto Caterina Ilioni, Hija de la seda en la XXV edici\u00f3n del Festival Internacional Murcia Tres Culturas. Viernes 27 de mayo de 2025 a las 20:30h en la Iglesia de la Merced y Convento de[...] <\/div> <\/div> <span class=\"ai1ec-event-location\"> <i class=\"ai1ec-fa ai1ec-fa-map-marker\"><\/i> Iglesia de La Merced (Franciscanos) <\/span> <div class=\"ai1ec-no-footer-padding\"><\/div> <\/div> <\/div> <div class=\"ai1ec-event ai1ec-event-id-2739 ai1ec-event-instance-id-168 \" data-end=\"\"> <div class=\"ai1ec-event-wrap ai1ec-clearfix\"> <div class=\"ai1ec-date-block-wrap\" > <a class=\"ai1ec-load-view\" href=\"https&#x3A;&#x2F;&#x2F;www.todoslostonosyayres.com&#x2F;en&#x2F;&#x3F;page_id&#x3D;614&#x2F;action&#x7E;oneday&#x2F;exact_date&#x7E;21-3-2025&#x2F;\"> <div class=\"ai1ec-date\"> <div class=\"ai1ec-month\">Mar<\/div> <div class=\"ai1ec-day\">21<\/div> <div class=\"ai1ec-weekday\">Fri<\/div> <div class=\"ai1ec-year\">2025<\/div> <\/div> <\/a> <\/div> <div class=\"ai1ec-event-title-wrap ai1ec-clearfix\"> <div class=\"ai1ec-event-title\" title=\"Festival&#x20;de&#x20;M&#x00FA;sica&#x20;Antigua&#x20;y&#x20;Sacra&#x20;de&#x20;Getafe\"><div> <a class=\"ai1ec-load-event\" href=\"https&#x3A;&#x2F;&#x2F;www.todoslostonosyayres.com&#x2F;en&#x2F;event&#x2F;hija-de-la-seda-festival-musica-antigua-y-sacra-getafe&#x2F;&#x3F;instance_id&#x3D;168\" > Festival de M\u00fasica Antigua y Sacra de Getafe <\/a> <\/div><\/div> <div class=\"ai1ec-event-time\"> Mar 21 @ 8:00 pm \u2013 9:30 pm <\/div> <\/div> <div class=\"ai1ec-posterboard-image-container\"> <a class=\"ai1ec-load-event\" href=\"https&#x3A;&#x2F;&#x2F;www.todoslostonosyayres.com&#x2F;en&#x2F;event&#x2F;hija-de-la-seda-festival-musica-antigua-y-sacra-getafe&#x2F;&#x3F;instance_id&#x3D;168\"> <div class=\"ai1ec-posterboard-image\" style=\"background-image: url(https&#x3A;&#x2F;&#x2F;www.todoslostonosyayres.com&#x2F;wp-content&#x2F;uploads&#x2F;Programas&#x2F;Portada_Hija_de_la_seda-300x225.jpg);\"> <\/div> <\/a> <div class=\"ai1ec-posterboard-time\"> 8:00 pm <\/div> <div class=\"ai1ec-sas-actions ai1ec-btn-group ai1ec-clearfix\"> <a href=\"#\" target=\"_blank\" class=\"ai1ec-sas-action ai1ec-btn ai1ec-btn-primary ai1ec-btn-xs ai1ec-btn-sm ai1ec-sas-action-tickets\"> <i class=\"ai1ec-fa ai1ec-fa-ticket\"><\/i> <span class=\"ai1ec-hidden-xs\">Tickets<\/span> <\/a> <\/div> <div class=\"ai1ec-event-description\"> Concierto Caterina Ilioni, Hija de la seda en la XXXIV edici\u00f3n del Festival de M\u00fasica Antigua y Sacra de Getafe. Viernes 21 de marzo de 2025 a las 20:00h en la Catedral Santa Mar\u00eda Magdalena[...] <\/div> <\/div> <span class=\"ai1ec-event-location\"> <i class=\"ai1ec-fa ai1ec-fa-map-marker\"><\/i> Catedral Santa Mar\u00eda Magdalena de Getafe <\/span> <div class=\"ai1ec-no-footer-padding\"><\/div> <\/div> <\/div> <div class=\"ai1ec-event ai1ec-event-id-2770 ai1ec-event-instance-id-170 \" data-end=\"\"> <div class=\"ai1ec-event-wrap ai1ec-clearfix\"> <div class=\"ai1ec-date-block-wrap\" > <a class=\"ai1ec-load-view\" href=\"https&#x3A;&#x2F;&#x2F;www.todoslostonosyayres.com&#x2F;en&#x2F;&#x3F;page_id&#x3D;614&#x2F;action&#x7E;oneday&#x2F;exact_date&#x7E;15-2-2025&#x2F;\"> <div class=\"ai1ec-date\"> <div class=\"ai1ec-month\">Feb<\/div> <div class=\"ai1ec-day\">15<\/div> <div class=\"ai1ec-weekday\">Sat<\/div> <div class=\"ai1ec-year\">2025<\/div> <\/div> <\/a> <\/div> <div class=\"ai1ec-event-title-wrap ai1ec-clearfix\"> <div class=\"ai1ec-event-title\" title=\"Ciclo&#x20;de&#x20;M&#x00FA;sica&#x20;Antigua&#x20;Ciudad&#x20;de&#x20;las&#x20;Tres&#x20;Culturas&#x20;&#x28;C&#x00F3;rdoba&#x29;\"><div> <a class=\"ai1ec-load-event\" href=\"https&#x3A;&#x2F;&#x2F;www.todoslostonosyayres.com&#x2F;en&#x2F;event&#x2F;hija-de-la-seda-tres-culturas-cordoba-2025&#x2F;&#x3F;instance_id&#x3D;170\" > Ciclo de M\u00fasica Antigua Ciudad de las Tres Culturas (C\u00f3rdoba) <\/a> <\/div><\/div> <div class=\"ai1ec-event-time\"> Feb 15 @ 8:00 pm \u2013 9:30 pm <\/div> <\/div> <div class=\"ai1ec-posterboard-image-container\"> <a class=\"ai1ec-load-event\" href=\"https&#x3A;&#x2F;&#x2F;www.todoslostonosyayres.com&#x2F;en&#x2F;event&#x2F;hija-de-la-seda-tres-culturas-cordoba-2025&#x2F;&#x3F;instance_id&#x3D;170\"> <div class=\"ai1ec-posterboard-image\" style=\"background-image: url(https&#x3A;&#x2F;&#x2F;www.todoslostonosyayres.com&#x2F;wp-content&#x2F;uploads&#x2F;Programas&#x2F;Portada_Hija_de_la_seda-300x225.jpg);\"> <\/div> <\/a> <div class=\"ai1ec-posterboard-time\"> 8:00 pm <\/div> <div class=\"ai1ec-sas-actions ai1ec-btn-group ai1ec-clearfix\"> <a href=\"#\" target=\"_blank\" class=\"ai1ec-sas-action ai1ec-btn ai1ec-btn-primary ai1ec-btn-xs ai1ec-btn-sm ai1ec-sas-action-tickets\"> <i class=\"ai1ec-fa ai1ec-fa-ticket\"><\/i> <span class=\"ai1ec-hidden-xs\">Tickets<\/span> <\/a> <\/div> <div class=\"ai1ec-event-description\"> Concierto Caterina Ilioni, Hija de la seda en la XXVII edici\u00f3n del Ciclo de M\u00fasica Antigua Ciudad de las Tres Culturas de C\u00f3rdoba 2025. S\u00e1bado 15 de febrero de 2025 a las 20:00h en la[...] <\/div> <\/div> <span class=\"ai1ec-event-location\"> <i class=\"ai1ec-fa ai1ec-fa-map-marker\"><\/i> Sala Orive de C\u00f3rdoba <\/span> <div class=\"ai1ec-no-footer-padding\"><\/div> <\/div> <\/div> <\/div> <div class=\"ai1ec-pull-left\"><\/div> <\/div> <\/div> <div class=\"ai1ec-subscribe-container ai1ec-pull-right ai1ec-btn-group\"> <div class=\"ai1ec-subscribe-dropdown ai1ec-dropdown ai1ec-dropup ai1ec-btn ai1ec-btn-default ai1ec-btn-sm\"> <span role=\"button\" class=\"ai1ec-dropdown-toggle ai1ec-subscribe\" data-toggle=\"ai1ec-dropdown\"> <i class=\"ai1ec-fa ai1ec-icon-rss ai1ec-fa-lg ai1ec-fa-fw\"><\/i> <span class=\"ai1ec-hidden-xs\"> Subscribe to filtered calendar <span class=\"ai1ec-caret\"><\/span> <\/span> <\/span> <ul class=\"ai1ec-dropdown-menu ai1ec-pull-right\" role=\"menu\"> <li> <a class=\"ai1ec-tooltip-trigger ai1ec-tooltip-auto\" target=\"_blank\" data-placement=\"left\" title=\"Copy this URL for your own Timely calendar or click to add to your rich-text calendar\" href=\"http&#x3A;&#x2F;&#x2F;www.todoslostonosyayres.com&#x2F;&#x3F;plugin&#x3D;all-in-one-event-calendar&amp;controller&#x3D;ai1ec_exporter_controller&amp;action&#x3D;export_events&amp;ai1ec_cat_ids&#x3D;33&amp;ai1ec_tag_ids&#x3D;82\"> <i class=\"ai1ec-fa ai1ec-fa-lg ai1ec-fa-fw ai1ec-icon-timely\"><\/i> Add to Timely Calendar <\/a> <\/li> <li> <a class=\"ai1ec-tooltip-trigger ai1ec-tooltip-auto\" target=\"_blank\" data-placement=\"left\" title=\"Subscribe to this calendar in your Google Calendar\" href=\"https:\/\/www.google.com\/calendar\/render?cid=http&#x25;3A&#x25;2F&#x25;2Fwww.todoslostonosyayres.com&#x25;2F&#x25;3Fplugin&#x25;3Dall-in-one-event-calendar&#x25;26controller&#x25;3Dai1ec_exporter_controller&#x25;26action&#x25;3Dexport_events&#x25;26no_html&#x25;3Dtrue&#x25;26ai1ec_cat_ids&#x25;3D33&#x25;26ai1ec_tag_ids&#x25;3D82&#x25;26&#x25;26\"> <i class=\"ai1ec-fa ai1ec-icon-google ai1ec-fa-lg ai1ec-fa-fw\"><\/i> Add to Google <\/a> <\/li> <li> <a class=\"ai1ec-tooltip-trigger ai1ec-tooltip-auto\" target=\"_blank\" data-placement=\"left\" title=\"Subscribe to this calendar in MS Outlook\" href=\"webcal&#x3A;&#x2F;&#x2F;www.todoslostonosyayres.com&#x2F;&#x3F;plugin&#x3D;all-in-one-event-calendar&amp;controller&#x3D;ai1ec_exporter_controller&amp;action&#x3D;export_events&amp;no_html&#x3D;true&amp;ai1ec_cat_ids&#x3D;33&amp;ai1ec_tag_ids&#x3D;82\"> <i class=\"ai1ec-fa ai1ec-icon-windows ai1ec-fa-lg ai1ec-fa-fw\"><\/i> Add to Outlook <\/a> <\/li> <li> <a class=\"ai1ec-tooltip-trigger ai1ec-tooltip-auto\" target=\"_blank\" data-placement=\"left\" title=\"Subscribe to this calendar in Apple Calendar\/iCal\" href=\"webcal&#x3A;&#x2F;&#x2F;www.todoslostonosyayres.com&#x2F;&#x3F;plugin&#x3D;all-in-one-event-calendar&amp;controller&#x3D;ai1ec_exporter_controller&amp;action&#x3D;export_events&amp;no_html&#x3D;true&amp;ai1ec_cat_ids&#x3D;33&amp;ai1ec_tag_ids&#x3D;82\"> <i class=\"ai1ec-fa ai1ec-icon-apple ai1ec-fa-lg ai1ec-fa-fw\"><\/i> Add to Apple Calendar <\/a> <\/li> <li> <a class=\"ai1ec-tooltip-trigger ai1ec-tooltip-auto\" data-placement=\"left\" title=\"Subscribe to this calendar in another plain-text calendar\" href=\"http&#x3A;&#x2F;&#x2F;www.todoslostonosyayres.com&#x2F;&#x3F;plugin&#x3D;all-in-one-event-calendar&amp;controller&#x3D;ai1ec_exporter_controller&amp;action&#x3D;export_events&amp;no_html&#x3D;true&amp;ai1ec_cat_ids&#x3D;33&amp;ai1ec_tag_ids&#x3D;82\"> <i class=\"ai1ec-fa ai1ec-icon-calendar ai1ec-fa-fw\"><\/i> Add to other calendar <\/a> <\/li> <li> <a class=\"ai1ec-tooltip-trigger ai1ec-tooltip-auto\" data-placement=\"left\" title=\"\" href=\"http&#x3A;&#x2F;&#x2F;www.todoslostonosyayres.com&#x2F;&#x3F;plugin&#x3D;all-in-one-event-calendar&amp;controller&#x3D;ai1ec_exporter_controller&amp;action&#x3D;export_events&amp;ai1ec_cat_ids&#x3D;33&amp;ai1ec_tag_ids&#x3D;82&xml=true\"> <i class=\"ai1ec-fa ai1ec-fa-file-text ai1ec-fa-lg ai1ec-fa-fw\"><\/i> Export to XML <\/a> <\/li> <\/ul> <\/div> <\/div> <\/div><!-- \/.timely --> <\/div> <!-- END All-in-One Event Calendar Plugin --> \n\n\t\t<\/div>\n\t<\/div>\n<\/div><\/div><div class=\"vc_tta-panel\" id=\"1645987618249-fe15e051-c608\" data-vc-content=\".vc_tta-panel-body\"><div class=\"vc_tta-panel-heading\"><h3 class=\"vc_tta-panel-title\"><a href=\"#1645987618249-fe15e051-c608\" data-vc-accordion data-vc-container=\".vc_tta-container\"><span class=\"vc_tta-title-text\">2024<\/span><\/a><\/h3><\/div><div class=\"vc_tta-panel-body\">\n\t<div class=\"wpb_text_column wpb_content_element\" >\n\t\t<div class=\"wpb_wrapper\">\n\t\t\t<!-- START All-in-One Event Calendar Plugin - Version 3.0.0 --> <div id=\"ai1ec-container\" class=\"ai1ec-main-container \"> <!-- AI1EC_PAGE_CONTENT_PLACEHOLDER --> <div id=\"ai1ec-calendar\" class=\"timely ai1ec-calendar\"> <div id=\"ai1ec-calendar-view-container\" class=\"ai1ec-calendar-view-container\"> <div id=\"ai1ec-calendar-view-loading\" class=\"ai1ec-loading ai1ec-calendar-view-loading\"><\/div> <div id=\"ai1ec-calendar-view\" class=\"ai1ec-calendar-view\"> <div class=\"ai1ec-posterboard-view ai1ec-clearfix ai1ec-posterboard-aligned ai1ec-posterboard-no-footer \" data-ai1ec-tile-min-width=\"240\" data-ai1ec-posterboard-equal-height=\"1\" data-ai1ec-posterboard-mode=\"0\"> <div class=\"ai1ec-event ai1ec-event-id-2721 ai1ec-event-instance-id-165 \" data-end=\"\"> <div class=\"ai1ec-event-wrap ai1ec-clearfix\"> <div class=\"ai1ec-date-block-wrap\" > <a class=\"ai1ec-load-view\" href=\"https&#x3A;&#x2F;&#x2F;www.todoslostonosyayres.com&#x2F;en&#x2F;&#x3F;page_id&#x3D;614&#x2F;action&#x7E;oneday&#x2F;exact_date&#x7E;7-12-2024&#x2F;\"> <div class=\"ai1ec-date\"> <div class=\"ai1ec-month\">Dec<\/div> <div class=\"ai1ec-day\">7<\/div> <div class=\"ai1ec-weekday\">Sat<\/div> <div class=\"ai1ec-year\">2024<\/div> <\/div> <\/a> <\/div> <div class=\"ai1ec-event-title-wrap ai1ec-clearfix\"> <div class=\"ai1ec-event-title\" title=\"Paisajes&#x20;sonoros&#x20;de&#x20;la&#x20;Ruta&#x20;de&#x20;la&#x20;Seda&#x20;&#x28;FeMAUB&#x29;\"><div> <a class=\"ai1ec-load-event\" href=\"https&#x3A;&#x2F;&#x2F;www.todoslostonosyayres.com&#x2F;en&#x2F;event&#x2F;paisajes-sonoros-ruta-de-la-seda&#x2F;&#x3F;instance_id&#x3D;165\" > Paisajes sonoros de la Ruta de la Seda (FeMAUB) <\/a> <\/div><\/div> <div class=\"ai1ec-event-time\"> Dec 7 @ 5:30 pm \u2013 6:30 pm <\/div> <\/div> <div class=\"ai1ec-posterboard-image-container\"> <a class=\"ai1ec-load-event\" href=\"https&#x3A;&#x2F;&#x2F;www.todoslostonosyayres.com&#x2F;en&#x2F;event&#x2F;paisajes-sonoros-ruta-de-la-seda&#x2F;&#x3F;instance_id&#x3D;165\"> <div class=\"ai1ec-posterboard-image\" style=\"background-image: url(https&#x3A;&#x2F;&#x2F;www.todoslostonosyayres.com&#x2F;wp-content&#x2F;uploads&#x2F;Conferencias&#x2F;2024&#x2F;Paisajes-sonoros-de-la-Ruta-de-la-Seda-Ruben-Garcia-Benito-FeMAUB-2024-300x225.jpg);\"> <\/div> <\/a> <div class=\"ai1ec-posterboard-time\"> 5:30 pm <\/div> <div class=\"ai1ec-sas-actions ai1ec-btn-group ai1ec-clearfix\"> <a href=\"#\" target=\"_blank\" class=\"ai1ec-sas-action ai1ec-btn ai1ec-btn-primary ai1ec-btn-xs ai1ec-btn-sm ai1ec-sas-action-tickets\"> <i class=\"ai1ec-fa ai1ec-fa-ticket\"><\/i> <span class=\"ai1ec-hidden-xs\">Tickets<\/span> <\/a> <\/div> <div class=\"ai1ec-event-description\"> Conferencia Paisajes sonoros de la Ruta de la Seda\u00a0 en el 28\u00ba Festival de M\u00fasica Antigua de \u00dabeda y Baeza el s\u00e1bado 7 de diciembre de 2024 a las 17:30h en la sala Julio Corzo,[...] <\/div> <\/div> <span class=\"ai1ec-event-location\"> <i class=\"ai1ec-fa ai1ec-fa-map-marker\"><\/i> Sala Julio Corzo, Hospital de Santiago <\/span> <div class=\"ai1ec-no-footer-padding\"><\/div> <\/div> <\/div> <div class=\"ai1ec-event ai1ec-event-id-2717 ai1ec-event-instance-id-166 \" data-end=\"\"> <div class=\"ai1ec-event-wrap ai1ec-clearfix\"> <div class=\"ai1ec-date-block-wrap\" > <a class=\"ai1ec-load-view\" href=\"https&#x3A;&#x2F;&#x2F;www.todoslostonosyayres.com&#x2F;en&#x2F;&#x3F;page_id&#x3D;614&#x2F;action&#x7E;oneday&#x2F;exact_date&#x7E;28-11-2024&#x2F;\"> <div class=\"ai1ec-date\"> <div class=\"ai1ec-month\">Nov<\/div> <div class=\"ai1ec-day\">28<\/div> <div class=\"ai1ec-weekday\">Thu<\/div> <div class=\"ai1ec-year\">2024<\/div> <\/div> <\/a> <\/div> <div class=\"ai1ec-event-title-wrap ai1ec-clearfix\"> <div class=\"ai1ec-event-title\" title=\"Hija&#x20;de&#x20;la&#x20;Seda&#x20;&#x28;Ba&#x00F1;os&#x20;&#x00C1;rabes&#x29;\"><div> <a class=\"ai1ec-load-event\" href=\"https&#x3A;&#x2F;&#x2F;www.todoslostonosyayres.com&#x2F;en&#x2F;event&#x2F;hija-de-la-seda-jaen-2024&#x2F;&#x3F;instance_id&#x3D;166\" > Hija de la Seda (Ba\u00f1os \u00c1rabes) <\/a> <\/div><\/div> <div class=\"ai1ec-event-time\"> Nov 28 @ 8:00 pm \u2013 9:30 pm <\/div> <\/div> <div class=\"ai1ec-posterboard-image-container\"> <a class=\"ai1ec-load-event\" href=\"https&#x3A;&#x2F;&#x2F;www.todoslostonosyayres.com&#x2F;en&#x2F;event&#x2F;hija-de-la-seda-jaen-2024&#x2F;&#x3F;instance_id&#x3D;166\"> <div class=\"ai1ec-posterboard-image\" style=\"background-image: url(https&#x3A;&#x2F;&#x2F;www.todoslostonosyayres.com&#x2F;wp-content&#x2F;uploads&#x2F;Programas&#x2F;Portada_Hija_de_la_seda-300x225.jpg);\"> <\/div> <\/a> <div class=\"ai1ec-posterboard-time\"> 8:00 pm <\/div> <div class=\"ai1ec-sas-actions ai1ec-btn-group ai1ec-clearfix\"> <a href=\"#\" target=\"_blank\" class=\"ai1ec-sas-action ai1ec-btn ai1ec-btn-primary ai1ec-btn-xs ai1ec-btn-sm ai1ec-sas-action-tickets\"> <i class=\"ai1ec-fa ai1ec-fa-ticket\"><\/i> <span class=\"ai1ec-hidden-xs\">Tickets<\/span> <\/a> <\/div> <div class=\"ai1ec-event-description\"> Concierto Hija de la Seda en los Ba\u00f1os \u00c1rabes de J\u00e1en, el jueves 28 de noviembre de 2024 a las 20.00h. Este evento forma parte de la conmemoraci\u00f3n de los 40 a\u00f1os desde que los[...] <\/div> <\/div> <span class=\"ai1ec-event-location\"> <i class=\"ai1ec-fa ai1ec-fa-map-marker\"><\/i> Ba\u00f1os \u00c1rabes de Ja\u00e9n <\/span> <div class=\"ai1ec-no-footer-padding\"><\/div> <\/div> <\/div> <div class=\"ai1ec-event ai1ec-event-id-2709 ai1ec-event-instance-id-159 \" data-end=\"\"> <div class=\"ai1ec-event-wrap ai1ec-clearfix\"> <div class=\"ai1ec-date-block-wrap\" > <a class=\"ai1ec-load-view\" href=\"https&#x3A;&#x2F;&#x2F;www.todoslostonosyayres.com&#x2F;en&#x2F;&#x3F;page_id&#x3D;614&#x2F;action&#x7E;oneday&#x2F;exact_date&#x7E;17-11-2024&#x2F;\"> <div class=\"ai1ec-date\"> <div class=\"ai1ec-month\">Nov<\/div> <div class=\"ai1ec-day\">17<\/div> <div class=\"ai1ec-weekday\">Sun<\/div> <div class=\"ai1ec-year\">2024<\/div> <\/div> <\/a> <\/div> <div class=\"ai1ec-event-title-wrap ai1ec-clearfix\"> <div class=\"ai1ec-event-title\" title=\"Hija&#x20;de&#x20;la&#x20;Seda&#x20;&#x28;FeMAAV&#x29;\"><div> <a class=\"ai1ec-load-event\" href=\"https&#x3A;&#x2F;&#x2F;www.todoslostonosyayres.com&#x2F;en&#x2F;event&#x2F;hija-de-la-seda-femaav-2024&#x2F;&#x3F;instance_id&#x3D;159\" > Hija de la Seda (FeMAAV) <\/a> <\/div><\/div> <div class=\"ai1ec-event-time\"> Nov 17 @ 8:30 pm \u2013 10:00 pm <\/div> <\/div> <div class=\"ai1ec-posterboard-image-container\"> <a class=\"ai1ec-load-event\" href=\"https&#x3A;&#x2F;&#x2F;www.todoslostonosyayres.com&#x2F;en&#x2F;event&#x2F;hija-de-la-seda-femaav-2024&#x2F;&#x3F;instance_id&#x3D;159\"> <div class=\"ai1ec-posterboard-image\" style=\"background-image: url(https&#x3A;&#x2F;&#x2F;www.todoslostonosyayres.com&#x2F;wp-content&#x2F;uploads&#x2F;Programas&#x2F;Portada_Hija_de_la_seda-300x225.jpg);\"> <\/div> <\/a> <div class=\"ai1ec-posterboard-time\"> 8:30 pm <\/div> <div class=\"ai1ec-sas-actions ai1ec-btn-group ai1ec-clearfix\"> <a href=\"#\" target=\"_blank\" class=\"ai1ec-sas-action ai1ec-btn ai1ec-btn-primary ai1ec-btn-xs ai1ec-btn-sm ai1ec-sas-action-tickets\"> <i class=\"ai1ec-fa ai1ec-fa-ticket\"><\/i> <span class=\"ai1ec-hidden-xs\">Tickets<\/span> <\/a> <\/div> <div class=\"ai1ec-event-description\"> Concierto Hija de la Seda en el Centro Cultural Alfonso Fern\u00e1ndez Torres de Torreperogil, el domingo 17 de noviembre de 2024 a las 20.30h dentro de la programaci\u00f3n del Festival de M\u00fasica Antigua \u201cAndr\u00e9s de[...] <\/div> <\/div> <span class=\"ai1ec-event-location\"> <i class=\"ai1ec-fa ai1ec-fa-map-marker\"><\/i> Centro Cultural Alfonso Fern\u00e1ndez Torres, Torreperogil <\/span> <div class=\"ai1ec-no-footer-padding\"><\/div> <\/div> <\/div> <div class=\"ai1ec-event ai1ec-event-id-2713 ai1ec-event-instance-id-161 \" data-end=\"\"> <div class=\"ai1ec-event-wrap ai1ec-clearfix\"> <div class=\"ai1ec-date-block-wrap\" > <a class=\"ai1ec-load-view\" href=\"https&#x3A;&#x2F;&#x2F;www.todoslostonosyayres.com&#x2F;en&#x2F;&#x3F;page_id&#x3D;614&#x2F;action&#x7E;oneday&#x2F;exact_date&#x7E;19-10-2024&#x2F;\"> <div class=\"ai1ec-date\"> <div class=\"ai1ec-month\">Oct<\/div> <div class=\"ai1ec-day\">19<\/div> <div class=\"ai1ec-weekday\">Sat<\/div> <div class=\"ai1ec-year\">2024<\/div> <\/div> <\/a> <\/div> <div class=\"ai1ec-event-title-wrap ai1ec-clearfix\"> <div class=\"ai1ec-event-title\" title=\"Conferencia&#x20;en&#x20;el&#x20;MUSAG&#x20;2024\"><div> <a class=\"ai1ec-load-event\" href=\"https&#x3A;&#x2F;&#x2F;www.todoslostonosyayres.com&#x2F;en&#x2F;event&#x2F;musag-2024&#x2F;&#x3F;instance_id&#x3D;161\" > Conferencia en el MUSAG 2024 <\/a> <\/div><\/div> <div class=\"ai1ec-event-time\"> Oct 19 @ 12:00 pm \u2013 1:15 pm <\/div> <\/div> <div class=\"ai1ec-posterboard-image-container\"> <a class=\"ai1ec-load-event\" href=\"https&#x3A;&#x2F;&#x2F;www.todoslostonosyayres.com&#x2F;en&#x2F;event&#x2F;musag-2024&#x2F;&#x3F;instance_id&#x3D;161\"> <div class=\"ai1ec-posterboard-image\" style=\"background-image: url(https&#x3A;&#x2F;&#x2F;www.todoslostonosyayres.com&#x2F;wp-content&#x2F;uploads&#x2F;Conferencias&#x2F;2024&#x2F;MUSAG2024-RGB-300x198.jpg);\"> <\/div> <\/a> <div class=\"ai1ec-posterboard-time\"> 12:00 pm <\/div> <div class=\"ai1ec-sas-actions ai1ec-btn-group ai1ec-clearfix\"> <a href=\"#\" target=\"_blank\" class=\"ai1ec-sas-action ai1ec-btn ai1ec-btn-primary ai1ec-btn-xs ai1ec-btn-sm ai1ec-sas-action-tickets\"> <i class=\"ai1ec-fa ai1ec-fa-ticket\"><\/i> <span class=\"ai1ec-hidden-xs\">Tickets<\/span> <\/a> <\/div> <div class=\"ai1ec-event-description\"> Conferencia Diego de Pantoja (1571-1618): Embajador musical en la Ciudad Prohibida en el I Festival M\u00fasica Sacra Granada MUSAG el d\u00eda 19 de octubre de 2024 a las 12h en la Ermita de San Sebasti\u00e1n,[...] <\/div> <\/div> <span class=\"ai1ec-event-location\"> <i class=\"ai1ec-fa ai1ec-fa-map-marker\"><\/i> Ermita de San Sebasti\u00e1n <\/span> <div class=\"ai1ec-no-footer-padding\"><\/div> <\/div> <\/div> <div class=\"ai1ec-event ai1ec-event-id-2624 ai1ec-event-instance-id-151 \" data-ticket-url=\"https&#x3A;&#x2F;&#x2F;cultura.cervantes.es&#x2F;pekin&#x2F;es&#x2F;Hija-de-la-seda&#x2F;171376\" data-end=\"\"> <div class=\"ai1ec-event-wrap ai1ec-clearfix\"> <div class=\"ai1ec-date-block-wrap\" > <a class=\"ai1ec-load-view\" href=\"https&#x3A;&#x2F;&#x2F;www.todoslostonosyayres.com&#x2F;en&#x2F;&#x3F;page_id&#x3D;614&#x2F;action&#x7E;oneday&#x2F;exact_date&#x7E;3-9-2024&#x2F;\"> <div class=\"ai1ec-date\"> <div class=\"ai1ec-month\">Sep<\/div> <div class=\"ai1ec-day\">3<\/div> <div class=\"ai1ec-weekday\">Tue<\/div> <div class=\"ai1ec-year\">2024<\/div> <\/div> <\/a> <\/div> <div class=\"ai1ec-event-title-wrap ai1ec-clearfix\"> <div class=\"ai1ec-event-title\" title=\"Hija&#x20;de&#x20;la&#x20;Seda&#x20;&#x28;China&#x29;\"><div> <a class=\"ai1ec-load-event\" href=\"https&#x3A;&#x2F;&#x2F;www.todoslostonosyayres.com&#x2F;en&#x2F;event&#x2F;hija-de-la-seda-instituto-cervantes-pekin&#x2F;&#x3F;instance_id&#x3D;151\" > Hija de la Seda (China) <\/a> <\/div><\/div> <div class=\"ai1ec-event-time\"> Sep 3 @ 6:30 pm \u2013 8:00 pm <\/div> <\/div> <div class=\"ai1ec-posterboard-image-container\"> <a class=\"ai1ec-load-event\" href=\"https&#x3A;&#x2F;&#x2F;www.todoslostonosyayres.com&#x2F;en&#x2F;event&#x2F;hija-de-la-seda-instituto-cervantes-pekin&#x2F;&#x3F;instance_id&#x3D;151\"> <div class=\"ai1ec-posterboard-image\" style=\"background-image: url(https&#x3A;&#x2F;&#x2F;www.todoslostonosyayres.com&#x2F;wp-content&#x2F;uploads&#x2F;Programas&#x2F;Portada_Hija_de_la_seda-300x225.jpg);\"> <\/div> <\/a> <div class=\"ai1ec-posterboard-time\"> 6:30 pm <\/div> <div class=\"ai1ec-sas-actions ai1ec-btn-group ai1ec-clearfix\"> <a href=\"#\" target=\"_blank\" class=\"ai1ec-sas-action ai1ec-btn ai1ec-btn-primary ai1ec-btn-xs ai1ec-btn-sm ai1ec-sas-action-tickets\"> <i class=\"ai1ec-fa ai1ec-fa-ticket\"><\/i> <span class=\"ai1ec-hidden-xs\">Tickets<\/span> <\/a> <\/div> <div class=\"ai1ec-event-description\"> Concierto Hija de la Seda en el Instituto Cervantes de Pek\u00edn, dentro de la serie de conciertos programados de este programa en colaboraci\u00f3n con del 798CUBE Museum. Martes 3 de septiembre de 2024 a las[...] <\/div> <\/div> <span class=\"ai1ec-event-location\"> <i class=\"ai1ec-fa ai1ec-fa-map-marker\"><\/i> Instituto Cervantes de Pek\u00edn <\/span> <div class=\"ai1ec-no-footer-padding\"><\/div> <\/div> <\/div> <div class=\"ai1ec-event ai1ec-event-id-2691 ai1ec-event-instance-id-157 \" data-ticket-url=\"https&#x3A;&#x2F;&#x2F;cultura.cervantes.es&#x2F;pekin&#x2F;es&#x2F;Hija-de-la-seda&#x2F;171376\" data-end=\"\"> <div class=\"ai1ec-event-wrap ai1ec-clearfix\"> <div class=\"ai1ec-date-block-wrap\" > <a class=\"ai1ec-load-view\" href=\"https&#x3A;&#x2F;&#x2F;www.todoslostonosyayres.com&#x2F;en&#x2F;&#x3F;page_id&#x3D;614&#x2F;action&#x7E;oneday&#x2F;exact_date&#x7E;31-8-2024&#x2F;\"> <div class=\"ai1ec-date\"> <div class=\"ai1ec-month\">Aug<\/div> <div class=\"ai1ec-day\">31<\/div> <div class=\"ai1ec-weekday\">Sat<\/div> <div class=\"ai1ec-year\">2024<\/div> <\/div> <\/a> <\/div> <div class=\"ai1ec-event-title-wrap ai1ec-clearfix\"> <div class=\"ai1ec-event-title\" title=\"Hija&#x20;de&#x20;la&#x20;Seda&#x20;&#x28;China&#x29;\"><div> <a class=\"ai1ec-load-event\" href=\"https&#x3A;&#x2F;&#x2F;www.todoslostonosyayres.com&#x2F;en&#x2F;event&#x2F;hija-de-la-seda-798&#x2F;&#x3F;instance_id&#x3D;157\" > Hija de la Seda (China) <\/a> <\/div><\/div> <div class=\"ai1ec-event-time\"> Aug 31 @ 6:00 pm \u2013 7:30 pm <\/div> <\/div> <div class=\"ai1ec-posterboard-image-container\"> <a class=\"ai1ec-load-event\" href=\"https&#x3A;&#x2F;&#x2F;www.todoslostonosyayres.com&#x2F;en&#x2F;event&#x2F;hija-de-la-seda-798&#x2F;&#x3F;instance_id&#x3D;157\"> <div class=\"ai1ec-posterboard-image\" style=\"background-image: url(https&#x3A;&#x2F;&#x2F;www.todoslostonosyayres.com&#x2F;wp-content&#x2F;uploads&#x2F;Programas&#x2F;Portada_Hija_de_la_seda-300x225.jpg);\"> <\/div> <\/a> <div class=\"ai1ec-posterboard-time\"> 6:00 pm <\/div> <div class=\"ai1ec-sas-actions ai1ec-btn-group ai1ec-clearfix\"> <a href=\"#\" target=\"_blank\" class=\"ai1ec-sas-action ai1ec-btn ai1ec-btn-primary ai1ec-btn-xs ai1ec-btn-sm ai1ec-sas-action-tickets\"> <i class=\"ai1ec-fa ai1ec-fa-ticket\"><\/i> <span class=\"ai1ec-hidden-xs\">Tickets<\/span> <\/a> <\/div> <div class=\"ai1ec-event-description\"> Concierto Hija de la Seda en el 798CUBE Art Museum en el Distrito Art\u00edstico 798 de Pek\u00edn S\u00e1bado 31 de agosto de 2024 a las 18:00h en el 798CUBE Art Museum. &nbsp; &nbsp; <\/div> <\/div> <span class=\"ai1ec-event-location\"> <i class=\"ai1ec-fa ai1ec-fa-map-marker\"><\/i> 798CUBE Art Museum, Distrito Art\u00edstico 798 <\/span> <div class=\"ai1ec-no-footer-padding\"><\/div> <\/div> <\/div> <div class=\"ai1ec-event ai1ec-event-id-2569 ai1ec-event-instance-id-147 \" data-end=\"\"> <div class=\"ai1ec-event-wrap ai1ec-clearfix\"> <div class=\"ai1ec-date-block-wrap\" > <a class=\"ai1ec-load-view\" href=\"https&#x3A;&#x2F;&#x2F;www.todoslostonosyayres.com&#x2F;en&#x2F;&#x3F;page_id&#x3D;614&#x2F;action&#x7E;oneday&#x2F;exact_date&#x7E;21-7-2024&#x2F;\"> <div class=\"ai1ec-date\"> <div class=\"ai1ec-month\">Jul<\/div> <div class=\"ai1ec-day\">21<\/div> <div class=\"ai1ec-weekday\">Sun<\/div> <div class=\"ai1ec-year\">2024<\/div> <\/div> <\/a> <\/div> <div class=\"ai1ec-event-title-wrap ai1ec-clearfix\"> <div class=\"ai1ec-event-title\" title=\"Festival&#x20;de&#x20;V&#x00E9;lez&#x20;Blanco\"><div> <a class=\"ai1ec-load-event\" href=\"https&#x3A;&#x2F;&#x2F;www.todoslostonosyayres.com&#x2F;en&#x2F;event&#x2F;festival-velez-blanco&#x2F;&#x3F;instance_id&#x3D;147\" > Festival de V\u00e9lez Blanco <\/a> <\/div><\/div> <div class=\"ai1ec-event-time\"> Jul 21 @ 9:00 pm \u2013 10:30 pm <\/div> <\/div> <div class=\"ai1ec-posterboard-image-container\"> <a class=\"ai1ec-load-event\" href=\"https&#x3A;&#x2F;&#x2F;www.todoslostonosyayres.com&#x2F;en&#x2F;event&#x2F;festival-velez-blanco&#x2F;&#x3F;instance_id&#x3D;147\"> <div class=\"ai1ec-posterboard-image\" style=\"background-image: url(https&#x3A;&#x2F;&#x2F;www.todoslostonosyayres.com&#x2F;wp-content&#x2F;uploads&#x2F;2022&#x2F;10&#x2F;FR_ECDE_023_LR_TyA-300x200.jpg);\"> <\/div> <\/a> <div class=\"ai1ec-posterboard-time\"> 9:00 pm <\/div> <div class=\"ai1ec-sas-actions ai1ec-btn-group ai1ec-clearfix\"> <a href=\"#\" target=\"_blank\" class=\"ai1ec-sas-action ai1ec-btn ai1ec-btn-primary ai1ec-btn-xs ai1ec-btn-sm ai1ec-sas-action-tickets\"> <i class=\"ai1ec-fa ai1ec-fa-ticket\"><\/i> <span class=\"ai1ec-hidden-xs\">Tickets<\/span> <\/a> <\/div> <div class=\"ai1ec-event-description\"> Concierto El clave del Emperador: tras el legado de Diego de Pantoja en el XXIII Festival de M\u00fasica Renacentista y Barroca de V\u00e9lez Blanco. Domingo 21 de julio de 2024 a las 21:00h en la[...] <\/div> <\/div> <span class=\"ai1ec-event-location\"> <i class=\"ai1ec-fa ai1ec-fa-map-marker\"><\/i> V\u00e9lez Blanco <\/span> <div class=\"ai1ec-no-footer-padding\"><\/div> <\/div> <\/div> <div class=\"ai1ec-event ai1ec-event-id-2661 ai1ec-event-instance-id-155 \" data-end=\"\"> <div class=\"ai1ec-event-wrap ai1ec-clearfix\"> <div class=\"ai1ec-date-block-wrap\" > <a class=\"ai1ec-load-view\" href=\"https&#x3A;&#x2F;&#x2F;www.todoslostonosyayres.com&#x2F;en&#x2F;&#x3F;page_id&#x3D;614&#x2F;action&#x7E;oneday&#x2F;exact_date&#x7E;15-7-2024&#x2F;\"> <div class=\"ai1ec-date\"> <div class=\"ai1ec-month\">Jul<\/div> <div class=\"ai1ec-day\">15<\/div> <div class=\"ai1ec-weekday\">Mon<\/div> <div class=\"ai1ec-year\">2024<\/div> <\/div> <div class=\"ai1ec-end-date-divider-small ai1ec-end-date-divider\" > <\/div> <div class=\"ai1ec-end-date-divider\" > <\/div> <div class=\"ai1ec-end-date ai1ec-date\"> <div class=\"ai1ec-date\"> <div class=\"ai1ec-month\">Jul<\/div> <div class=\"ai1ec-day\">19<\/div> <div class=\"ai1ec-weekday\">Fri<\/div> <div class=\"ai1ec-year\">2024<\/div> <\/div> <\/div> <\/a> <\/div> <div class=\"ai1ec-event-title-wrap ai1ec-clearfix\"> <div class=\"ai1ec-event-title\" title=\"XVI&#x20;Congreso&#x20;de&#x20;la&#x20;Sociedad&#x20;Espa&#x00F1;ola&#x20;de&#x20;Astronom&#x00ED;a\"><div> <a class=\"ai1ec-load-event\" href=\"https&#x3A;&#x2F;&#x2F;www.todoslostonosyayres.com&#x2F;en&#x2F;event&#x2F;sea-2024-silencio-de-la-luna&#x2F;&#x3F;instance_id&#x3D;155\" > XVI Congreso de la Sociedad Espa\u00f1ola de Astronom\u00eda <\/a> <\/div><\/div> <div class=\"ai1ec-event-time\"> Jul 15 @ 9:00 am \u2013 Jul 19 @ 10:00 pm <\/div> <\/div> <div class=\"ai1ec-posterboard-image-container\"> <a class=\"ai1ec-load-event\" href=\"https&#x3A;&#x2F;&#x2F;www.todoslostonosyayres.com&#x2F;en&#x2F;event&#x2F;sea-2024-silencio-de-la-luna&#x2F;&#x3F;instance_id&#x3D;155\"> <div class=\"ai1ec-posterboard-image\" style=\"background-image: url(https&#x3A;&#x2F;&#x2F;www.todoslostonosyayres.com&#x2F;wp-content&#x2F;uploads&#x2F;Conferencias&#x2F;2024&#x2F;SEA_2024_Silencio_luna-300x169.jpg);\"> <\/div> <\/a> <div class=\"ai1ec-posterboard-time\"> 9:00 am <\/div> <div class=\"ai1ec-sas-actions ai1ec-btn-group ai1ec-clearfix\"> <a href=\"#\" target=\"_blank\" class=\"ai1ec-sas-action ai1ec-btn ai1ec-btn-primary ai1ec-btn-xs ai1ec-btn-sm ai1ec-sas-action-tickets\"> <i class=\"ai1ec-fa ai1ec-fa-ticket\"><\/i> <span class=\"ai1ec-hidden-xs\">Tickets<\/span> <\/a> <\/div> <div class=\"ai1ec-event-description\"> XVI Congreso de la Sociedad Espa\u00f1ola de Astronom\u00eda Congreso celebrado del 15 al 19 de julio de 2024 en Granada realiz\u00f3 una ponencia el mi\u00e9rcoles d\u00eda 17 de julio titulada Encrucijadas culturales: Di\u00e1logos sobre Cosmolog\u00eda[...] <\/div> <\/div> <span class=\"ai1ec-event-location\"> <i class=\"ai1ec-fa ai1ec-fa-map-marker\"><\/i> Parque de las Ciencias de Granada <\/span> <div class=\"ai1ec-no-footer-padding\"><\/div> <\/div> <\/div> <div class=\"ai1ec-event ai1ec-event-id-2651 ai1ec-event-instance-id-153 \" data-end=\"\"> <div class=\"ai1ec-event-wrap ai1ec-clearfix\"> <div class=\"ai1ec-date-block-wrap\" > <a class=\"ai1ec-load-view\" href=\"https&#x3A;&#x2F;&#x2F;www.todoslostonosyayres.com&#x2F;en&#x2F;&#x3F;page_id&#x3D;614&#x2F;action&#x7E;oneday&#x2F;exact_date&#x7E;10-7-2024&#x2F;\"> <div class=\"ai1ec-date\"> <div class=\"ai1ec-month\">Jul<\/div> <div class=\"ai1ec-day\">10<\/div> <div class=\"ai1ec-weekday\">Wed<\/div> <div class=\"ai1ec-year\">2024<\/div> <\/div> <\/a> <\/div> <div class=\"ai1ec-event-title-wrap ai1ec-clearfix\"> <div class=\"ai1ec-event-title\" title=\"Granada&#x20;y&#x20;el&#x20;agua&#x20;en&#x20;la&#x20;ruta&#x20;de&#x20;la&#x20;seda\"><div> <a class=\"ai1ec-load-event\" href=\"https&#x3A;&#x2F;&#x2F;www.todoslostonosyayres.com&#x2F;en&#x2F;event&#x2F;granada-y-el-agua-en-la-ruta-de-la-seda&#x2F;&#x3F;instance_id&#x3D;153\" > Granada y el agua en la ruta de la seda <\/a> <\/div><\/div> <div class=\"ai1ec-event-time\"> Jul 10 @ 8:30 am \u2013 10:00 pm <\/div> <\/div> <div class=\"ai1ec-posterboard-image-container\"> <a class=\"ai1ec-load-event\" href=\"https&#x3A;&#x2F;&#x2F;www.todoslostonosyayres.com&#x2F;en&#x2F;event&#x2F;granada-y-el-agua-en-la-ruta-de-la-seda&#x2F;&#x3F;instance_id&#x3D;153\"> <div class=\"ai1ec-posterboard-image\" style=\"background-image: url(https&#x3A;&#x2F;&#x2F;www.todoslostonosyayres.com&#x2F;wp-content&#x2F;uploads&#x2F;Conciertos&#x2F;2024&#x2F;ruta-seda-ideal-2024l-300x210.jpg);\"> <\/div> <\/a> <div class=\"ai1ec-posterboard-time\"> 8:30 am <\/div> <div class=\"ai1ec-sas-actions ai1ec-btn-group ai1ec-clearfix\"> <a href=\"#\" target=\"_blank\" class=\"ai1ec-sas-action ai1ec-btn ai1ec-btn-primary ai1ec-btn-xs ai1ec-btn-sm ai1ec-sas-action-tickets\"> <i class=\"ai1ec-fa ai1ec-fa-ticket\"><\/i> <span class=\"ai1ec-hidden-xs\">Tickets<\/span> <\/a> <\/div> <div class=\"ai1ec-event-description\"> Granada y el agua en la ruta de la seda tuvo el honor de realizar una conferencia-concierto dentro del XIII Ciclo \u2018El Agua y la Palabra\u2019 el mi\u00e9rcoles 10 de julio junto a D. Jos\u00e9[...] <\/div> <\/div> <span class=\"ai1ec-event-location\"> <i class=\"ai1ec-fa ai1ec-fa-map-marker\"><\/i> Carmen del Aljibe del Rey <\/span> <div class=\"ai1ec-no-footer-padding\"><\/div> <\/div> <\/div> <div class=\"ai1ec-event ai1ec-event-id-2575 ai1ec-event-instance-id-149 \" data-end=\"\"> <div class=\"ai1ec-event-wrap ai1ec-clearfix\"> <div class=\"ai1ec-date-block-wrap\" > <a class=\"ai1ec-load-view\" href=\"https&#x3A;&#x2F;&#x2F;www.todoslostonosyayres.com&#x2F;en&#x2F;&#x3F;page_id&#x3D;614&#x2F;action&#x7E;oneday&#x2F;exact_date&#x7E;6-7-2024&#x2F;\"> <div class=\"ai1ec-date\"> <div class=\"ai1ec-month\">Jul<\/div> <div class=\"ai1ec-day\">6<\/div> <div class=\"ai1ec-weekday\">Sat<\/div> <div class=\"ai1ec-year\">2024<\/div> <\/div> <div class=\"ai1ec-end-date-divider-small ai1ec-end-date-divider\" > <\/div> <div class=\"ai1ec-end-date-divider\" > <\/div> <div class=\"ai1ec-end-date ai1ec-date\"> <div class=\"ai1ec-date\"> <div class=\"ai1ec-month\">Jul<\/div> <div class=\"ai1ec-day\">9<\/div> <div class=\"ai1ec-weekday\">Tue<\/div> <div class=\"ai1ec-year\">2024<\/div> <\/div> <\/div> <\/a> <\/div> <div class=\"ai1ec-event-title-wrap ai1ec-clearfix\"> <div class=\"ai1ec-event-title\" title=\"Medieval&#x20;and&#x20;Renaissance&#x20;Music&#x20;Conference&#x20;MEREN&#x20;2024\"><div> <a class=\"ai1ec-load-event\" href=\"https&#x3A;&#x2F;&#x2F;www.todoslostonosyayres.com&#x2F;en&#x2F;event&#x2F;congreso-internacional-medren-2024&#x2F;&#x3F;instance_id&#x3D;149\" > Medieval and Renaissance Music Conference MEREN 2024 <\/a> <\/div><\/div> <div class=\"ai1ec-event-time\"> Jul 6 @ 9:00 am \u2013 Jul 9 @ 10:00 pm <\/div> <\/div> <div class=\"ai1ec-posterboard-image-container\"> <a class=\"ai1ec-load-event\" href=\"https&#x3A;&#x2F;&#x2F;www.todoslostonosyayres.com&#x2F;en&#x2F;event&#x2F;congreso-internacional-medren-2024&#x2F;&#x3F;instance_id&#x3D;149\"> <div class=\"ai1ec-posterboard-image\" style=\"background-image: url(https&#x3A;&#x2F;&#x2F;www.todoslostonosyayres.com&#x2F;wp-content&#x2F;uploads&#x2F;Conferencias&#x2F;2024&#x2F;MedRen-Granada-2024-logo-300x300.jpg);\"> <\/div> <\/a> <div class=\"ai1ec-posterboard-time\"> 9:00 am <\/div> <div class=\"ai1ec-sas-actions ai1ec-btn-group ai1ec-clearfix\"> <a href=\"#\" target=\"_blank\" class=\"ai1ec-sas-action ai1ec-btn ai1ec-btn-primary ai1ec-btn-xs ai1ec-btn-sm ai1ec-sas-action-tickets\"> <i class=\"ai1ec-fa ai1ec-fa-ticket\"><\/i> <span class=\"ai1ec-hidden-xs\">Tickets<\/span> <\/a> <\/div> <div class=\"ai1ec-event-description\"> Congreso Internacional MedRen Granada 2024 Congreso internacional celebrado del 6 al 9 de julio de 2024 en Granada coordinado por Tess Knighton y Ascensi\u00f3n Mazuela-Anguita. realiza una ponencia el d\u00eda 8 de julio titulada Solmizing[...] <\/div> <\/div> <span class=\"ai1ec-event-location\"> <i class=\"ai1ec-fa ai1ec-fa-map-marker\"><\/i> Faculty of architecture of the University of Granada <\/span> <div class=\"ai1ec-no-footer-padding\"><\/div> <\/div> <\/div> <\/div> <div class=\"ai1ec-pull-left\"><\/div> <\/div> <\/div> <div class=\"ai1ec-subscribe-container ai1ec-pull-right ai1ec-btn-group\"> <div class=\"ai1ec-subscribe-dropdown ai1ec-dropdown ai1ec-dropup ai1ec-btn ai1ec-btn-default ai1ec-btn-sm\"> <span role=\"button\" class=\"ai1ec-dropdown-toggle ai1ec-subscribe\" data-toggle=\"ai1ec-dropdown\"> <i class=\"ai1ec-fa ai1ec-icon-rss ai1ec-fa-lg ai1ec-fa-fw\"><\/i> <span class=\"ai1ec-hidden-xs\"> Subscribe to filtered calendar <span class=\"ai1ec-caret\"><\/span> <\/span> <\/span> <ul class=\"ai1ec-dropdown-menu ai1ec-pull-right\" role=\"menu\"> <li> <a class=\"ai1ec-tooltip-trigger ai1ec-tooltip-auto\" target=\"_blank\" data-placement=\"left\" title=\"Copy this URL for your own Timely calendar or click to add to your rich-text calendar\" href=\"http&#x3A;&#x2F;&#x2F;www.todoslostonosyayres.com&#x2F;&#x3F;plugin&#x3D;all-in-one-event-calendar&amp;controller&#x3D;ai1ec_exporter_controller&amp;action&#x3D;export_events&amp;ai1ec_cat_ids&#x3D;33&amp;ai1ec_tag_ids&#x3D;81\"> <i class=\"ai1ec-fa ai1ec-fa-lg ai1ec-fa-fw ai1ec-icon-timely\"><\/i> Add to Timely Calendar <\/a> <\/li> <li> <a class=\"ai1ec-tooltip-trigger ai1ec-tooltip-auto\" target=\"_blank\" data-placement=\"left\" title=\"Subscribe to this calendar in your Google Calendar\" href=\"https:\/\/www.google.com\/calendar\/render?cid=http&#x25;3A&#x25;2F&#x25;2Fwww.todoslostonosyayres.com&#x25;2F&#x25;3Fplugin&#x25;3Dall-in-one-event-calendar&#x25;26controller&#x25;3Dai1ec_exporter_controller&#x25;26action&#x25;3Dexport_events&#x25;26no_html&#x25;3Dtrue&#x25;26ai1ec_cat_ids&#x25;3D33&#x25;26ai1ec_tag_ids&#x25;3D81&#x25;26&#x25;26\"> <i class=\"ai1ec-fa ai1ec-icon-google ai1ec-fa-lg ai1ec-fa-fw\"><\/i> Add to Google <\/a> <\/li> <li> <a class=\"ai1ec-tooltip-trigger ai1ec-tooltip-auto\" target=\"_blank\" data-placement=\"left\" title=\"Subscribe to this calendar in MS Outlook\" href=\"webcal&#x3A;&#x2F;&#x2F;www.todoslostonosyayres.com&#x2F;&#x3F;plugin&#x3D;all-in-one-event-calendar&amp;controller&#x3D;ai1ec_exporter_controller&amp;action&#x3D;export_events&amp;no_html&#x3D;true&amp;ai1ec_cat_ids&#x3D;33&amp;ai1ec_tag_ids&#x3D;81\"> <i class=\"ai1ec-fa ai1ec-icon-windows ai1ec-fa-lg ai1ec-fa-fw\"><\/i> Add to Outlook <\/a> <\/li> <li> <a class=\"ai1ec-tooltip-trigger ai1ec-tooltip-auto\" target=\"_blank\" data-placement=\"left\" title=\"Subscribe to this calendar in Apple Calendar\/iCal\" href=\"webcal&#x3A;&#x2F;&#x2F;www.todoslostonosyayres.com&#x2F;&#x3F;plugin&#x3D;all-in-one-event-calendar&amp;controller&#x3D;ai1ec_exporter_controller&amp;action&#x3D;export_events&amp;no_html&#x3D;true&amp;ai1ec_cat_ids&#x3D;33&amp;ai1ec_tag_ids&#x3D;81\"> <i class=\"ai1ec-fa ai1ec-icon-apple ai1ec-fa-lg ai1ec-fa-fw\"><\/i> Add to Apple Calendar <\/a> <\/li> <li> <a class=\"ai1ec-tooltip-trigger ai1ec-tooltip-auto\" data-placement=\"left\" title=\"Subscribe to this calendar in another plain-text calendar\" href=\"http&#x3A;&#x2F;&#x2F;www.todoslostonosyayres.com&#x2F;&#x3F;plugin&#x3D;all-in-one-event-calendar&amp;controller&#x3D;ai1ec_exporter_controller&amp;action&#x3D;export_events&amp;no_html&#x3D;true&amp;ai1ec_cat_ids&#x3D;33&amp;ai1ec_tag_ids&#x3D;81\"> <i class=\"ai1ec-fa ai1ec-icon-calendar ai1ec-fa-fw\"><\/i> Add to other calendar <\/a> <\/li> <li> <a class=\"ai1ec-tooltip-trigger ai1ec-tooltip-auto\" data-placement=\"left\" title=\"\" href=\"http&#x3A;&#x2F;&#x2F;www.todoslostonosyayres.com&#x2F;&#x3F;plugin&#x3D;all-in-one-event-calendar&amp;controller&#x3D;ai1ec_exporter_controller&amp;action&#x3D;export_events&amp;ai1ec_cat_ids&#x3D;33&amp;ai1ec_tag_ids&#x3D;81&xml=true\"> <i class=\"ai1ec-fa ai1ec-fa-file-text ai1ec-fa-lg ai1ec-fa-fw\"><\/i> Export to XML <\/a> <\/li> <\/ul> <\/div> <\/div> <\/div><!-- \/.timely --> <\/div> <!-- END All-in-One Event Calendar Plugin --> \n\n\t\t<\/div>\n\t<\/div>\n<\/div><\/div><div class=\"vc_tta-panel\" id=\"1709069841334-60d79563-d757\" data-vc-content=\".vc_tta-panel-body\"><div class=\"vc_tta-panel-heading\"><h3 class=\"vc_tta-panel-title\"><a href=\"#1709069841334-60d79563-d757\" data-vc-accordion data-vc-container=\".vc_tta-container\"><span class=\"vc_tta-title-text\">2023<\/span><\/a><\/h3><\/div><div class=\"vc_tta-panel-body\">\n\t<div class=\"wpb_text_column wpb_content_element\" >\n\t\t<div class=\"wpb_wrapper\">\n\t\t\t<!-- START All-in-One Event Calendar Plugin - Version 3.0.0 --> <div id=\"ai1ec-container\" class=\"ai1ec-main-container \"> <!-- AI1EC_PAGE_CONTENT_PLACEHOLDER --> <div id=\"ai1ec-calendar\" class=\"timely ai1ec-calendar\"> <div id=\"ai1ec-calendar-view-container\" class=\"ai1ec-calendar-view-container\"> <div id=\"ai1ec-calendar-view-loading\" class=\"ai1ec-loading ai1ec-calendar-view-loading\"><\/div> <div id=\"ai1ec-calendar-view\" class=\"ai1ec-calendar-view\"> <div class=\"ai1ec-posterboard-view ai1ec-clearfix ai1ec-posterboard-aligned ai1ec-posterboard-no-footer \" data-ai1ec-tile-min-width=\"240\" data-ai1ec-posterboard-equal-height=\"1\" data-ai1ec-posterboard-mode=\"0\"> <div class=\"ai1ec-event ai1ec-event-id-2454 ai1ec-event-instance-id-138 \" data-end=\"\"> <div class=\"ai1ec-event-wrap ai1ec-clearfix\"> <div class=\"ai1ec-date-block-wrap\" > <a class=\"ai1ec-load-view\" href=\"https&#x3A;&#x2F;&#x2F;www.todoslostonosyayres.com&#x2F;en&#x2F;&#x3F;page_id&#x3D;614&#x2F;action&#x7E;oneday&#x2F;exact_date&#x7E;21-10-2023&#x2F;\"> <div class=\"ai1ec-date\"> <div class=\"ai1ec-month\">Oct<\/div> <div class=\"ai1ec-day\">21<\/div> <div class=\"ai1ec-weekday\">Sat<\/div> <div class=\"ai1ec-year\">2023<\/div> <\/div> <\/a> <\/div> <div class=\"ai1ec-event-title-wrap ai1ec-clearfix\"> <div class=\"ai1ec-event-title\" title=\"Encontros&#x20;de&#x20;M&#x00FA;sica&#x20;Antiga&#x20;de&#x20;Loul&#x00E9;&#x20;&#x28;Portugal&#x29;\"><div> <a class=\"ai1ec-load-event\" href=\"https&#x3A;&#x2F;&#x2F;www.todoslostonosyayres.com&#x2F;en&#x2F;event&#x2F;encontros-de-musica-antiga-de-loule&#x2F;&#x3F;instance_id&#x3D;138\" > Encontros de M\u00fasica Antiga de Loul\u00e9 (Portugal) <\/a> <\/div><\/div> <div class=\"ai1ec-event-time\"> Oct 21 @ 7:00 pm \u2013 8:30 pm <\/div> <\/div> <div class=\"ai1ec-posterboard-image-container\"> <a class=\"ai1ec-load-event\" href=\"https&#x3A;&#x2F;&#x2F;www.todoslostonosyayres.com&#x2F;en&#x2F;event&#x2F;encontros-de-musica-antiga-de-loule&#x2F;&#x3F;instance_id&#x3D;138\"> <div class=\"ai1ec-posterboard-image\" style=\"background-image: url(https&#x3A;&#x2F;&#x2F;www.todoslostonosyayres.com&#x2F;wp-content&#x2F;uploads&#x2F;2022&#x2F;10&#x2F;FR_ECDE_023_LR_TyA-300x200.jpg);\"> <\/div> <\/a> <div class=\"ai1ec-posterboard-time\"> 7:00 pm <\/div> <div class=\"ai1ec-sas-actions ai1ec-btn-group ai1ec-clearfix\"> <a href=\"#\" target=\"_blank\" class=\"ai1ec-sas-action ai1ec-btn ai1ec-btn-primary ai1ec-btn-xs ai1ec-btn-sm ai1ec-sas-action-tickets\"> <i class=\"ai1ec-fa ai1ec-fa-ticket\"><\/i> <span class=\"ai1ec-hidden-xs\">Tickets<\/span> <\/a> <\/div> <div class=\"ai1ec-event-description\"> Concierto El clave del Emperador: tras el legado de Diego de Pantoja en la XXIII edici\u00f3n del festival Encontros de M\u00fasica Antiga de Loul\u00e9 &#8211; Francisco Rosado (Portugal). S\u00e1bado 21 de octubre de 2023 a[...] <\/div> <\/div> <span class=\"ai1ec-event-location\"> <i class=\"ai1ec-fa ai1ec-fa-map-marker\"><\/i> Boliqueime (Portugal) <\/span> <div class=\"ai1ec-no-footer-padding\"><\/div> <\/div> <\/div> <div class=\"ai1ec-event ai1ec-event-id-2481 ai1ec-event-instance-id-144 \" data-end=\"\"> <div class=\"ai1ec-event-wrap ai1ec-clearfix\"> <div class=\"ai1ec-date-block-wrap\" > <a class=\"ai1ec-load-view\" href=\"https&#x3A;&#x2F;&#x2F;www.todoslostonosyayres.com&#x2F;en&#x2F;&#x3F;page_id&#x3D;614&#x2F;action&#x7E;oneday&#x2F;exact_date&#x7E;7-8-2023&#x2F;\"> <div class=\"ai1ec-date\"> <div class=\"ai1ec-month\">Aug<\/div> <div class=\"ai1ec-day\">7<\/div> <div class=\"ai1ec-weekday\">Mon<\/div> <div class=\"ai1ec-year\">2023<\/div> <\/div> <\/a> <\/div> <div class=\"ai1ec-event-title-wrap ai1ec-clearfix\"> <div class=\"ai1ec-event-title\" title=\"XXX&#x20;Muestra&#x20;de&#x20;M&#x00FA;sica&#x20;Antigua&#x20;&amp;&#x23;8220&#x3B;Castillo&#x20;de&#x20;Aracena&amp;&#x23;8221&#x3B;\"><div> <a class=\"ai1ec-load-event\" href=\"https&#x3A;&#x2F;&#x2F;www.todoslostonosyayres.com&#x2F;en&#x2F;event&#x2F;aracena-xxx-2023&#x2F;&#x3F;instance_id&#x3D;144\" > XXX Muestra de M\u00fasica Antigua &#8220;Castillo de Aracena&#8221; <\/a> <\/div><\/div> <div class=\"ai1ec-event-time\"> Aug 7 @ 9:00 pm \u2013 10:30 pm <\/div> <\/div> <div class=\"ai1ec-posterboard-image-container\"> <a class=\"ai1ec-load-event\" href=\"https&#x3A;&#x2F;&#x2F;www.todoslostonosyayres.com&#x2F;en&#x2F;event&#x2F;aracena-xxx-2023&#x2F;&#x3F;instance_id&#x3D;144\"> <div class=\"ai1ec-posterboard-image\" style=\"background-image: url(https&#x3A;&#x2F;&#x2F;www.todoslostonosyayres.com&#x2F;wp-content&#x2F;uploads&#x2F;2022&#x2F;10&#x2F;FR_ECDE_023_LR_TyA-300x200.jpg);\"> <\/div> <\/a> <div class=\"ai1ec-posterboard-time\"> 9:00 pm <\/div> <div class=\"ai1ec-sas-actions ai1ec-btn-group ai1ec-clearfix\"> <a href=\"#\" target=\"_blank\" class=\"ai1ec-sas-action ai1ec-btn ai1ec-btn-primary ai1ec-btn-xs ai1ec-btn-sm ai1ec-sas-action-tickets\"> <i class=\"ai1ec-fa ai1ec-fa-ticket\"><\/i> <span class=\"ai1ec-hidden-xs\">Tickets<\/span> <\/a> <\/div> <div class=\"ai1ec-event-description\"> Concierto El clave del Emperador: tras el legado de Diego de Pantoja en la XXX Muestra de M\u00fasica Antigua &#8220;Castillo de Aracena&#8221;. Lunes 7 de agosto de 2023 a las 21:00h. <\/div> <\/div> <span class=\"ai1ec-event-location\"> <i class=\"ai1ec-fa ai1ec-fa-map-marker\"><\/i> Aracena <\/span> <div class=\"ai1ec-no-footer-padding\"><\/div> <\/div> <\/div> <div class=\"ai1ec-event ai1ec-event-id-2460 ai1ec-event-instance-id-140 \" data-end=\"\"> <div class=\"ai1ec-event-wrap ai1ec-clearfix\"> <div class=\"ai1ec-date-block-wrap\" > <a class=\"ai1ec-load-view\" href=\"https&#x3A;&#x2F;&#x2F;www.todoslostonosyayres.com&#x2F;en&#x2F;&#x3F;page_id&#x3D;614&#x2F;action&#x7E;oneday&#x2F;exact_date&#x7E;5-7-2023&#x2F;\"> <div class=\"ai1ec-date\"> <div class=\"ai1ec-month\">Jul<\/div> <div class=\"ai1ec-day\">5<\/div> <div class=\"ai1ec-weekday\">Wed<\/div> <div class=\"ai1ec-year\">2023<\/div> <\/div> <\/a> <\/div> <div class=\"ai1ec-event-title-wrap ai1ec-clearfix\"> <div class=\"ai1ec-event-title\" title=\"IV&#x20;Festival&#x20;de&#x20;M&#x00FA;sica&#x20;Antigua&#x20;&amp;&#x23;8220&#x3B;El&#x20;Coraz&#x00F3;n&#x20;del&#x20;Cancionero&amp;&#x23;8221&#x3B;\"><div> <a class=\"ai1ec-load-event\" href=\"https&#x3A;&#x2F;&#x2F;www.todoslostonosyayres.com&#x2F;en&#x2F;event&#x2F;festival-baena-el-corazon-del-cancionero-2023&#x2F;&#x3F;instance_id&#x3D;140\" > IV Festival de M\u00fasica Antigua &#8220;El Coraz\u00f3n del Cancionero&#8221; <\/a> <\/div><\/div> <div class=\"ai1ec-event-time\"> Jul 5 @ 9:00 pm \u2013 10:30 pm <\/div> <\/div> <div class=\"ai1ec-posterboard-image-container\"> <a class=\"ai1ec-load-event\" href=\"https&#x3A;&#x2F;&#x2F;www.todoslostonosyayres.com&#x2F;en&#x2F;event&#x2F;festival-baena-el-corazon-del-cancionero-2023&#x2F;&#x3F;instance_id&#x3D;140\"> <div class=\"ai1ec-posterboard-image\" style=\"background-image: url(https&#x3A;&#x2F;&#x2F;www.todoslostonosyayres.com&#x2F;wp-content&#x2F;uploads&#x2F;2022&#x2F;10&#x2F;FR_ECDE_023_LR_TyA-300x200.jpg);\"> <\/div> <\/a> <div class=\"ai1ec-posterboard-time\"> 9:00 pm <\/div> <div class=\"ai1ec-sas-actions ai1ec-btn-group ai1ec-clearfix\"> <a href=\"#\" target=\"_blank\" class=\"ai1ec-sas-action ai1ec-btn ai1ec-btn-primary ai1ec-btn-xs ai1ec-btn-sm ai1ec-sas-action-tickets\"> <i class=\"ai1ec-fa ai1ec-fa-ticket\"><\/i> <span class=\"ai1ec-hidden-xs\">Tickets<\/span> <\/a> <\/div> <div class=\"ai1ec-event-description\"> Concierto El clave del Emperador: tras el legado de Diego de Pantoja en el IV Festival de M\u00fasica Antigua &#8220;El Coraz\u00f3n del Cancionero&#8221;. Mi\u00e9rcoles 5 de julio de 2023 a las 21:00h en el teatro[...] <\/div> <\/div> <span class=\"ai1ec-event-location\"> <i class=\"ai1ec-fa ai1ec-fa-map-marker\"><\/i> Teatro Liceo (Baena) <\/span> <div class=\"ai1ec-no-footer-padding\"><\/div> <\/div> <\/div> <div class=\"ai1ec-event ai1ec-event-id-2420 ai1ec-event-instance-id-136 \" data-end=\"\"> <div class=\"ai1ec-event-wrap ai1ec-clearfix\"> <div class=\"ai1ec-date-block-wrap\" > <a class=\"ai1ec-load-view\" href=\"https&#x3A;&#x2F;&#x2F;www.todoslostonosyayres.com&#x2F;en&#x2F;&#x3F;page_id&#x3D;614&#x2F;action&#x7E;oneday&#x2F;exact_date&#x7E;7-6-2023&#x2F;\"> <div class=\"ai1ec-date\"> <div class=\"ai1ec-month\">Jun<\/div> <div class=\"ai1ec-day\">7<\/div> <div class=\"ai1ec-weekday\">Wed<\/div> <div class=\"ai1ec-year\">2023<\/div> <\/div> <\/a> <\/div> <div class=\"ai1ec-event-title-wrap ai1ec-clearfix\"> <div class=\"ai1ec-event-title\" title=\"El&#x20;silencio&#x20;de&#x20;la&#x20;luna&#x20;&#x28;Salamanca&#x29;\"><div> <a class=\"ai1ec-load-event\" href=\"https&#x3A;&#x2F;&#x2F;www.todoslostonosyayres.com&#x2F;en&#x2F;event&#x2F;el-silencio-de-la-luna-salamanca&#x2F;&#x3F;instance_id&#x3D;136\" > El silencio de la luna (Salamanca) <\/a> <\/div><\/div> <div class=\"ai1ec-event-time\"> Jun 7 @ 8:00 pm \u2013 9:00 pm <\/div> <\/div> <div class=\"ai1ec-posterboard-image-container\"> <a class=\"ai1ec-load-event\" href=\"https&#x3A;&#x2F;&#x2F;www.todoslostonosyayres.com&#x2F;en&#x2F;event&#x2F;el-silencio-de-la-luna-salamanca&#x2F;&#x3F;instance_id&#x3D;136\"> <div class=\"ai1ec-posterboard-image\" style=\"background-image: url(https&#x3A;&#x2F;&#x2F;www.todoslostonosyayres.com&#x2F;wp-content&#x2F;uploads&#x2F;Programas&#x2F;El_silencio_luna_TyA-300x166.jpg);\"> <\/div> <\/a> <div class=\"ai1ec-posterboard-time\"> 8:00 pm <\/div> <div class=\"ai1ec-sas-actions ai1ec-btn-group ai1ec-clearfix\"> <a href=\"#\" target=\"_blank\" class=\"ai1ec-sas-action ai1ec-btn ai1ec-btn-primary ai1ec-btn-xs ai1ec-btn-sm ai1ec-sas-action-tickets\"> <i class=\"ai1ec-fa ai1ec-fa-ticket\"><\/i> <span class=\"ai1ec-hidden-xs\">Tickets<\/span> <\/a> <\/div> <div class=\"ai1ec-event-description\"> Espect\u00e1culo El silencio de la luna: m\u00fasica y palabra bajo el cielo chino el d\u00eda\u00a07 de junio de 2023 en el teatro Juan del Enzina de Salamanca. &nbsp; &nbsp; &nbsp; &nbsp; &nbsp; <\/div> <\/div> <span class=\"ai1ec-event-location\"> <i class=\"ai1ec-fa ai1ec-fa-map-marker\"><\/i> Teatro Juan del Enzina <\/span> <div class=\"ai1ec-no-footer-padding\"><\/div> <\/div> <\/div> <div class=\"ai1ec-event ai1ec-event-id-2462 ai1ec-event-instance-id-142 \" data-end=\"\"> <div class=\"ai1ec-event-wrap ai1ec-clearfix\"> <div class=\"ai1ec-date-block-wrap\" > <a class=\"ai1ec-load-view\" href=\"https&#x3A;&#x2F;&#x2F;www.todoslostonosyayres.com&#x2F;en&#x2F;&#x3F;page_id&#x3D;614&#x2F;action&#x7E;oneday&#x2F;exact_date&#x7E;22-5-2023&#x2F;\"> <div class=\"ai1ec-date\"> <div class=\"ai1ec-month\">May<\/div> <div class=\"ai1ec-day\">22<\/div> <div class=\"ai1ec-weekday\">Mon<\/div> <div class=\"ai1ec-year\">2023<\/div> <\/div> <\/a> <\/div> <div class=\"ai1ec-event-title-wrap ai1ec-clearfix\"> <div class=\"ai1ec-event-title\" title=\"Ponencia&#x20;en&#x20;la&#x20;Universidad&#x20;Aut&#x00F3;noma&#x20;de&#x20;Barcelona\"><div> <a class=\"ai1ec-load-event\" href=\"https&#x3A;&#x2F;&#x2F;www.todoslostonosyayres.com&#x2F;en&#x2F;event&#x2F;uab-doctorado-musicologia-2023&#x2F;&#x3F;instance_id&#x3D;142\" > Ponencia en la Universidad Aut\u00f3noma de Barcelona <\/a> <\/div><\/div> <div class=\"ai1ec-event-time\"> May 22 @ 11:00 pm \u2013 May 23 @ 12:30 am <\/div> <\/div> <div class=\"ai1ec-posterboard-image-container\"> <a class=\"ai1ec-load-event\" href=\"https&#x3A;&#x2F;&#x2F;www.todoslostonosyayres.com&#x2F;en&#x2F;event&#x2F;uab-doctorado-musicologia-2023&#x2F;&#x3F;instance_id&#x3D;142\"> <div class=\"ai1ec-posterboard-image\" style=\"background-image: url(https&#x3A;&#x2F;&#x2F;www.todoslostonosyayres.com&#x2F;wp-content&#x2F;uploads&#x2F;Medios&#x2F;Documental-Pantoja-retrato-300x240.jpg);\"> <\/div> <\/a> <div class=\"ai1ec-posterboard-time\"> 11:00 pm <\/div> <div class=\"ai1ec-sas-actions ai1ec-btn-group ai1ec-clearfix\"> <a href=\"#\" target=\"_blank\" class=\"ai1ec-sas-action ai1ec-btn ai1ec-btn-primary ai1ec-btn-xs ai1ec-btn-sm ai1ec-sas-action-tickets\"> <i class=\"ai1ec-fa ai1ec-fa-ticket\"><\/i> <span class=\"ai1ec-hidden-xs\">Tickets<\/span> <\/a> <\/div> <div class=\"ai1ec-event-description\"> Ponencia titulada Diego de Pantoja y la m\u00fasica como instrumento de diplomacia en la Ciudad Prohibida (ss. XVII-XVIII)\u00a0 impartida por el director de Rub\u00e9n Garc\u00eda Benito el d\u00eda 22 de mayo dentro de las actividades[...] <\/div> <\/div> <span class=\"ai1ec-event-location\"> <i class=\"ai1ec-fa ai1ec-fa-map-marker\"><\/i> Universidad Aut\u00f3noma de Barcelona <\/span> <div class=\"ai1ec-no-footer-padding\"><\/div> <\/div> <\/div> <div class=\"ai1ec-event ai1ec-event-id-2447 ai1ec-event-instance-id-135 \" data-end=\"\"> <div class=\"ai1ec-event-wrap ai1ec-clearfix\"> <div class=\"ai1ec-date-block-wrap\" > <a class=\"ai1ec-load-view\" href=\"https&#x3A;&#x2F;&#x2F;www.todoslostonosyayres.com&#x2F;en&#x2F;&#x3F;page_id&#x3D;614&#x2F;action&#x7E;oneday&#x2F;exact_date&#x7E;14-4-2023&#x2F;\"> <div class=\"ai1ec-date\"> <div class=\"ai1ec-month\">Apr<\/div> <div class=\"ai1ec-day\">14<\/div> <div class=\"ai1ec-weekday\">Fri<\/div> <div class=\"ai1ec-year\">2023<\/div> <\/div> <div class=\"ai1ec-end-date-divider-small ai1ec-end-date-divider\" > <\/div> <div class=\"ai1ec-end-date-divider\" > <\/div> <div class=\"ai1ec-end-date ai1ec-date\"> <div class=\"ai1ec-date\"> <div class=\"ai1ec-month\">Apr<\/div> <div class=\"ai1ec-day\">15<\/div> <div class=\"ai1ec-weekday\">Sat<\/div> <div class=\"ai1ec-year\">2023<\/div> <\/div> <\/div> <\/a> <\/div> <div class=\"ai1ec-event-title-wrap ai1ec-clearfix\"> <div class=\"ai1ec-event-title\" title=\"V&#x20;Congreso&#x20;Internacional&#x20;MEDyREN\"><div> <a class=\"ai1ec-load-event\" href=\"https&#x3A;&#x2F;&#x2F;www.todoslostonosyayres.com&#x2F;en&#x2F;event&#x2F;v-congreso-internacional-medyren&#x2F;&#x3F;instance_id&#x3D;135\" > V Congreso Internacional MEDyREN <\/a> <\/div><\/div> <div class=\"ai1ec-event-time\"> Apr 14 @ 9:00 am \u2013 Apr 15 @ 10:00 pm <\/div> <\/div> <div class=\"ai1ec-posterboard-image-container\"> <a class=\"ai1ec-load-event\" href=\"https&#x3A;&#x2F;&#x2F;www.todoslostonosyayres.com&#x2F;en&#x2F;event&#x2F;v-congreso-internacional-medyren&#x2F;&#x3F;instance_id&#x3D;135\"> <div class=\"ai1ec-posterboard-image\" style=\"background-image: url(https&#x3A;&#x2F;&#x2F;www.todoslostonosyayres.com&#x2F;wp-content&#x2F;uploads&#x2F;2023&#x2F;03&#x2F;Programa-MEDyREN-Zamora-2023-242x300.jpg);\"> <\/div> <\/a> <div class=\"ai1ec-posterboard-time\"> 9:00 am <\/div> <div class=\"ai1ec-sas-actions ai1ec-btn-group ai1ec-clearfix\"> <a href=\"#\" target=\"_blank\" class=\"ai1ec-sas-action ai1ec-btn ai1ec-btn-primary ai1ec-btn-xs ai1ec-btn-sm ai1ec-sas-action-tickets\"> <i class=\"ai1ec-fa ai1ec-fa-ticket\"><\/i> <span class=\"ai1ec-hidden-xs\">Tickets<\/span> <\/a> <\/div> <div class=\"ai1ec-event-description\"> V Congreso Internacional MEDyREN: Encrucijadas musicales Congreso internacional celebrado el 14 y 15 de Abril de 2023 en Zamora organizado por el grupo de trabajo de SEDEM &#8220;M\u00fasica y contextos en el mundo ib\u00e9rico medieval[...] <\/div> <\/div> <span class=\"ai1ec-event-location\"> <i class=\"ai1ec-fa ai1ec-fa-map-marker\"><\/i> Sal\u00f3n de Plenos de la Diputaci\u00f3n de Zamora <\/span> <div class=\"ai1ec-no-footer-padding\"><\/div> <\/div> <\/div> <div class=\"ai1ec-event ai1ec-event-id-2394 ai1ec-event-instance-id-131 \" data-ticket-url=\"https&#x3A;&#x2F;&#x2F;www.redentradas.com&#x2F;&#x3F;entradas&#x3D;el-clave-del-emperador&amp;provincia&#x3D;granada&amp;cpro&#x3D;18&amp;eid&#x3D;2354\" data-end=\"\"> <div class=\"ai1ec-event-wrap ai1ec-clearfix\"> <div class=\"ai1ec-date-block-wrap\" > <a class=\"ai1ec-load-view\" href=\"https&#x3A;&#x2F;&#x2F;www.todoslostonosyayres.com&#x2F;en&#x2F;&#x3F;page_id&#x3D;614&#x2F;action&#x7E;oneday&#x2F;exact_date&#x7E;26-3-2023&#x2F;\"> <div class=\"ai1ec-date\"> <div class=\"ai1ec-month\">Mar<\/div> <div class=\"ai1ec-day\">26<\/div> <div class=\"ai1ec-weekday\">Sun<\/div> <div class=\"ai1ec-year\">2023<\/div> <\/div> <\/a> <\/div> <div class=\"ai1ec-event-title-wrap ai1ec-clearfix\"> <div class=\"ai1ec-event-title\" title=\"Festival&#x20;de&#x20;M&#x00FA;sica&#x20;Antigua&#x20;y&#x20;Sacra&#x20;de&#x20;Getafe\"><div> <a class=\"ai1ec-load-event\" href=\"https&#x3A;&#x2F;&#x2F;www.todoslostonosyayres.com&#x2F;en&#x2F;event&#x2F;festival-musica-antigua-sacra-getafe-2023&#x2F;&#x3F;instance_id&#x3D;131\" > Festival de M\u00fasica Antigua y Sacra de Getafe <\/a> <\/div><\/div> <div class=\"ai1ec-event-time\"> Mar 26 @ 9:00 pm \u2013 10:30 pm <\/div> <\/div> <div class=\"ai1ec-posterboard-image-container\"> <a class=\"ai1ec-load-event\" href=\"https&#x3A;&#x2F;&#x2F;www.todoslostonosyayres.com&#x2F;en&#x2F;event&#x2F;festival-musica-antigua-sacra-getafe-2023&#x2F;&#x3F;instance_id&#x3D;131\"> <div class=\"ai1ec-posterboard-image\" style=\"background-image: url(https&#x3A;&#x2F;&#x2F;www.todoslostonosyayres.com&#x2F;wp-content&#x2F;uploads&#x2F;2022&#x2F;10&#x2F;FR_ECDE_023_LR_TyA-300x200.jpg);\"> <\/div> <\/a> <div class=\"ai1ec-posterboard-time\"> 9:00 pm <\/div> <div class=\"ai1ec-sas-actions ai1ec-btn-group ai1ec-clearfix\"> <a href=\"#\" target=\"_blank\" class=\"ai1ec-sas-action ai1ec-btn ai1ec-btn-primary ai1ec-btn-xs ai1ec-btn-sm ai1ec-sas-action-tickets\"> <i class=\"ai1ec-fa ai1ec-fa-ticket\"><\/i> <span class=\"ai1ec-hidden-xs\">Tickets<\/span> <\/a> <\/div> <div class=\"ai1ec-event-description\"> Concierto El clave del Emperador: tras el legado de Diego de Pantoja en la XXXII edici\u00f3n del Festival de M\u00fasica Antigua y Sacra de Getafe. Domingo 26 de marzo de 2023 a las 21:00h en[...] <\/div> <\/div> <span class=\"ai1ec-event-location\"> <i class=\"ai1ec-fa ai1ec-fa-map-marker\"><\/i> Catedral Santa Mar\u00eda Magdalena de Getafe <\/span> <div class=\"ai1ec-no-footer-padding\"><\/div> <\/div> <\/div> <div class=\"ai1ec-event ai1ec-event-id-2332 ai1ec-event-instance-id-129 \" data-ticket-url=\"https&#x3A;&#x2F;&#x2F;www.redentradas.com&#x2F;&#x3F;entradas&#x3D;el-clave-del-emperador&amp;provincia&#x3D;granada&amp;cpro&#x3D;18&amp;eid&#x3D;2354\" data-end=\"\"> <div class=\"ai1ec-event-wrap ai1ec-clearfix\"> <div class=\"ai1ec-date-block-wrap\" > <a class=\"ai1ec-load-view\" href=\"https&#x3A;&#x2F;&#x2F;www.todoslostonosyayres.com&#x2F;en&#x2F;&#x3F;page_id&#x3D;614&#x2F;action&#x7E;oneday&#x2F;exact_date&#x7E;24-2-2023&#x2F;\"> <div class=\"ai1ec-date\"> <div class=\"ai1ec-month\">Feb<\/div> <div class=\"ai1ec-day\">24<\/div> <div class=\"ai1ec-weekday\">Fri<\/div> <div class=\"ai1ec-year\">2023<\/div> <\/div> <\/a> <\/div> <div class=\"ai1ec-event-title-wrap ai1ec-clearfix\"> <div class=\"ai1ec-event-title\" title=\"El&#x20;clave&#x20;del&#x20;Emperador&#x20;&#x28;Auditorio&#x20;Manuel&#x20;de&#x20;Falla&#x29;\"><div> <a class=\"ai1ec-load-event\" href=\"https&#x3A;&#x2F;&#x2F;www.todoslostonosyayres.com&#x2F;en&#x2F;event&#x2F;el-clave-del-emperador-auditorio-manuel-de-falla&#x2F;&#x3F;instance_id&#x3D;129\" > El clave del Emperador (Auditorio Manuel de Falla) <\/a> <\/div><\/div> <div class=\"ai1ec-event-time\"> Feb 24 @ 8:00 pm \u2013 9:30 pm <\/div> <\/div> <div class=\"ai1ec-posterboard-image-container\"> <a class=\"ai1ec-load-event\" href=\"https&#x3A;&#x2F;&#x2F;www.todoslostonosyayres.com&#x2F;en&#x2F;event&#x2F;el-clave-del-emperador-auditorio-manuel-de-falla&#x2F;&#x3F;instance_id&#x3D;129\"> <div class=\"ai1ec-posterboard-image\" style=\"background-image: url(https&#x3A;&#x2F;&#x2F;www.todoslostonosyayres.com&#x2F;wp-content&#x2F;uploads&#x2F;2022&#x2F;11&#x2F;El-clave-del-emperador-Auditorio-Manuel-de-Falla-2023-LR-207x300.jpg);\"> <\/div> <\/a> <div class=\"ai1ec-posterboard-time\"> 8:00 pm <\/div> <div class=\"ai1ec-sas-actions ai1ec-btn-group ai1ec-clearfix\"> <a href=\"#\" target=\"_blank\" class=\"ai1ec-sas-action ai1ec-btn ai1ec-btn-primary ai1ec-btn-xs ai1ec-btn-sm ai1ec-sas-action-tickets\"> <i class=\"ai1ec-fa ai1ec-fa-ticket\"><\/i> <span class=\"ai1ec-hidden-xs\">Tickets<\/span> <\/a> <\/div> <div class=\"ai1ec-event-description\"> Concierto El clave del Emperador: tras el legado de Diego de Pantoja en el Auditorio Manuel de Falla de Granada. Viernes 24 de febrero de 2023 a las 20:00h. Programa: http:\/\/www.manueldefalla.org\/actividades.php?idactividad=1453 Entradas en RedEntradas. &nbsp; <\/div> <\/div> <span class=\"ai1ec-event-location\"> <i class=\"ai1ec-fa ai1ec-fa-map-marker\"><\/i> Auditorio Manuel de Falla <\/span> <div class=\"ai1ec-no-footer-padding\"><\/div> <\/div> <\/div> <\/div> <div class=\"ai1ec-pull-left\"><\/div> <\/div> <\/div> <div class=\"ai1ec-subscribe-container ai1ec-pull-right ai1ec-btn-group\"> <div class=\"ai1ec-subscribe-dropdown ai1ec-dropdown ai1ec-dropup ai1ec-btn ai1ec-btn-default ai1ec-btn-sm\"> <span role=\"button\" class=\"ai1ec-dropdown-toggle ai1ec-subscribe\" data-toggle=\"ai1ec-dropdown\"> <i class=\"ai1ec-fa ai1ec-icon-rss ai1ec-fa-lg ai1ec-fa-fw\"><\/i> <span class=\"ai1ec-hidden-xs\"> Subscribe to filtered calendar <span class=\"ai1ec-caret\"><\/span> <\/span> <\/span> <ul class=\"ai1ec-dropdown-menu ai1ec-pull-right\" role=\"menu\"> <li> <a class=\"ai1ec-tooltip-trigger ai1ec-tooltip-auto\" target=\"_blank\" data-placement=\"left\" title=\"Copy this URL for your own Timely calendar or click to add to your rich-text calendar\" href=\"http&#x3A;&#x2F;&#x2F;www.todoslostonosyayres.com&#x2F;&#x3F;plugin&#x3D;all-in-one-event-calendar&amp;controller&#x3D;ai1ec_exporter_controller&amp;action&#x3D;export_events&amp;ai1ec_cat_ids&#x3D;33&amp;ai1ec_tag_ids&#x3D;80\"> <i class=\"ai1ec-fa ai1ec-fa-lg ai1ec-fa-fw ai1ec-icon-timely\"><\/i> Add to Timely Calendar <\/a> <\/li> <li> <a class=\"ai1ec-tooltip-trigger ai1ec-tooltip-auto\" target=\"_blank\" data-placement=\"left\" title=\"Subscribe to this calendar in your Google Calendar\" href=\"https:\/\/www.google.com\/calendar\/render?cid=http&#x25;3A&#x25;2F&#x25;2Fwww.todoslostonosyayres.com&#x25;2F&#x25;3Fplugin&#x25;3Dall-in-one-event-calendar&#x25;26controller&#x25;3Dai1ec_exporter_controller&#x25;26action&#x25;3Dexport_events&#x25;26no_html&#x25;3Dtrue&#x25;26ai1ec_cat_ids&#x25;3D33&#x25;26ai1ec_tag_ids&#x25;3D80&#x25;26&#x25;26\"> <i class=\"ai1ec-fa ai1ec-icon-google ai1ec-fa-lg ai1ec-fa-fw\"><\/i> Add to Google <\/a> <\/li> <li> <a class=\"ai1ec-tooltip-trigger ai1ec-tooltip-auto\" target=\"_blank\" data-placement=\"left\" title=\"Subscribe to this calendar in MS Outlook\" href=\"webcal&#x3A;&#x2F;&#x2F;www.todoslostonosyayres.com&#x2F;&#x3F;plugin&#x3D;all-in-one-event-calendar&amp;controller&#x3D;ai1ec_exporter_controller&amp;action&#x3D;export_events&amp;no_html&#x3D;true&amp;ai1ec_cat_ids&#x3D;33&amp;ai1ec_tag_ids&#x3D;80\"> <i class=\"ai1ec-fa ai1ec-icon-windows ai1ec-fa-lg ai1ec-fa-fw\"><\/i> Add to Outlook <\/a> <\/li> <li> <a class=\"ai1ec-tooltip-trigger ai1ec-tooltip-auto\" target=\"_blank\" data-placement=\"left\" title=\"Subscribe to this calendar in Apple Calendar\/iCal\" href=\"webcal&#x3A;&#x2F;&#x2F;www.todoslostonosyayres.com&#x2F;&#x3F;plugin&#x3D;all-in-one-event-calendar&amp;controller&#x3D;ai1ec_exporter_controller&amp;action&#x3D;export_events&amp;no_html&#x3D;true&amp;ai1ec_cat_ids&#x3D;33&amp;ai1ec_tag_ids&#x3D;80\"> <i class=\"ai1ec-fa ai1ec-icon-apple ai1ec-fa-lg ai1ec-fa-fw\"><\/i> Add to Apple Calendar <\/a> <\/li> <li> <a class=\"ai1ec-tooltip-trigger ai1ec-tooltip-auto\" data-placement=\"left\" title=\"Subscribe to this calendar in another plain-text calendar\" href=\"http&#x3A;&#x2F;&#x2F;www.todoslostonosyayres.com&#x2F;&#x3F;plugin&#x3D;all-in-one-event-calendar&amp;controller&#x3D;ai1ec_exporter_controller&amp;action&#x3D;export_events&amp;no_html&#x3D;true&amp;ai1ec_cat_ids&#x3D;33&amp;ai1ec_tag_ids&#x3D;80\"> <i class=\"ai1ec-fa ai1ec-icon-calendar ai1ec-fa-fw\"><\/i> Add to other calendar <\/a> <\/li> <li> <a class=\"ai1ec-tooltip-trigger ai1ec-tooltip-auto\" data-placement=\"left\" title=\"\" href=\"http&#x3A;&#x2F;&#x2F;www.todoslostonosyayres.com&#x2F;&#x3F;plugin&#x3D;all-in-one-event-calendar&amp;controller&#x3D;ai1ec_exporter_controller&amp;action&#x3D;export_events&amp;ai1ec_cat_ids&#x3D;33&amp;ai1ec_tag_ids&#x3D;80&xml=true\"> <i class=\"ai1ec-fa ai1ec-fa-file-text ai1ec-fa-lg ai1ec-fa-fw\"><\/i> Export to XML <\/a> <\/li> <\/ul> <\/div> <\/div> <\/div><!-- \/.timely --> <\/div> <!-- END All-in-One Event Calendar Plugin --> \n\n\t\t<\/div>\n\t<\/div>\n<\/div><\/div><div class=\"vc_tta-panel\" id=\"1668772298035-600dd5dd-b035\" data-vc-content=\".vc_tta-panel-body\"><div class=\"vc_tta-panel-heading\"><h3 class=\"vc_tta-panel-title\"><a href=\"#1668772298035-600dd5dd-b035\" data-vc-accordion data-vc-container=\".vc_tta-container\"><span class=\"vc_tta-title-text\">2022<\/span><\/a><\/h3><\/div><div class=\"vc_tta-panel-body\">\n\t<div class=\"wpb_text_column wpb_content_element\" >\n\t\t<div class=\"wpb_wrapper\">\n\t\t\t<!-- START All-in-One Event Calendar Plugin - Version 3.0.0 --> <div id=\"ai1ec-container\" class=\"ai1ec-main-container \"> <!-- AI1EC_PAGE_CONTENT_PLACEHOLDER --> <div id=\"ai1ec-calendar\" class=\"timely ai1ec-calendar\"> <div id=\"ai1ec-calendar-view-container\" class=\"ai1ec-calendar-view-container\"> <div id=\"ai1ec-calendar-view-loading\" class=\"ai1ec-loading ai1ec-calendar-view-loading\"><\/div> <div id=\"ai1ec-calendar-view\" class=\"ai1ec-calendar-view\"> <div class=\"ai1ec-posterboard-view ai1ec-clearfix ai1ec-posterboard-aligned ai1ec-posterboard-no-footer \" data-ai1ec-tile-min-width=\"240\" data-ai1ec-posterboard-equal-height=\"1\" data-ai1ec-posterboard-mode=\"0\"> <div class=\"ai1ec-event ai1ec-event-id-2099 ai1ec-event-instance-id-127 \" data-end=\"\"> <div class=\"ai1ec-event-wrap ai1ec-clearfix\"> <div class=\"ai1ec-date-block-wrap\" > <a class=\"ai1ec-load-view\" href=\"https&#x3A;&#x2F;&#x2F;www.todoslostonosyayres.com&#x2F;en&#x2F;&#x3F;page_id&#x3D;614&#x2F;action&#x7E;oneday&#x2F;exact_date&#x7E;23-11-2022&#x2F;\"> <div class=\"ai1ec-date\"> <div class=\"ai1ec-month\">Nov<\/div> <div class=\"ai1ec-day\">23<\/div> <div class=\"ai1ec-weekday\">Wed<\/div> <div class=\"ai1ec-year\">2022<\/div> <\/div> <\/a> <\/div> <div class=\"ai1ec-event-title-wrap ai1ec-clearfix\"> <div class=\"ai1ec-event-title\" title=\"El&#x20;clave&#x20;del&#x20;Emperador&#x20;&#x28;Ja&#x00E9;n&#x29;\"><div> <a class=\"ai1ec-load-event\" href=\"https&#x3A;&#x2F;&#x2F;www.todoslostonosyayres.com&#x2F;en&#x2F;event&#x2F;el-clave-del-emperador-jaen&#x2F;&#x3F;instance_id&#x3D;127\" > El clave del Emperador (Ja\u00e9n) <\/a> <\/div><\/div> <div class=\"ai1ec-event-time\"> Nov 23 @ 8:00 pm \u2013 9:30 pm <\/div> <\/div> <div class=\"ai1ec-posterboard-image-container\"> <a class=\"ai1ec-load-event\" href=\"https&#x3A;&#x2F;&#x2F;www.todoslostonosyayres.com&#x2F;en&#x2F;event&#x2F;el-clave-del-emperador-jaen&#x2F;&#x3F;instance_id&#x3D;127\"> <div class=\"ai1ec-posterboard-image\" style=\"background-image: url(https&#x3A;&#x2F;&#x2F;www.todoslostonosyayres.com&#x2F;wp-content&#x2F;uploads&#x2F;Conciertos&#x2F;Portada_El_clave_del_Emperador_Banner_new-300x225.jpeg);\"> <\/div> <\/a> <div class=\"ai1ec-posterboard-time\"> 8:00 pm <\/div> <div class=\"ai1ec-sas-actions ai1ec-btn-group ai1ec-clearfix\"> <a href=\"#\" target=\"_blank\" class=\"ai1ec-sas-action ai1ec-btn ai1ec-btn-primary ai1ec-btn-xs ai1ec-btn-sm ai1ec-sas-action-tickets\"> <i class=\"ai1ec-fa ai1ec-fa-ticket\"><\/i> <span class=\"ai1ec-hidden-xs\">Tickets<\/span> <\/a> <\/div> <div class=\"ai1ec-event-description\"> Concierto El clave del Emperador: tras el legado de Diego de Pantoja en el Museo \u00cdbero de Ja\u00e9n. Mi\u00e9rcoles d\u00eda 23 de noviembre de 2022 a las 20:00h en el Museo \u00cdbero de Ja\u00e9n. <\/div> <\/div> <span class=\"ai1ec-event-location\"> <i class=\"ai1ec-fa ai1ec-fa-map-marker\"><\/i> Museo \u00cdbero <\/span> <div class=\"ai1ec-no-footer-padding\"><\/div> <\/div> <\/div> <div class=\"ai1ec-event ai1ec-event-id-2056 ai1ec-event-instance-id-114 \" data-ticket-url=\"https&#x3A;&#x2F;&#x2F;web.ua.es&#x2F;es&#x2F;upua&#x2F;actividades&#x2F;2021-22&#x2F;ruta-de-la-seda&#x2F;procedimiento-de-inscripcion.html\" data-end=\"\"> <div class=\"ai1ec-event-wrap ai1ec-clearfix\"> <div class=\"ai1ec-date-block-wrap\" > <a class=\"ai1ec-load-view\" href=\"https&#x3A;&#x2F;&#x2F;www.todoslostonosyayres.com&#x2F;en&#x2F;&#x3F;page_id&#x3D;614&#x2F;action&#x7E;oneday&#x2F;exact_date&#x7E;21-9-2022&#x2F;\"> <div class=\"ai1ec-date\"> <div class=\"ai1ec-month\">Sep<\/div> <div class=\"ai1ec-day\">21<\/div> <div class=\"ai1ec-weekday\">Wed<\/div> <div class=\"ai1ec-year\">2022<\/div> <\/div> <\/a> <\/div> <div class=\"ai1ec-event-title-wrap ai1ec-clearfix\"> <div class=\"ai1ec-event-title\" title=\"Viaje&#x20;sensorial&#x20;a&#x20;lo&#x20;largo&#x20;de&#x20;la&#x20;Ruta&#x20;de&#x20;la&#x20;Seda\"><div> <a class=\"ai1ec-load-event\" href=\"https&#x3A;&#x2F;&#x2F;www.todoslostonosyayres.com&#x2F;en&#x2F;event&#x2F;viaje-sensorial-a-lo-largo-de-la-ruta-de-la-seda&#x2F;&#x3F;instance_id&#x3D;114\" > Viaje sensorial a lo largo de la Ruta de la Seda <\/a> <\/div><\/div> <div class=\"ai1ec-event-time\"> Sep 21 @ 11:30 pm \u2013 Sep 22 @ 1:30 am <\/div> <\/div> <div class=\"ai1ec-posterboard-image-container\"> <a class=\"ai1ec-load-event\" href=\"https&#x3A;&#x2F;&#x2F;www.todoslostonosyayres.com&#x2F;en&#x2F;event&#x2F;viaje-sensorial-a-lo-largo-de-la-ruta-de-la-seda&#x2F;&#x3F;instance_id&#x3D;114\"> <div class=\"ai1ec-posterboard-image\" style=\"background-image: url(https&#x3A;&#x2F;&#x2F;www.todoslostonosyayres.com&#x2F;wp-content&#x2F;uploads&#x2F;Conferencias&#x2F;UA2022&#x2F;Viaje-sensorial-Ruta-Seda-300x225.png);\"> <\/div> <\/a> <div class=\"ai1ec-posterboard-time\"> 11:30 pm <\/div> <div class=\"ai1ec-sas-actions ai1ec-btn-group ai1ec-clearfix\"> <a href=\"#\" target=\"_blank\" class=\"ai1ec-sas-action ai1ec-btn ai1ec-btn-primary ai1ec-btn-xs ai1ec-btn-sm ai1ec-sas-action-tickets\"> <i class=\"ai1ec-fa ai1ec-fa-ticket\"><\/i> <span class=\"ai1ec-hidden-xs\">Tickets<\/span> <\/a> <\/div> <div class=\"ai1ec-event-description\"> Seminario Internacional: Viaje sensorial a lo largo de la Ruta de la Seda celebrado del 19 al 23 de septiembre de 2022 en la Sede Universitaria de Villajoyosa organizado por la Universidad Permanente de la[...] <\/div> <\/div> <span class=\"ai1ec-event-location\"> <i class=\"ai1ec-fa ai1ec-fa-map-marker\"><\/i> Sede Universitaria de Villajoyosa <\/span> <div class=\"ai1ec-no-footer-padding\"><\/div> <\/div> <\/div> <div class=\"ai1ec-event ai1ec-event-id-2097 ai1ec-event-instance-id-119 \" data-end=\"\"> <div class=\"ai1ec-event-wrap ai1ec-clearfix\"> <div class=\"ai1ec-date-block-wrap\" > <a class=\"ai1ec-load-view\" href=\"https&#x3A;&#x2F;&#x2F;www.todoslostonosyayres.com&#x2F;en&#x2F;&#x3F;page_id&#x3D;614&#x2F;action&#x7E;oneday&#x2F;exact_date&#x7E;16-9-2022&#x2F;\"> <div class=\"ai1ec-date\"> <div class=\"ai1ec-month\">Sep<\/div> <div class=\"ai1ec-day\">16<\/div> <div class=\"ai1ec-weekday\">Fri<\/div> <div class=\"ai1ec-year\">2022<\/div> <\/div> <\/a> <\/div> <div class=\"ai1ec-event-title-wrap ai1ec-clearfix\"> <div class=\"ai1ec-event-title\" title=\"XIV&#x20;Recital&#x20;de&#x20;poes&#x00ED;a&#x20;china\"><div> <a class=\"ai1ec-load-event\" href=\"https&#x3A;&#x2F;&#x2F;www.todoslostonosyayres.com&#x2F;en&#x2F;event&#x2F;xiv-recital-de-poesia-china&#x2F;&#x3F;instance_id&#x3D;119\" > XIV Recital de poes\u00eda china <\/a> <\/div><\/div> <div class=\"ai1ec-event-time\"> Sep 16 @ 7:00 pm \u2013 8:15 pm <\/div> <\/div> <div class=\"ai1ec-posterboard-image-container\"> <a class=\"ai1ec-load-event\" href=\"https&#x3A;&#x2F;&#x2F;www.todoslostonosyayres.com&#x2F;en&#x2F;event&#x2F;xiv-recital-de-poesia-china&#x2F;&#x3F;instance_id&#x3D;119\"> <div class=\"ai1ec-posterboard-image\" style=\"background-image: url(https&#x3A;&#x2F;&#x2F;www.todoslostonosyayres.com&#x2F;wp-content&#x2F;uploads&#x2F;Galeria&#x2F;ICV2019&#x2F;ICV2019_IMG_0120_edited_menu-1-300x200.jpg);\"> <\/div> <\/a> <div class=\"ai1ec-posterboard-time\"> 7:00 pm <\/div> <div class=\"ai1ec-sas-actions ai1ec-btn-group ai1ec-clearfix\"> <a href=\"#\" target=\"_blank\" class=\"ai1ec-sas-action ai1ec-btn ai1ec-btn-primary ai1ec-btn-xs ai1ec-btn-sm ai1ec-sas-action-tickets\"> <i class=\"ai1ec-fa ai1ec-fa-ticket\"><\/i> <span class=\"ai1ec-hidden-xs\">Tickets<\/span> <\/a> <\/div> <div class=\"ai1ec-event-description\"> XIV recital de poes\u00eda china para la celebraci\u00f3n del Festival de Medio Oto\u00f1o organizado por el Instituto Confucio de la Universidad de Granada en colaboraci\u00f3n con el Seminario de Estudios Asi\u00e1ticos celebrado el viernes 16[...] <\/div> <\/div> <span class=\"ai1ec-event-location\"> <i class=\"ai1ec-fa ai1ec-fa-map-marker\"><\/i> Huerta de San Vicente <\/span> <div class=\"ai1ec-no-footer-padding\"><\/div> <\/div> <\/div> <div class=\"ai1ec-event ai1ec-event-id-1943 ai1ec-event-instance-id-99 \" data-end=\"\"> <div class=\"ai1ec-event-wrap ai1ec-clearfix\"> <div class=\"ai1ec-date-block-wrap\" > <a class=\"ai1ec-load-view\" href=\"https&#x3A;&#x2F;&#x2F;www.todoslostonosyayres.com&#x2F;en&#x2F;&#x3F;page_id&#x3D;614&#x2F;action&#x7E;oneday&#x2F;exact_date&#x7E;3-8-2022&#x2F;\"> <div class=\"ai1ec-date\"> <div class=\"ai1ec-month\">Aug<\/div> <div class=\"ai1ec-day\">3<\/div> <div class=\"ai1ec-weekday\">Wed<\/div> <div class=\"ai1ec-year\">2022<\/div> <\/div> <\/a> <\/div> <div class=\"ai1ec-event-title-wrap ai1ec-clearfix\"> <div class=\"ai1ec-event-title\" title=\"Festival&#x20;Internacional&#x20;de&#x20;Santander&#x20;&#x28;Marr&#x00F3;n,&#x20;Ampuero&#x29;\"><div> <a class=\"ai1ec-load-event\" href=\"https&#x3A;&#x2F;&#x2F;www.todoslostonosyayres.com&#x2F;en&#x2F;event&#x2F;festival-internacional-santander-ampuero&#x2F;&#x3F;instance_id&#x3D;99\" > Festival Internacional de Santander (Marr\u00f3n, Ampuero) <\/a> <\/div><\/div> <div class=\"ai1ec-event-time\"> Aug 3 @ 8:15 pm \u2013 9:45 pm <\/div> <\/div> <div class=\"ai1ec-posterboard-image-container\"> <a class=\"ai1ec-load-event\" href=\"https&#x3A;&#x2F;&#x2F;www.todoslostonosyayres.com&#x2F;en&#x2F;event&#x2F;festival-internacional-santander-ampuero&#x2F;&#x3F;instance_id&#x3D;99\"> <div class=\"ai1ec-posterboard-image\" style=\"background-image: url(https&#x3A;&#x2F;&#x2F;www.todoslostonosyayres.com&#x2F;wp-content&#x2F;uploads&#x2F;Conciertos&#x2F;Portada_El_clave_del_Emperador_Banner_new-300x225.jpeg);\"> <\/div> <\/a> <div class=\"ai1ec-posterboard-time\"> 8:15 pm <\/div> <div class=\"ai1ec-sas-actions ai1ec-btn-group ai1ec-clearfix\"> <a href=\"#\" target=\"_blank\" class=\"ai1ec-sas-action ai1ec-btn ai1ec-btn-primary ai1ec-btn-xs ai1ec-btn-sm ai1ec-sas-action-tickets\"> <i class=\"ai1ec-fa ai1ec-fa-ticket\"><\/i> <span class=\"ai1ec-hidden-xs\">Tickets<\/span> <\/a> <\/div> <div class=\"ai1ec-event-description\"> Concierto El clave del Emperador: tras el legado de Diego de Pantoja en el Ciclo M\u00fasica en los Marcos Hist\u00f3rico del Festival Internacional de Santander de 2022. Mi\u00e9rcoles d\u00eda 3 de agosto a las 20:15h[...] <\/div> <\/div> <span class=\"ai1ec-event-location\"> <i class=\"ai1ec-fa ai1ec-fa-map-marker\"><\/i> Santuario de la Bien Aparecida, Marr\u00f3n, Ampuero <\/span> <div class=\"ai1ec-no-footer-padding\"><\/div> <\/div> <\/div> <div class=\"ai1ec-event ai1ec-event-id-1941 ai1ec-event-instance-id-97 \" data-end=\"\"> <div class=\"ai1ec-event-wrap ai1ec-clearfix\"> <div class=\"ai1ec-date-block-wrap\" > <a class=\"ai1ec-load-view\" href=\"https&#x3A;&#x2F;&#x2F;www.todoslostonosyayres.com&#x2F;en&#x2F;&#x3F;page_id&#x3D;614&#x2F;action&#x7E;oneday&#x2F;exact_date&#x7E;2-8-2022&#x2F;\"> <div class=\"ai1ec-date\"> <div class=\"ai1ec-month\">Aug<\/div> <div class=\"ai1ec-day\">2<\/div> <div class=\"ai1ec-weekday\">Tue<\/div> <div class=\"ai1ec-year\">2022<\/div> <\/div> <\/a> <\/div> <div class=\"ai1ec-event-title-wrap ai1ec-clearfix\"> <div class=\"ai1ec-event-title\" title=\"Festival&#x20;Internacional&#x20;de&#x20;Santander&#x20;&#x28;Torrelavega&#x29;\"><div> <a class=\"ai1ec-load-event\" href=\"https&#x3A;&#x2F;&#x2F;www.todoslostonosyayres.com&#x2F;en&#x2F;event&#x2F;festival-internacional-santander-torrelavega&#x2F;&#x3F;instance_id&#x3D;97\" > Festival Internacional de Santander (Torrelavega) <\/a> <\/div><\/div> <div class=\"ai1ec-event-time\"> Aug 2 @ 9:00 pm \u2013 10:30 pm <\/div> <\/div> <div class=\"ai1ec-posterboard-image-container\"> <a class=\"ai1ec-load-event\" href=\"https&#x3A;&#x2F;&#x2F;www.todoslostonosyayres.com&#x2F;en&#x2F;event&#x2F;festival-internacional-santander-torrelavega&#x2F;&#x3F;instance_id&#x3D;97\"> <div class=\"ai1ec-posterboard-image\" style=\"background-image: url(https&#x3A;&#x2F;&#x2F;www.todoslostonosyayres.com&#x2F;wp-content&#x2F;uploads&#x2F;Conciertos&#x2F;Portada_El_clave_del_Emperador_Banner_new-300x225.jpeg);\"> <\/div> <\/a> <div class=\"ai1ec-posterboard-time\"> 9:00 pm <\/div> <div class=\"ai1ec-sas-actions ai1ec-btn-group ai1ec-clearfix\"> <a href=\"#\" target=\"_blank\" class=\"ai1ec-sas-action ai1ec-btn ai1ec-btn-primary ai1ec-btn-xs ai1ec-btn-sm ai1ec-sas-action-tickets\"> <i class=\"ai1ec-fa ai1ec-fa-ticket\"><\/i> <span class=\"ai1ec-hidden-xs\">Tickets<\/span> <\/a> <\/div> <div class=\"ai1ec-event-description\"> El clave del Emperador: tras el legado de Diego de Pantoja abre el Ciclo M\u00fasica en los Marcos Hist\u00f3rico del Festival Internacional de Santander de 2022. Martes d\u00eda 2 de agosto a las 21h en[...] <\/div> <\/div> <span class=\"ai1ec-event-location\"> <i class=\"ai1ec-fa ai1ec-fa-map-marker\"><\/i> Iglesia de Ntra. Se\u00f1ora de la Asunci\u00f3n, Torrelavega <\/span> <div class=\"ai1ec-no-footer-padding\"><\/div> <\/div> <\/div> <div class=\"ai1ec-event ai1ec-event-id-2064 ai1ec-event-instance-id-125 \" data-end=\"\"> <div class=\"ai1ec-event-wrap ai1ec-clearfix\"> <div class=\"ai1ec-date-block-wrap\" > <a class=\"ai1ec-load-view\" href=\"https&#x3A;&#x2F;&#x2F;www.todoslostonosyayres.com&#x2F;en&#x2F;&#x3F;page_id&#x3D;614&#x2F;action&#x7E;oneday&#x2F;exact_date&#x7E;28-7-2022&#x2F;\"> <div class=\"ai1ec-date\"> <div class=\"ai1ec-month\">Jul<\/div> <div class=\"ai1ec-day\">28<\/div> <div class=\"ai1ec-weekday\">Thu<\/div> <div class=\"ai1ec-year\">2022<\/div> <\/div> <\/a> <\/div> <div class=\"ai1ec-event-title-wrap ai1ec-clearfix\"> <div class=\"ai1ec-event-title\" title=\"Los&#x20;infinitos&#x20;jades&#x20;&#x28;Casa&#x20;Museo&#x20;Antonio&#x20;Gala&#x29;\"><div> <a class=\"ai1ec-load-event\" href=\"https&#x3A;&#x2F;&#x2F;www.todoslostonosyayres.com&#x2F;en&#x2F;event&#x2F;los-infinitos-jades-casa-museo-antonio-gala&#x2F;&#x3F;instance_id&#x3D;125\" > Los infinitos jades (Casa Museo Antonio Gala) <\/a> <\/div><\/div> <div class=\"ai1ec-event-time\"> Jul 28 @ 9:00 pm \u2013 10:15 pm <\/div> <\/div> <div class=\"ai1ec-posterboard-image-container\"> <a class=\"ai1ec-load-event\" href=\"https&#x3A;&#x2F;&#x2F;www.todoslostonosyayres.com&#x2F;en&#x2F;event&#x2F;los-infinitos-jades-casa-museo-antonio-gala&#x2F;&#x3F;instance_id&#x3D;125\"> <div class=\"ai1ec-posterboard-image\" style=\"background-image: url(https&#x3A;&#x2F;&#x2F;www.todoslostonosyayres.com&#x2F;wp-content&#x2F;uploads&#x2F;Galeria&#x2F;ICV2019&#x2F;ICV2019_IMG_0120_edited_menu.jpg);\"> <\/div> <\/a> <div class=\"ai1ec-posterboard-time\"> 9:00 pm <\/div> <div class=\"ai1ec-sas-actions ai1ec-btn-group ai1ec-clearfix\"> <a href=\"#\" target=\"_blank\" class=\"ai1ec-sas-action ai1ec-btn ai1ec-btn-primary ai1ec-btn-xs ai1ec-btn-sm ai1ec-sas-action-tickets\"> <i class=\"ai1ec-fa ai1ec-fa-ticket\"><\/i> <span class=\"ai1ec-hidden-xs\">Tickets<\/span> <\/a> <\/div> <div class=\"ai1ec-event-description\"> Concierto Los infinitos jades: Colores de China para versos de Antonio Gala el 28 de julio de 2022 en la Casa Museo Antonio Gala, La Baltasara, Alhaur\u00edn el Grande. M\u00fasica antigua china en di\u00e1logo con[...] <\/div> <\/div> <span class=\"ai1ec-event-location\"> <i class=\"ai1ec-fa ai1ec-fa-map-marker\"><\/i> Alhaur\u00edn el Grande <\/span> <div class=\"ai1ec-no-footer-padding\"><\/div> <\/div> <\/div> <div class=\"ai1ec-event ai1ec-event-id-1945 ai1ec-event-instance-id-101 \" data-ticket-url=\"https&#x3A;&#x2F;&#x2F;unientradas.es&#x2F;alcazabaygibralfaro&#x2F;\" data-end=\"\"> <div class=\"ai1ec-event-wrap ai1ec-clearfix\"> <div class=\"ai1ec-date-block-wrap\" > <a class=\"ai1ec-load-view\" href=\"https&#x3A;&#x2F;&#x2F;www.todoslostonosyayres.com&#x2F;en&#x2F;&#x3F;page_id&#x3D;614&#x2F;action&#x7E;oneday&#x2F;exact_date&#x7E;15-7-2022&#x2F;\"> <div class=\"ai1ec-date\"> <div class=\"ai1ec-month\">Jul<\/div> <div class=\"ai1ec-day\">15<\/div> <div class=\"ai1ec-weekday\">Fri<\/div> <div class=\"ai1ec-year\">2022<\/div> <\/div> <\/a> <\/div> <div class=\"ai1ec-event-title-wrap ai1ec-clearfix\"> <div class=\"ai1ec-event-title\" title=\"Ciclo&#x20;Noches&#x20;en&#x20;Gibralfaro&#x20;&#x28;M&#x00E1;laga&#x29;\"><div> <a class=\"ai1ec-load-event\" href=\"https&#x3A;&#x2F;&#x2F;www.todoslostonosyayres.com&#x2F;en&#x2F;event&#x2F;ciclo-noches-en-gibralfaro&#x2F;&#x3F;instance_id&#x3D;101\" > Ciclo Noches en Gibralfaro (M\u00e1laga) <\/a> <\/div><\/div> <div class=\"ai1ec-event-time\"> Jul 15 @ 10:00 pm \u2013 11:30 pm <\/div> <\/div> <div class=\"ai1ec-posterboard-image-container\"> <a class=\"ai1ec-load-event\" href=\"https&#x3A;&#x2F;&#x2F;www.todoslostonosyayres.com&#x2F;en&#x2F;event&#x2F;ciclo-noches-en-gibralfaro&#x2F;&#x3F;instance_id&#x3D;101\"> <div class=\"ai1ec-posterboard-image\" style=\"background-image: url(https&#x3A;&#x2F;&#x2F;www.todoslostonosyayres.com&#x2F;wp-content&#x2F;uploads&#x2F;Conciertos&#x2F;Portada_El_clave_del_Emperador_Banner_new-300x225.jpeg);\"> <\/div> <\/a> <div class=\"ai1ec-posterboard-time\"> 10:00 pm <\/div> <div class=\"ai1ec-sas-actions ai1ec-btn-group ai1ec-clearfix\"> <a href=\"#\" target=\"_blank\" class=\"ai1ec-sas-action ai1ec-btn ai1ec-btn-primary ai1ec-btn-xs ai1ec-btn-sm ai1ec-sas-action-tickets\"> <i class=\"ai1ec-fa ai1ec-fa-ticket\"><\/i> <span class=\"ai1ec-hidden-xs\">Tickets<\/span> <\/a> <\/div> <div class=\"ai1ec-event-description\"> Concierto El clave del Emperador: tras el legado de Diego de Pantoja en el Ciclo Noches en Gibralfaro (M\u00e1laga). Viernes d\u00eda 15 de julio a las 22h en la Alcazaba. Noticias: Nueve conciertos amenizar\u00e1n las[...] <\/div> <\/div> <span class=\"ai1ec-event-location\"> <i class=\"ai1ec-fa ai1ec-fa-map-marker\"><\/i> Auditorio de la plaza de armas del Castillo de Gibralfaro <\/span> <div class=\"ai1ec-no-footer-padding\"><\/div> <\/div> <\/div> <div class=\"ai1ec-event ai1ec-event-id-1752 ai1ec-event-instance-id-112 \" data-end=\"\"> <div class=\"ai1ec-event-wrap ai1ec-clearfix\"> <div class=\"ai1ec-date-block-wrap\" > <a class=\"ai1ec-load-view\" href=\"https&#x3A;&#x2F;&#x2F;www.todoslostonosyayres.com&#x2F;en&#x2F;&#x3F;page_id&#x3D;614&#x2F;action&#x7E;oneday&#x2F;exact_date&#x7E;11-6-2022&#x2F;\"> <div class=\"ai1ec-date\"> <div class=\"ai1ec-month\">Jun<\/div> <div class=\"ai1ec-day\">11<\/div> <div class=\"ai1ec-weekday\">Sat<\/div> <div class=\"ai1ec-year\">2022<\/div> <\/div> <\/a> <\/div> <div class=\"ai1ec-event-title-wrap ai1ec-clearfix\"> <div class=\"ai1ec-event-title\" title=\"El&#x20;clave&#x20;del&#x20;Emperador&#x20;&#x28;Navalcarnero&#x29;\"><div> <a class=\"ai1ec-load-event\" href=\"https&#x3A;&#x2F;&#x2F;www.todoslostonosyayres.com&#x2F;en&#x2F;event&#x2F;el-clave-del-emperador-navalcarnero&#x2F;&#x3F;instance_id&#x3D;112\" > El clave del Emperador (Navalcarnero) <\/a> <\/div><\/div> <div class=\"ai1ec-event-time\"> Jun 11 @ 7:00 pm \u2013 8:30 pm <\/div> <\/div> <div class=\"ai1ec-posterboard-image-container\"> <a class=\"ai1ec-load-event\" href=\"https&#x3A;&#x2F;&#x2F;www.todoslostonosyayres.com&#x2F;en&#x2F;event&#x2F;el-clave-del-emperador-navalcarnero&#x2F;&#x3F;instance_id&#x3D;112\"> <div class=\"ai1ec-posterboard-image\" style=\"background-image: url(https&#x3A;&#x2F;&#x2F;www.todoslostonosyayres.com&#x2F;wp-content&#x2F;uploads&#x2F;Conciertos&#x2F;Portada_El_clave_del_Emperador_Banner_new-300x225.jpeg);\"> <\/div> <\/a> <div class=\"ai1ec-posterboard-time\"> 7:00 pm <\/div> <div class=\"ai1ec-sas-actions ai1ec-btn-group ai1ec-clearfix\"> <a href=\"#\" target=\"_blank\" class=\"ai1ec-sas-action ai1ec-btn ai1ec-btn-primary ai1ec-btn-xs ai1ec-btn-sm ai1ec-sas-action-tickets\"> <i class=\"ai1ec-fa ai1ec-fa-ticket\"><\/i> <span class=\"ai1ec-hidden-xs\">Tickets<\/span> <\/a> <\/div> <div class=\"ai1ec-event-description\"> El s\u00e1bado d\u00eda 11 de junio a las 19:00h se presenta el documental &#8220;Diego de Pantoja, SI: Puente entre Oriente y Occidente. De valdemoro a Beijing&#8221; y acto seguido (20:00h) tendr\u00e1 lugar el concierto &#8220;El[...] <\/div> <\/div> <span class=\"ai1ec-event-location\"> <i class=\"ai1ec-fa ai1ec-fa-map-marker\"><\/i> Teatro Municipal Centro <\/span> <div class=\"ai1ec-no-footer-padding\"><\/div> <\/div> <\/div> <div class=\"ai1ec-event ai1ec-event-id-2011 ai1ec-event-instance-id-113 \" data-end=\"\"> <div class=\"ai1ec-event-wrap ai1ec-clearfix\"> <div class=\"ai1ec-date-block-wrap\" > <a class=\"ai1ec-load-view\" href=\"https&#x3A;&#x2F;&#x2F;www.todoslostonosyayres.com&#x2F;en&#x2F;&#x3F;page_id&#x3D;614&#x2F;action&#x7E;oneday&#x2F;exact_date&#x7E;11-5-2022&#x2F;\"> <div class=\"ai1ec-date\"> <div class=\"ai1ec-month\">May<\/div> <div class=\"ai1ec-day\">11<\/div> <div class=\"ai1ec-weekday\">Wed<\/div> <div class=\"ai1ec-year\">2022<\/div> <\/div> <\/a> <\/div> <div class=\"ai1ec-event-title-wrap ai1ec-clearfix\"> <div class=\"ai1ec-event-title\" title=\"Conferencia&#x20;en&#x20;la&#x20;Universidade&#x20;NOVA&#x20;de&#x20;Lisboa\"><div> <a class=\"ai1ec-load-event\" href=\"https&#x3A;&#x2F;&#x2F;www.todoslostonosyayres.com&#x2F;en&#x2F;event&#x2F;conferencia-en-la-universidade-nova-de-lisboa&#x2F;&#x3F;instance_id&#x3D;113\" > Conferencia en la Universidade NOVA de Lisboa <\/a> <\/div><\/div> <div class=\"ai1ec-event-time\"> May 11 @ 6:00 pm \u2013 7:00 pm <\/div> <\/div> <div class=\"ai1ec-posterboard-image-container\"> <a class=\"ai1ec-load-event\" href=\"https&#x3A;&#x2F;&#x2F;www.todoslostonosyayres.com&#x2F;en&#x2F;event&#x2F;conferencia-en-la-universidade-nova-de-lisboa&#x2F;&#x3F;instance_id&#x3D;113\"> <div class=\"ai1ec-posterboard-image\" style=\"background-image: url(https&#x3A;&#x2F;&#x2F;www.todoslostonosyayres.com&#x2F;wp-content&#x2F;uploads&#x2F;Conferencias&#x2F;Lisboa2022&#x2F;Bayin-Lisbon-2022-300x199.png);\"> <\/div> <\/a> <div class=\"ai1ec-posterboard-time\"> 6:00 pm <\/div> <div class=\"ai1ec-sas-actions ai1ec-btn-group ai1ec-clearfix\"> <a href=\"#\" target=\"_blank\" class=\"ai1ec-sas-action ai1ec-btn ai1ec-btn-primary ai1ec-btn-xs ai1ec-btn-sm ai1ec-sas-action-tickets\"> <i class=\"ai1ec-fa ai1ec-fa-ticket\"><\/i> <span class=\"ai1ec-hidden-xs\">Tickets<\/span> <\/a> <\/div> <div class=\"ai1ec-event-description\"> Conferencia The Eight Sounds: Material, Colour, and Repertoire of the Chinese Instruments en el Instituto de Etnomusicologia \u2013 Centro de Estudos em M\u00fasica e Dan\u00e7a (INET-md) de la Universidade NOVA de Lisboa dentro del marco[...] <\/div> <\/div> <span class=\"ai1ec-event-location\"> <i class=\"ai1ec-fa ai1ec-fa-map-marker\"><\/i> Instituto de Etnomusicologia \u2013 Centro de Estudos em M\u00fasica e Dan\u00e7a (INET-md) <\/span> <div class=\"ai1ec-no-footer-padding\"><\/div> <\/div> <\/div> <div class=\"ai1ec-event ai1ec-event-id-1993 ai1ec-event-instance-id-111 \" data-end=\"\"> <div class=\"ai1ec-event-wrap ai1ec-clearfix\"> <div class=\"ai1ec-date-block-wrap\" > <a class=\"ai1ec-load-view\" href=\"https&#x3A;&#x2F;&#x2F;www.todoslostonosyayres.com&#x2F;en&#x2F;&#x3F;page_id&#x3D;614&#x2F;action&#x7E;oneday&#x2F;exact_date&#x7E;9-5-2022&#x2F;\"> <div class=\"ai1ec-date\"> <div class=\"ai1ec-month\">May<\/div> <div class=\"ai1ec-day\">9<\/div> <div class=\"ai1ec-weekday\">Mon<\/div> <div class=\"ai1ec-year\">2022<\/div> <\/div> <div class=\"ai1ec-end-date-divider-small ai1ec-end-date-divider\" > <\/div> <div class=\"ai1ec-end-date-divider\" > <\/div> <div class=\"ai1ec-end-date ai1ec-date\"> <div class=\"ai1ec-date\"> <div class=\"ai1ec-month\">May<\/div> <div class=\"ai1ec-day\">10<\/div> <div class=\"ai1ec-weekday\">Tue<\/div> <div class=\"ai1ec-year\">2022<\/div> <\/div> <\/div> <\/a> <\/div> <div class=\"ai1ec-event-title-wrap ai1ec-clearfix\"> <div class=\"ai1ec-event-title\" title=\"V&#x20;Congreso&#x20;de&#x20;Lisboa\"><div> <a class=\"ai1ec-load-event\" href=\"https&#x3A;&#x2F;&#x2F;www.todoslostonosyayres.com&#x2F;en&#x2F;event&#x2F;v-congreso-de-lisboa&#x2F;&#x3F;instance_id&#x3D;111\" > V Congreso de Lisboa <\/a> <\/div><\/div> <div class=\"ai1ec-event-time\"> May 9 @ 9:00 am \u2013 May 10 @ 10:00 pm <\/div> <\/div> <div class=\"ai1ec-posterboard-image-container\"> <a class=\"ai1ec-load-event\" href=\"https&#x3A;&#x2F;&#x2F;www.todoslostonosyayres.com&#x2F;en&#x2F;event&#x2F;v-congreso-de-lisboa&#x2F;&#x3F;instance_id&#x3D;111\"> <div class=\"ai1ec-posterboard-image\" style=\"background-image: url(https&#x3A;&#x2F;&#x2F;www.todoslostonosyayres.com&#x2F;wp-content&#x2F;uploads&#x2F;Conferencias&#x2F;Palacio_Nacional_de_Mafra_1853-300x206.jpg);\"> <\/div> <\/a> <div class=\"ai1ec-posterboard-time\"> 9:00 am <\/div> <div class=\"ai1ec-sas-actions ai1ec-btn-group ai1ec-clearfix\"> <a href=\"#\" target=\"_blank\" class=\"ai1ec-sas-action ai1ec-btn ai1ec-btn-primary ai1ec-btn-xs ai1ec-btn-sm ai1ec-sas-action-tickets\"> <i class=\"ai1ec-fa ai1ec-fa-ticket\"><\/i> <span class=\"ai1ec-hidden-xs\">Tickets<\/span> <\/a> <\/div> <div class=\"ai1ec-event-description\"> CHINESE MUSIC AND MUSICAL INSTRUMENTS \u91cc\u65af\u672c\u7b2c\u4e94\u5c4a\u7814\u8ba8\u4f1a:\u4e2d\u56fd\u6c11\u4e50\u4e0e\u4e50\u5668 5th LISBON CONFERENCE A Tribute to Chinese Plucked String Instruments \u5411\u83ef\u5f39\u62e8\u4e50\u5668\u81f4\u656c Enio de Souza, presidente Frank Kouwenhoven, asesor cient\u00edfico Congreso organizado celebrado el 9 y 10 de Mayo de[...] <\/div> <\/div> <span class=\"ai1ec-event-location\"> <i class=\"ai1ec-fa ai1ec-fa-map-marker\"><\/i> Palacio Nacional de Mafra <\/span> <div class=\"ai1ec-no-footer-padding\"><\/div> <\/div> <\/div> <div class=\"ai1ec-event ai1ec-event-id-1841 ai1ec-event-instance-id-93 \" data-end=\"\"> <div class=\"ai1ec-event-wrap ai1ec-clearfix\"> <div class=\"ai1ec-date-block-wrap\" > <a class=\"ai1ec-load-view\" href=\"https&#x3A;&#x2F;&#x2F;www.todoslostonosyayres.com&#x2F;en&#x2F;&#x3F;page_id&#x3D;614&#x2F;action&#x7E;oneday&#x2F;exact_date&#x7E;21-2-2022&#x2F;\"> <div class=\"ai1ec-date\"> <div class=\"ai1ec-month\">Feb<\/div> <div class=\"ai1ec-day\">21<\/div> <div class=\"ai1ec-weekday\">Mon<\/div> <div class=\"ai1ec-year\">2022<\/div> <\/div> <\/a> <\/div> <div class=\"ai1ec-event-title-wrap ai1ec-clearfix\"> <div class=\"ai1ec-event-title\" title=\"Entrevista&#x20;en&#x20;Longitud&#x20;de&#x20;Onda&#x20;&#x28;Radio&#x20;Cl&#x00E1;sica&#x20;RNE&#x29;\"><div> <a class=\"ai1ec-load-event\" href=\"https&#x3A;&#x2F;&#x2F;www.todoslostonosyayres.com&#x2F;en&#x2F;event&#x2F;entrevista-en-longitud-de-onda-ruben&#x2F;&#x3F;instance_id&#x3D;93\" > Entrevista en Longitud de Onda (Radio Cl\u00e1sica RNE) <\/a> <\/div><\/div> <div class=\"ai1ec-event-time\"> Feb 21 @ 11:00 am \u2013 11:30 am <\/div> <\/div> <div class=\"ai1ec-posterboard-image-container\"> <a class=\"ai1ec-load-event\" href=\"https&#x3A;&#x2F;&#x2F;www.todoslostonosyayres.com&#x2F;en&#x2F;event&#x2F;entrevista-en-longitud-de-onda-ruben&#x2F;&#x3F;instance_id&#x3D;93\"> <div class=\"ai1ec-posterboard-image\" style=\"background-image: url(https&#x3A;&#x2F;&#x2F;www.todoslostonosyayres.com&#x2F;wp-content&#x2F;uploads&#x2F;Medios&#x2F;Longitud-de-onda-RNE-300x300.jpg);\"> <\/div> <\/a> <div class=\"ai1ec-posterboard-time\"> 11:00 am <\/div> <div class=\"ai1ec-sas-actions ai1ec-btn-group ai1ec-clearfix\"> <a href=\"#\" target=\"_blank\" class=\"ai1ec-sas-action ai1ec-btn ai1ec-btn-primary ai1ec-btn-xs ai1ec-btn-sm ai1ec-sas-action-tickets\"> <i class=\"ai1ec-fa ai1ec-fa-ticket\"><\/i> <span class=\"ai1ec-hidden-xs\">Tickets<\/span> <\/a> <\/div> <div class=\"ai1ec-event-description\"> M\u00fasica europea en la Ciudad Prohibida Entrevista a Rub\u00e9n Garc\u00eda Benito sobre el disco El clave del Emperador: Diego de Pantoja and his legacy en el programa Longitud de Onda de Radio Cl\u00e1sica presentado por[...] <\/div> <\/div> <span class=\"ai1ec-event-location\"> <i class=\"ai1ec-fa ai1ec-fa-map-marker\"><\/i> Radio Cl\u00e1sica RNE <\/span> <div class=\"ai1ec-no-footer-padding\"><\/div> <\/div> <\/div> <div class=\"ai1ec-event ai1ec-event-id-1859 ai1ec-event-instance-id-92 \" data-end=\"\"> <div class=\"ai1ec-event-wrap ai1ec-clearfix\"> <div class=\"ai1ec-date-block-wrap\" > <a class=\"ai1ec-load-view\" href=\"https&#x3A;&#x2F;&#x2F;www.todoslostonosyayres.com&#x2F;en&#x2F;&#x3F;page_id&#x3D;614&#x2F;action&#x7E;oneday&#x2F;exact_date&#x7E;15-2-2022&#x2F;\"> <div class=\"ai1ec-date\"> <div class=\"ai1ec-month\">Feb<\/div> <div class=\"ai1ec-day\">15<\/div> <div class=\"ai1ec-weekday\">Tue<\/div> <div class=\"ai1ec-year\">2022<\/div> <\/div> <\/a> <\/div> <div class=\"ai1ec-event-title-wrap ai1ec-clearfix\"> <div class=\"ai1ec-event-title\" title=\"Presentaci&#x00F3;n&#x20;CD&#x20;&amp;&#x23;8220&#x3B;El&#x20;clave&#x20;del&#x20;Emperador,&#x20;Diego&#x20;de&#x20;Pantoja&#x20;and&#x20;his&#x20;legacy&amp;&#x23;8221&#x3B;\"><div> <a class=\"ai1ec-load-event\" href=\"https&#x3A;&#x2F;&#x2F;www.todoslostonosyayres.com&#x2F;en&#x2F;event&#x2F;presentacion-cd-el-clave-del-emperador-diego-de-pantoja-and-his-legacy&#x2F;&#x3F;instance_id&#x3D;92\" > Presentaci\u00f3n CD &#8220;El clave del Emperador, Diego de Pantoja and his legacy&#8221; <\/a> <\/div><\/div> <div class=\"ai1ec-event-time\"> Feb 15 @ 7:00 pm \u2013 8:45 pm <\/div> <\/div> <div class=\"ai1ec-posterboard-image-container\"> <a class=\"ai1ec-load-event\" href=\"https&#x3A;&#x2F;&#x2F;www.todoslostonosyayres.com&#x2F;en&#x2F;event&#x2F;presentacion-cd-el-clave-del-emperador-diego-de-pantoja-and-his-legacy&#x2F;&#x3F;instance_id&#x3D;92\"> <div class=\"ai1ec-posterboard-image\" style=\"background-image: url(https&#x3A;&#x2F;&#x2F;www.todoslostonosyayres.com&#x2F;wp-content&#x2F;uploads&#x2F;Prensa&#x2F;ECDE_CD&#x2F;Cartel-presentacio&#x0301;n-del-disco-Melomano-2022-02-212x300.png);\"> <\/div> <\/a> <div class=\"ai1ec-posterboard-time\"> 7:00 pm <\/div> <div class=\"ai1ec-sas-actions ai1ec-btn-group ai1ec-clearfix\"> <a href=\"#\" target=\"_blank\" class=\"ai1ec-sas-action ai1ec-btn ai1ec-btn-primary ai1ec-btn-xs ai1ec-btn-sm ai1ec-sas-action-tickets\"> <i class=\"ai1ec-fa ai1ec-fa-ticket\"><\/i> <span class=\"ai1ec-hidden-xs\">Tickets<\/span> <\/a> <\/div> <div class=\"ai1ec-event-description\"> Presentaci\u00f3n del CD El clave del Emperador: Diego de Pantoja and his legacy grabado para el sello IBS Classical. El acto se celebra en la sala Manuel de Falla del Palacio de Longoria de la[...] <\/div> <\/div> <span class=\"ai1ec-event-location\"> <i class=\"ai1ec-fa ai1ec-fa-map-marker\"><\/i> Sala Manuel de Falla - Palacio de Longoria | Sede central de la SGAE <\/span> <div class=\"ai1ec-no-footer-padding\"><\/div> <\/div> <\/div> <div class=\"ai1ec-event ai1ec-event-id-1744 ai1ec-event-instance-id-90 \" data-end=\"\"> <div class=\"ai1ec-event-wrap ai1ec-clearfix\"> <div class=\"ai1ec-date-block-wrap\" > <a class=\"ai1ec-load-view\" href=\"https&#x3A;&#x2F;&#x2F;www.todoslostonosyayres.com&#x2F;en&#x2F;&#x3F;page_id&#x3D;614&#x2F;action&#x7E;oneday&#x2F;exact_date&#x7E;28-1-2022&#x2F;\"> <div class=\"ai1ec-date\"> <div class=\"ai1ec-month\">Jan<\/div> <div class=\"ai1ec-day\">28<\/div> <div class=\"ai1ec-weekday\">Fri<\/div> <div class=\"ai1ec-year\">2022<\/div> <\/div> <\/a> <\/div> <div class=\"ai1ec-event-title-wrap ai1ec-clearfix\"> <div class=\"ai1ec-event-title\" title=\"Entrevista&#x20;en&#x20;Caf&#x00E9;&#x20;Zimmermann&#x20;&#x28;Radio&#x20;Cl&#x00E1;sica&#x20;RNE&#x29;\"><div> <a class=\"ai1ec-load-event\" href=\"https&#x3A;&#x2F;&#x2F;www.todoslostonosyayres.com&#x2F;en&#x2F;event&#x2F;entrevista-en-cafe-zimmermann-radio-clasica&#x2F;&#x3F;instance_id&#x3D;90\" > Entrevista en Caf\u00e9 Zimmermann (Radio Cl\u00e1sica RNE) <\/a> <\/div><\/div> <div class=\"ai1ec-event-time\"> Jan 28 @ 4:00 pm \u2013 5:00 pm <\/div> <\/div> <div class=\"ai1ec-posterboard-image-container\"> <a class=\"ai1ec-load-event\" href=\"https&#x3A;&#x2F;&#x2F;www.todoslostonosyayres.com&#x2F;en&#x2F;event&#x2F;entrevista-en-cafe-zimmermann-radio-clasica&#x2F;&#x3F;instance_id&#x3D;90\"> <div class=\"ai1ec-posterboard-image\" style=\"background-image: url(https&#x3A;&#x2F;&#x2F;www.todoslostonosyayres.com&#x2F;wp-content&#x2F;uploads&#x2F;Medios&#x2F;Cafe_Zimmermann_RNE-300x300.jpg);\"> <\/div> <\/a> <div class=\"ai1ec-posterboard-time\"> 4:00 pm <\/div> <div class=\"ai1ec-sas-actions ai1ec-btn-group ai1ec-clearfix\"> <a href=\"#\" target=\"_blank\" class=\"ai1ec-sas-action ai1ec-btn ai1ec-btn-primary ai1ec-btn-xs ai1ec-btn-sm ai1ec-sas-action-tickets\"> <i class=\"ai1ec-fa ai1ec-fa-ticket\"><\/i> <span class=\"ai1ec-hidden-xs\">Tickets<\/span> <\/a> <\/div> <div class=\"ai1ec-event-description\"> Entrevista a Rub\u00e9n Garc\u00eda Benito y Dar\u00edo Tamayo sobre el disco El clave del Emperador: Diego de Pantoja and his legacy en el programa Caf\u00e9 Zimmermann de Radio Cl\u00e1sica presentado por Clara S\u00e1nchez y Eva[...] <\/div> <\/div> <span class=\"ai1ec-event-location\"> <i class=\"ai1ec-fa ai1ec-fa-map-marker\"><\/i> Radio Cl\u00e1sica RNE <\/span> <div class=\"ai1ec-no-footer-padding\"><\/div> <\/div> <\/div> <\/div> <div class=\"ai1ec-pull-left\"><\/div> <\/div> <\/div> <div class=\"ai1ec-subscribe-container ai1ec-pull-right ai1ec-btn-group\"> <div class=\"ai1ec-subscribe-dropdown ai1ec-dropdown ai1ec-dropup ai1ec-btn ai1ec-btn-default ai1ec-btn-sm\"> <span role=\"button\" class=\"ai1ec-dropdown-toggle ai1ec-subscribe\" data-toggle=\"ai1ec-dropdown\"> <i class=\"ai1ec-fa ai1ec-icon-rss ai1ec-fa-lg ai1ec-fa-fw\"><\/i> <span class=\"ai1ec-hidden-xs\"> Subscribe to filtered calendar <span class=\"ai1ec-caret\"><\/span> <\/span> <\/span> <ul class=\"ai1ec-dropdown-menu ai1ec-pull-right\" role=\"menu\"> <li> <a class=\"ai1ec-tooltip-trigger ai1ec-tooltip-auto\" target=\"_blank\" data-placement=\"left\" title=\"Copy this URL for your own Timely calendar or click to add to your rich-text calendar\" href=\"http&#x3A;&#x2F;&#x2F;www.todoslostonosyayres.com&#x2F;&#x3F;plugin&#x3D;all-in-one-event-calendar&amp;controller&#x3D;ai1ec_exporter_controller&amp;action&#x3D;export_events&amp;ai1ec_cat_ids&#x3D;33&amp;ai1ec_tag_ids&#x3D;69\"> <i class=\"ai1ec-fa ai1ec-fa-lg ai1ec-fa-fw ai1ec-icon-timely\"><\/i> Add to Timely Calendar <\/a> <\/li> <li> <a class=\"ai1ec-tooltip-trigger ai1ec-tooltip-auto\" target=\"_blank\" data-placement=\"left\" title=\"Subscribe to this calendar in your Google Calendar\" href=\"https:\/\/www.google.com\/calendar\/render?cid=http&#x25;3A&#x25;2F&#x25;2Fwww.todoslostonosyayres.com&#x25;2F&#x25;3Fplugin&#x25;3Dall-in-one-event-calendar&#x25;26controller&#x25;3Dai1ec_exporter_controller&#x25;26action&#x25;3Dexport_events&#x25;26no_html&#x25;3Dtrue&#x25;26ai1ec_cat_ids&#x25;3D33&#x25;26ai1ec_tag_ids&#x25;3D69&#x25;26&#x25;26\"> <i class=\"ai1ec-fa ai1ec-icon-google ai1ec-fa-lg ai1ec-fa-fw\"><\/i> Add to Google <\/a> <\/li> <li> <a class=\"ai1ec-tooltip-trigger ai1ec-tooltip-auto\" target=\"_blank\" data-placement=\"left\" title=\"Subscribe to this calendar in MS Outlook\" href=\"webcal&#x3A;&#x2F;&#x2F;www.todoslostonosyayres.com&#x2F;&#x3F;plugin&#x3D;all-in-one-event-calendar&amp;controller&#x3D;ai1ec_exporter_controller&amp;action&#x3D;export_events&amp;no_html&#x3D;true&amp;ai1ec_cat_ids&#x3D;33&amp;ai1ec_tag_ids&#x3D;69\"> <i class=\"ai1ec-fa ai1ec-icon-windows ai1ec-fa-lg ai1ec-fa-fw\"><\/i> Add to Outlook <\/a> <\/li> <li> <a class=\"ai1ec-tooltip-trigger ai1ec-tooltip-auto\" target=\"_blank\" data-placement=\"left\" title=\"Subscribe to this calendar in Apple Calendar\/iCal\" href=\"webcal&#x3A;&#x2F;&#x2F;www.todoslostonosyayres.com&#x2F;&#x3F;plugin&#x3D;all-in-one-event-calendar&amp;controller&#x3D;ai1ec_exporter_controller&amp;action&#x3D;export_events&amp;no_html&#x3D;true&amp;ai1ec_cat_ids&#x3D;33&amp;ai1ec_tag_ids&#x3D;69\"> <i class=\"ai1ec-fa ai1ec-icon-apple ai1ec-fa-lg ai1ec-fa-fw\"><\/i> Add to Apple Calendar <\/a> <\/li> <li> <a class=\"ai1ec-tooltip-trigger ai1ec-tooltip-auto\" data-placement=\"left\" title=\"Subscribe to this calendar in another plain-text calendar\" href=\"http&#x3A;&#x2F;&#x2F;www.todoslostonosyayres.com&#x2F;&#x3F;plugin&#x3D;all-in-one-event-calendar&amp;controller&#x3D;ai1ec_exporter_controller&amp;action&#x3D;export_events&amp;no_html&#x3D;true&amp;ai1ec_cat_ids&#x3D;33&amp;ai1ec_tag_ids&#x3D;69\"> <i class=\"ai1ec-fa ai1ec-icon-calendar ai1ec-fa-fw\"><\/i> Add to other calendar <\/a> <\/li> <li> <a class=\"ai1ec-tooltip-trigger ai1ec-tooltip-auto\" data-placement=\"left\" title=\"\" href=\"http&#x3A;&#x2F;&#x2F;www.todoslostonosyayres.com&#x2F;&#x3F;plugin&#x3D;all-in-one-event-calendar&amp;controller&#x3D;ai1ec_exporter_controller&amp;action&#x3D;export_events&amp;ai1ec_cat_ids&#x3D;33&amp;ai1ec_tag_ids&#x3D;69&xml=true\"> <i class=\"ai1ec-fa ai1ec-fa-file-text ai1ec-fa-lg ai1ec-fa-fw\"><\/i> Export to XML <\/a> <\/li> <\/ul> <\/div> <\/div> <\/div><!-- \/.timely --> <\/div> <!-- END All-in-One Event Calendar Plugin --> \n\n\t\t<\/div>\n\t<\/div>\n<\/div><\/div><div class=\"vc_tta-panel\" id=\"1645987424780-c17d6d73-bc57\" data-vc-content=\".vc_tta-panel-body\"><div class=\"vc_tta-panel-heading\"><h3 class=\"vc_tta-panel-title\"><a href=\"#1645987424780-c17d6d73-bc57\" data-vc-accordion data-vc-container=\".vc_tta-container\"><span class=\"vc_tta-title-text\">2021<\/span><\/a><\/h3><\/div><div class=\"vc_tta-panel-body\">\n\t<div class=\"wpb_text_column wpb_content_element\" >\n\t\t<div class=\"wpb_wrapper\">\n\t\t\t<!-- START All-in-One Event Calendar Plugin - Version 3.0.0 --> <div id=\"ai1ec-container\" class=\"ai1ec-main-container \"> <!-- AI1EC_PAGE_CONTENT_PLACEHOLDER --> <div id=\"ai1ec-calendar\" class=\"timely ai1ec-calendar\"> <div id=\"ai1ec-calendar-view-container\" class=\"ai1ec-calendar-view-container\"> <div id=\"ai1ec-calendar-view-loading\" class=\"ai1ec-loading ai1ec-calendar-view-loading\"><\/div> <div id=\"ai1ec-calendar-view\" class=\"ai1ec-calendar-view\"> <div class=\"ai1ec-posterboard-view ai1ec-clearfix ai1ec-posterboard-aligned ai1ec-posterboard-no-footer \" data-ai1ec-tile-min-width=\"240\" data-ai1ec-posterboard-equal-height=\"1\" data-ai1ec-posterboard-mode=\"0\"> <div class=\"ai1ec-event ai1ec-event-id-1827 ai1ec-event-instance-id-89 \" data-end=\"\"> <div class=\"ai1ec-event-wrap ai1ec-clearfix\"> <div class=\"ai1ec-date-block-wrap\" > <a class=\"ai1ec-load-view\" href=\"https&#x3A;&#x2F;&#x2F;www.todoslostonosyayres.com&#x2F;en&#x2F;&#x3F;page_id&#x3D;614&#x2F;action&#x7E;oneday&#x2F;exact_date&#x7E;25-11-2021&#x2F;\"> <div class=\"ai1ec-date\"> <div class=\"ai1ec-month\">Nov<\/div> <div class=\"ai1ec-day\">25<\/div> <div class=\"ai1ec-weekday\">Thu<\/div> <div class=\"ai1ec-year\">2021<\/div> <\/div> <\/a> <\/div> <div class=\"ai1ec-event-title-wrap ai1ec-clearfix\"> <div class=\"ai1ec-event-title\" title=\"Entrevista&#x20;en&#x20;La&#x20;d&#x00E1;rsena&#x20;&#x28;Radio&#x20;Cl&#x00E1;sica&#x20;RNE&#x29;\"><div> <a class=\"ai1ec-load-event\" href=\"https&#x3A;&#x2F;&#x2F;www.todoslostonosyayres.com&#x2F;en&#x2F;event&#x2F;entrevista-en-la-darsena-radio-clasica&#x2F;&#x3F;instance_id&#x3D;89\" > Entrevista en La d\u00e1rsena (Radio Cl\u00e1sica RNE) <\/a> <\/div><\/div> <div class=\"ai1ec-event-time\"> Nov 25 @ 8:00 pm \u2013 10:00 pm <\/div> <\/div> <div class=\"ai1ec-posterboard-image-container\"> <a class=\"ai1ec-load-event\" href=\"https&#x3A;&#x2F;&#x2F;www.todoslostonosyayres.com&#x2F;en&#x2F;event&#x2F;entrevista-en-la-darsena-radio-clasica&#x2F;&#x3F;instance_id&#x3D;89\"> <div class=\"ai1ec-posterboard-image\" style=\"background-image: url(https&#x3A;&#x2F;&#x2F;www.todoslostonosyayres.com&#x2F;wp-content&#x2F;uploads&#x2F;Medios&#x2F;La_darsena_RNE-300x300.jpg);\"> <\/div> <\/a> <div class=\"ai1ec-posterboard-time\"> 8:00 pm <\/div> <div class=\"ai1ec-sas-actions ai1ec-btn-group ai1ec-clearfix\"> <a href=\"#\" target=\"_blank\" class=\"ai1ec-sas-action ai1ec-btn ai1ec-btn-primary ai1ec-btn-xs ai1ec-btn-sm ai1ec-sas-action-tickets\"> <i class=\"ai1ec-fa ai1ec-fa-ticket\"><\/i> <span class=\"ai1ec-hidden-xs\">Tickets<\/span> <\/a> <\/div> <div class=\"ai1ec-event-description\"> Entrevista a Rub\u00e9n Garc\u00eda Benito y Dar\u00edo Tamayo sobre el disco El clave del Emperador: Diego de Pantoja and his legacy en el programa La d\u00e1rsena de Radio Cl\u00e1sica presentado por Jes\u00fas Trujillo Sevilla (la[...] <\/div> <\/div> <span class=\"ai1ec-event-location\"> <i class=\"ai1ec-fa ai1ec-fa-map-marker\"><\/i> Radio Cl\u00e1sica <\/span> <div class=\"ai1ec-no-footer-padding\"><\/div> <\/div> <\/div> <div class=\"ai1ec-event ai1ec-event-id-1682 ai1ec-event-instance-id-82 \" data-end=\"\"> <div class=\"ai1ec-event-wrap ai1ec-clearfix\"> <div class=\"ai1ec-date-block-wrap\" > <a class=\"ai1ec-load-view\" href=\"https&#x3A;&#x2F;&#x2F;www.todoslostonosyayres.com&#x2F;en&#x2F;&#x3F;page_id&#x3D;614&#x2F;action&#x7E;oneday&#x2F;exact_date&#x7E;9-10-2021&#x2F;\"> <div class=\"ai1ec-date\"> <div class=\"ai1ec-month\">Oct<\/div> <div class=\"ai1ec-day\">9<\/div> <div class=\"ai1ec-weekday\">Sat<\/div> <div class=\"ai1ec-year\">2021<\/div> <\/div> <\/a> <\/div> <div class=\"ai1ec-event-title-wrap ai1ec-clearfix\"> <div class=\"ai1ec-event-title\" title=\"El&#x20;clave&#x20;del&#x20;Emperador&#x20;&#x28;FeMAAV&#x29;\"><div> <a class=\"ai1ec-load-event\" href=\"https&#x3A;&#x2F;&#x2F;www.todoslostonosyayres.com&#x2F;en&#x2F;event&#x2F;el-clave-del-emperador-femaav-2021&#x2F;&#x3F;instance_id&#x3D;82\" > El clave del Emperador (FeMAAV) <\/a> <\/div><\/div> <div class=\"ai1ec-event-time\"> Oct 9 @ 12:00 pm \u2013 1:15 pm <\/div> <\/div> <div class=\"ai1ec-posterboard-image-container\"> <a class=\"ai1ec-load-event\" href=\"https&#x3A;&#x2F;&#x2F;www.todoslostonosyayres.com&#x2F;en&#x2F;event&#x2F;el-clave-del-emperador-femaav-2021&#x2F;&#x3F;instance_id&#x3D;82\"> <div class=\"ai1ec-posterboard-image\" style=\"background-image: url(https&#x3A;&#x2F;&#x2F;www.todoslostonosyayres.com&#x2F;wp-content&#x2F;uploads&#x2F;Conciertos&#x2F;Portada_El_clave_del_Emperador_Banner_new-300x225.jpeg);\"> <\/div> <\/a> <div class=\"ai1ec-posterboard-time\"> 12:00 pm <\/div> <div class=\"ai1ec-sas-actions ai1ec-btn-group ai1ec-clearfix\"> <a href=\"#\" target=\"_blank\" class=\"ai1ec-sas-action ai1ec-btn ai1ec-btn-primary ai1ec-btn-xs ai1ec-btn-sm ai1ec-sas-action-tickets\"> <i class=\"ai1ec-fa ai1ec-fa-ticket\"><\/i> <span class=\"ai1ec-hidden-xs\">Tickets<\/span> <\/a> <\/div> <div class=\"ai1ec-event-description\"> Concierto en homenaje al 450.\u00ba aniversario del nacimiento de Diego de Pantoja (1571-1618) en la Casa de la Cultura de Los Villares (Ja\u00e9n) dentro de la programaci\u00f3n del Festival de M\u00fasica Antigua \u201cAndr\u00e9s de Vandelvira\u201d[...] <\/div> <\/div> <span class=\"ai1ec-event-location\"> <i class=\"ai1ec-fa ai1ec-fa-map-marker\"><\/i> Casa de la Cultura, Los Villares <\/span> <div class=\"ai1ec-no-footer-padding\"><\/div> <\/div> <\/div> <div class=\"ai1ec-event ai1ec-event-id-1678 ai1ec-event-instance-id-80 \" data-end=\"\"> <div class=\"ai1ec-event-wrap ai1ec-clearfix\"> <div class=\"ai1ec-date-block-wrap\" > <a class=\"ai1ec-load-view\" href=\"https&#x3A;&#x2F;&#x2F;www.todoslostonosyayres.com&#x2F;en&#x2F;&#x3F;page_id&#x3D;614&#x2F;action&#x7E;oneday&#x2F;exact_date&#x7E;24-9-2021&#x2F;\"> <div class=\"ai1ec-date\"> <div class=\"ai1ec-month\">Sep<\/div> <div class=\"ai1ec-day\">24<\/div> <div class=\"ai1ec-weekday\">Fri<\/div> <div class=\"ai1ec-year\">2021<\/div> <\/div> <\/a> <\/div> <div class=\"ai1ec-event-title-wrap ai1ec-clearfix\"> <div class=\"ai1ec-event-title\" title=\"XIII&#x20;Recital&#x20;de&#x20;poes&#x00ED;a&#x20;china\"><div> <a class=\"ai1ec-load-event\" href=\"https&#x3A;&#x2F;&#x2F;www.todoslostonosyayres.com&#x2F;en&#x2F;event&#x2F;xiii-recital-de-poesia-china&#x2F;&#x3F;instance_id&#x3D;80\" > XIII Recital de poes\u00eda china <\/a> <\/div><\/div> <div class=\"ai1ec-event-time\"> Sep 24 @ 6:30 pm \u2013 7:45 pm <\/div> <\/div> <div class=\"ai1ec-posterboard-image-container\"> <a class=\"ai1ec-load-event\" href=\"https&#x3A;&#x2F;&#x2F;www.todoslostonosyayres.com&#x2F;en&#x2F;event&#x2F;xiii-recital-de-poesia-china&#x2F;&#x3F;instance_id&#x3D;80\"> <div class=\"ai1ec-posterboard-image\" style=\"background-image: url(https&#x3A;&#x2F;&#x2F;www.todoslostonosyayres.com&#x2F;wp-content&#x2F;uploads&#x2F;Galeria&#x2F;ICV2019&#x2F;ICV2019_IMG_0120_edited_menu-1-300x200.jpg);\"> <\/div> <\/a> <div class=\"ai1ec-posterboard-time\"> 6:30 pm <\/div> <div class=\"ai1ec-sas-actions ai1ec-btn-group ai1ec-clearfix\"> <a href=\"#\" target=\"_blank\" class=\"ai1ec-sas-action ai1ec-btn ai1ec-btn-primary ai1ec-btn-xs ai1ec-btn-sm ai1ec-sas-action-tickets\"> <i class=\"ai1ec-fa ai1ec-fa-ticket\"><\/i> <span class=\"ai1ec-hidden-xs\">Tickets<\/span> <\/a> <\/div> <div class=\"ai1ec-event-description\"> XIII recital de poes\u00eda china &#8220;Diecinueve poemas a la luna&#8221; organizazo por el Instituto Confucio de la Universidad de Granada en colaboraci\u00f3n con el Seminario de Estudios Asi\u00e1ticos celebrado el viernes 24 de septiembre de[...] <\/div> <\/div> <span class=\"ai1ec-event-location\"> <i class=\"ai1ec-fa ai1ec-fa-map-marker\"><\/i> Corrala de Santiago <\/span> <div class=\"ai1ec-no-footer-padding\"><\/div> <\/div> <\/div> <div class=\"ai1ec-event ai1ec-event-id-1489 ai1ec-event-instance-id-54 \" data-end=\"\"> <div class=\"ai1ec-event-wrap ai1ec-clearfix\"> <div class=\"ai1ec-date-block-wrap\" > <a class=\"ai1ec-load-view\" href=\"https&#x3A;&#x2F;&#x2F;www.todoslostonosyayres.com&#x2F;en&#x2F;&#x3F;page_id&#x3D;614&#x2F;action&#x7E;oneday&#x2F;exact_date&#x7E;10-7-2021&#x2F;\"> <div class=\"ai1ec-date\"> <div class=\"ai1ec-month\">Jul<\/div> <div class=\"ai1ec-day\">10<\/div> <div class=\"ai1ec-weekday\">Sat<\/div> <div class=\"ai1ec-year\">2021<\/div> <\/div> <\/a> <\/div> <div class=\"ai1ec-event-title-wrap ai1ec-clearfix\"> <div class=\"ai1ec-event-title\" title=\"El&#x20;clave&#x20;del&#x20;Emperador&#x20;&#x28;FEX&#x29;\"><div> <a class=\"ai1ec-load-event\" href=\"https&#x3A;&#x2F;&#x2F;www.todoslostonosyayres.com&#x2F;en&#x2F;event&#x2F;el-clave-del-emperador-fex-2021&#x2F;&#x3F;instance_id&#x3D;54\" > El clave del Emperador (FEX) <\/a> <\/div><\/div> <div class=\"ai1ec-event-time\"> Jul 10 @ 12:30 pm \u2013 2:00 pm <\/div> <\/div> <div class=\"ai1ec-posterboard-image-container\"> <a class=\"ai1ec-load-event\" href=\"https&#x3A;&#x2F;&#x2F;www.todoslostonosyayres.com&#x2F;en&#x2F;event&#x2F;el-clave-del-emperador-fex-2021&#x2F;&#x3F;instance_id&#x3D;54\"> <div class=\"ai1ec-posterboard-image\" style=\"background-image: url(https&#x3A;&#x2F;&#x2F;www.todoslostonosyayres.com&#x2F;wp-content&#x2F;uploads&#x2F;Conciertos&#x2F;Portada_El_clave_del_Emperador_Banner_new-300x225.jpeg);\"> <\/div> <\/a> <div class=\"ai1ec-posterboard-time\"> 12:30 pm <\/div> <div class=\"ai1ec-sas-actions ai1ec-btn-group ai1ec-clearfix\"> <a href=\"#\" target=\"_blank\" class=\"ai1ec-sas-action ai1ec-btn ai1ec-btn-primary ai1ec-btn-xs ai1ec-btn-sm ai1ec-sas-action-tickets\"> <i class=\"ai1ec-fa ai1ec-fa-ticket\"><\/i> <span class=\"ai1ec-hidden-xs\">Tickets<\/span> <\/a> <\/div> <div class=\"ai1ec-event-description\"> Concierto en homenaje al 450.\u00ba aniversario del nacimiento de Diego de Pantoja (1571-1618) en el Colegio M\u00e1ximo de Cartuja dentro de la programaci\u00f3n de la Extensi\u00f3n del Festival M\u00fasica y Danza de Granada (FEX). Aqu\u00ed[...] <\/div> <\/div> <span class=\"ai1ec-event-location\"> <i class=\"ai1ec-fa ai1ec-fa-map-marker\"><\/i> Colegio M\u00e1ximo de Cartuja (Granada) <\/span> <div class=\"ai1ec-no-footer-padding\"><\/div> <\/div> <\/div> <div class=\"ai1ec-event ai1ec-event-id-1016 ai1ec-event-instance-id-53 \" data-end=\"\"> <div class=\"ai1ec-event-wrap ai1ec-clearfix\"> <div class=\"ai1ec-date-block-wrap\" > <a class=\"ai1ec-load-view\" href=\"https&#x3A;&#x2F;&#x2F;www.todoslostonosyayres.com&#x2F;en&#x2F;&#x3F;page_id&#x3D;614&#x2F;action&#x7E;oneday&#x2F;exact_date&#x7E;11-6-2021&#x2F;\"> <div class=\"ai1ec-date\"> <div class=\"ai1ec-month\">Jun<\/div> <div class=\"ai1ec-day\">11<\/div> <div class=\"ai1ec-weekday\">Fri<\/div> <div class=\"ai1ec-year\">2021<\/div> <\/div> <div class=\"ai1ec-end-date-divider-small ai1ec-end-date-divider\" > <\/div> <div class=\"ai1ec-end-date-divider\" > <\/div> <div class=\"ai1ec-end-date ai1ec-date\"> <div class=\"ai1ec-date\"> <div class=\"ai1ec-month\">Jun<\/div> <div class=\"ai1ec-day\">12<\/div> <div class=\"ai1ec-weekday\">Sat<\/div> <div class=\"ai1ec-year\">2021<\/div> <\/div> <\/div> <\/a> <\/div> <div class=\"ai1ec-event-title-wrap ai1ec-clearfix\"> <div class=\"ai1ec-event-title\" title=\"El&#x20;clave&#x20;del&#x20;Emperador&#x20;&#x28;Valdemoro&#x29;\"><div> <a class=\"ai1ec-load-event\" href=\"https&#x3A;&#x2F;&#x2F;www.todoslostonosyayres.com&#x2F;en&#x2F;event&#x2F;el-clave-del-emperador-valdemoro-2021&#x2F;&#x3F;instance_id&#x3D;53\" > El clave del Emperador (Valdemoro) <\/a> <\/div><\/div> <div class=\"ai1ec-event-time\"> Jun 11 @ 7:30 pm \u2013 Jun 12 @ 10:30 pm <\/div> <\/div> <div class=\"ai1ec-posterboard-image-container\"> <a class=\"ai1ec-load-event\" href=\"https&#x3A;&#x2F;&#x2F;www.todoslostonosyayres.com&#x2F;en&#x2F;event&#x2F;el-clave-del-emperador-valdemoro-2021&#x2F;&#x3F;instance_id&#x3D;53\"> <div class=\"ai1ec-posterboard-image\" style=\"background-image: url(https&#x3A;&#x2F;&#x2F;www.todoslostonosyayres.com&#x2F;wp-content&#x2F;uploads&#x2F;Conciertos&#x2F;Portada_El_clave_del_Emperador_Banner_new-300x225.jpeg);\"> <\/div> <\/a> <div class=\"ai1ec-posterboard-time\"> 7:30 pm <\/div> <div class=\"ai1ec-sas-actions ai1ec-btn-group ai1ec-clearfix\"> <a href=\"#\" target=\"_blank\" class=\"ai1ec-sas-action ai1ec-btn ai1ec-btn-primary ai1ec-btn-xs ai1ec-btn-sm ai1ec-sas-action-tickets\"> <i class=\"ai1ec-fa ai1ec-fa-ticket\"><\/i> <span class=\"ai1ec-hidden-xs\">Tickets<\/span> <\/a> <\/div> <div class=\"ai1ec-event-description\"> El viernes d\u00eda 11 de junio a las 19:30h tendr\u00e1 lugar la presentaci\u00f3n del disco &#8220;El clave del Emperador: tras el legado de Diego de Pantoja&#8221; en el Auditorio del Centro de Actividades Creativas de[...] <\/div> <\/div> <span class=\"ai1ec-event-location\"> <i class=\"ai1ec-fa ai1ec-fa-map-marker\"><\/i> Valdemoro <\/span> <div class=\"ai1ec-no-footer-padding\"><\/div> <\/div> <\/div> <div class=\"ai1ec-event ai1ec-event-id-1472 ai1ec-event-instance-id-48 \" data-end=\"\"> <div class=\"ai1ec-event-wrap ai1ec-clearfix\"> <div class=\"ai1ec-date-block-wrap\" > <a class=\"ai1ec-load-view\" href=\"https&#x3A;&#x2F;&#x2F;www.todoslostonosyayres.com&#x2F;en&#x2F;&#x3F;page_id&#x3D;614&#x2F;action&#x7E;oneday&#x2F;exact_date&#x7E;7-1-2021&#x2F;\"> <div class=\"ai1ec-date\"> <div class=\"ai1ec-month\">Jan<\/div> <div class=\"ai1ec-day\">7<\/div> <div class=\"ai1ec-weekday\">Thu<\/div> <div class=\"ai1ec-year\">2021<\/div> <\/div> <div class=\"ai1ec-end-date-divider-small ai1ec-end-date-divider\" > <\/div> <div class=\"ai1ec-end-date-divider\" > <\/div> <div class=\"ai1ec-end-date ai1ec-date\"> <div class=\"ai1ec-date\"> <div class=\"ai1ec-month\">Jan<\/div> <div class=\"ai1ec-day\">9<\/div> <div class=\"ai1ec-weekday\">Sat<\/div> <div class=\"ai1ec-year\">2021<\/div> <\/div> <\/div> <\/a> <\/div> <div class=\"ai1ec-event-title-wrap ai1ec-clearfix\"> <div class=\"ai1ec-event-title\" title=\"Grabaci&#x00F3;n&#x20;&amp;&#x23;8220&#x3B;El&#x20;clave&#x20;del&#x20;Emperador&amp;&#x23;8221&#x3B;&#x20;con&#x20;IBS&#x20;Classical\"><div> <a class=\"ai1ec-load-event\" href=\"https&#x3A;&#x2F;&#x2F;www.todoslostonosyayres.com&#x2F;en&#x2F;event&#x2F;grabacion-el-clave-del-emperador-con-ibs-classical&#x2F;&#x3F;instance_id&#x3D;48\" > Grabaci\u00f3n &#8220;El clave del Emperador&#8221; con IBS Classical <\/a> <\/div><\/div> <div class=\"ai1ec-event-time\"> Jan 7 @ 9:30 am \u2013 Jan 9 @ 8:00 pm <\/div> <\/div> <div class=\"ai1ec-posterboard-image-container\"> <a class=\"ai1ec-load-event\" href=\"https&#x3A;&#x2F;&#x2F;www.todoslostonosyayres.com&#x2F;en&#x2F;event&#x2F;grabacion-el-clave-del-emperador-con-ibs-classical&#x2F;&#x3F;instance_id&#x3D;48\"> <div class=\"ai1ec-posterboard-image\" style=\"background-image: url(https&#x3A;&#x2F;&#x2F;www.todoslostonosyayres.com&#x2F;wp-content&#x2F;uploads&#x2F;2021&#x2F;02&#x2F;Grabacion_2020-01-09_ECDE_255_LR-300x202.jpg);\"> <\/div> <\/a> <div class=\"ai1ec-posterboard-time\"> 9:30 am <\/div> <div class=\"ai1ec-sas-actions ai1ec-btn-group ai1ec-clearfix\"> <a href=\"#\" target=\"_blank\" class=\"ai1ec-sas-action ai1ec-btn ai1ec-btn-primary ai1ec-btn-xs ai1ec-btn-sm ai1ec-sas-action-tickets\"> <i class=\"ai1ec-fa ai1ec-fa-ticket\"><\/i> <span class=\"ai1ec-hidden-xs\">Tickets<\/span> <\/a> <\/div> <div class=\"ai1ec-event-description\"> Sesiones de grabaci\u00f3n del programa El clave del Emperador: tras el legado de Diego de Pantoja en el Auditorio Manuel de Falla del 7 al 9 de enero de 2021 bajo el sello discogr\u00e1fico IBS[...] <\/div> <\/div> <span class=\"ai1ec-event-location\"> <i class=\"ai1ec-fa ai1ec-fa-map-marker\"><\/i> Auditorio Manuel de Falla <\/span> <div class=\"ai1ec-no-footer-padding\"><\/div> <\/div> <\/div> <\/div> <div class=\"ai1ec-pull-left\"><\/div> <\/div> <\/div> <div class=\"ai1ec-subscribe-container ai1ec-pull-right ai1ec-btn-group\"> <div class=\"ai1ec-subscribe-dropdown ai1ec-dropdown ai1ec-dropup ai1ec-btn ai1ec-btn-default ai1ec-btn-sm\"> <span role=\"button\" class=\"ai1ec-dropdown-toggle ai1ec-subscribe\" data-toggle=\"ai1ec-dropdown\"> <i class=\"ai1ec-fa ai1ec-icon-rss ai1ec-fa-lg ai1ec-fa-fw\"><\/i> <span class=\"ai1ec-hidden-xs\"> Subscribe to filtered calendar <span class=\"ai1ec-caret\"><\/span> <\/span> <\/span> <ul class=\"ai1ec-dropdown-menu ai1ec-pull-right\" role=\"menu\"> <li> <a class=\"ai1ec-tooltip-trigger ai1ec-tooltip-auto\" target=\"_blank\" data-placement=\"left\" title=\"Copy this URL for your own Timely calendar or click to add to your rich-text calendar\" href=\"http&#x3A;&#x2F;&#x2F;www.todoslostonosyayres.com&#x2F;&#x3F;plugin&#x3D;all-in-one-event-calendar&amp;controller&#x3D;ai1ec_exporter_controller&amp;action&#x3D;export_events&amp;ai1ec_cat_ids&#x3D;33&amp;ai1ec_tag_ids&#x3D;70\"> <i class=\"ai1ec-fa ai1ec-fa-lg ai1ec-fa-fw ai1ec-icon-timely\"><\/i> Add to Timely Calendar <\/a> <\/li> <li> <a class=\"ai1ec-tooltip-trigger ai1ec-tooltip-auto\" target=\"_blank\" data-placement=\"left\" title=\"Subscribe to this calendar in your Google Calendar\" href=\"https:\/\/www.google.com\/calendar\/render?cid=http&#x25;3A&#x25;2F&#x25;2Fwww.todoslostonosyayres.com&#x25;2F&#x25;3Fplugin&#x25;3Dall-in-one-event-calendar&#x25;26controller&#x25;3Dai1ec_exporter_controller&#x25;26action&#x25;3Dexport_events&#x25;26no_html&#x25;3Dtrue&#x25;26ai1ec_cat_ids&#x25;3D33&#x25;26ai1ec_tag_ids&#x25;3D70&#x25;26&#x25;26\"> <i class=\"ai1ec-fa ai1ec-icon-google ai1ec-fa-lg ai1ec-fa-fw\"><\/i> Add to Google <\/a> <\/li> <li> <a class=\"ai1ec-tooltip-trigger ai1ec-tooltip-auto\" target=\"_blank\" data-placement=\"left\" title=\"Subscribe to this calendar in MS Outlook\" href=\"webcal&#x3A;&#x2F;&#x2F;www.todoslostonosyayres.com&#x2F;&#x3F;plugin&#x3D;all-in-one-event-calendar&amp;controller&#x3D;ai1ec_exporter_controller&amp;action&#x3D;export_events&amp;no_html&#x3D;true&amp;ai1ec_cat_ids&#x3D;33&amp;ai1ec_tag_ids&#x3D;70\"> <i class=\"ai1ec-fa ai1ec-icon-windows ai1ec-fa-lg ai1ec-fa-fw\"><\/i> Add to Outlook <\/a> <\/li> <li> <a class=\"ai1ec-tooltip-trigger ai1ec-tooltip-auto\" target=\"_blank\" data-placement=\"left\" title=\"Subscribe to this calendar in Apple Calendar\/iCal\" href=\"webcal&#x3A;&#x2F;&#x2F;www.todoslostonosyayres.com&#x2F;&#x3F;plugin&#x3D;all-in-one-event-calendar&amp;controller&#x3D;ai1ec_exporter_controller&amp;action&#x3D;export_events&amp;no_html&#x3D;true&amp;ai1ec_cat_ids&#x3D;33&amp;ai1ec_tag_ids&#x3D;70\"> <i class=\"ai1ec-fa ai1ec-icon-apple ai1ec-fa-lg ai1ec-fa-fw\"><\/i> Add to Apple Calendar <\/a> <\/li> <li> <a class=\"ai1ec-tooltip-trigger ai1ec-tooltip-auto\" data-placement=\"left\" title=\"Subscribe to this calendar in another plain-text calendar\" href=\"http&#x3A;&#x2F;&#x2F;www.todoslostonosyayres.com&#x2F;&#x3F;plugin&#x3D;all-in-one-event-calendar&amp;controller&#x3D;ai1ec_exporter_controller&amp;action&#x3D;export_events&amp;no_html&#x3D;true&amp;ai1ec_cat_ids&#x3D;33&amp;ai1ec_tag_ids&#x3D;70\"> <i class=\"ai1ec-fa ai1ec-icon-calendar ai1ec-fa-fw\"><\/i> Add to other calendar <\/a> <\/li> <li> <a class=\"ai1ec-tooltip-trigger ai1ec-tooltip-auto\" data-placement=\"left\" title=\"\" href=\"http&#x3A;&#x2F;&#x2F;www.todoslostonosyayres.com&#x2F;&#x3F;plugin&#x3D;all-in-one-event-calendar&amp;controller&#x3D;ai1ec_exporter_controller&amp;action&#x3D;export_events&amp;ai1ec_cat_ids&#x3D;33&amp;ai1ec_tag_ids&#x3D;70&xml=true\"> <i class=\"ai1ec-fa ai1ec-fa-file-text ai1ec-fa-lg ai1ec-fa-fw\"><\/i> Export to XML <\/a> <\/li> <\/ul> <\/div> <\/div> <\/div><!-- \/.timely --> <\/div> <!-- END All-in-One Event Calendar Plugin --> \n\n\t\t<\/div>\n\t<\/div>\n<\/div><\/div><div class=\"vc_tta-panel\" id=\"1645987424791-8804606a-25fe\" data-vc-content=\".vc_tta-panel-body\"><div class=\"vc_tta-panel-heading\"><h3 class=\"vc_tta-panel-title\"><a href=\"#1645987424791-8804606a-25fe\" data-vc-accordion data-vc-container=\".vc_tta-container\"><span class=\"vc_tta-title-text\">2020<\/span><\/a><\/h3><\/div><div class=\"vc_tta-panel-body\">\n\t<div class=\"wpb_text_column wpb_content_element\" >\n\t\t<div class=\"wpb_wrapper\">\n\t\t\t<!-- START All-in-One Event Calendar Plugin - Version 3.0.0 --> <div id=\"ai1ec-container\" class=\"ai1ec-main-container \"> <!-- AI1EC_PAGE_CONTENT_PLACEHOLDER --> <div id=\"ai1ec-calendar\" class=\"timely ai1ec-calendar\"> <div id=\"ai1ec-calendar-view-container\" class=\"ai1ec-calendar-view-container\"> <div id=\"ai1ec-calendar-view-loading\" class=\"ai1ec-loading ai1ec-calendar-view-loading\"><\/div> <div id=\"ai1ec-calendar-view\" class=\"ai1ec-calendar-view\"> <div class=\"ai1ec-posterboard-view ai1ec-clearfix ai1ec-posterboard-aligned ai1ec-posterboard-no-footer \" data-ai1ec-tile-min-width=\"240\" data-ai1ec-posterboard-equal-height=\"1\" data-ai1ec-posterboard-mode=\"0\"> <div class=\"ai1ec-event ai1ec-event-id-1454 ai1ec-event-instance-id-47 ai1ec-allday\" data-end=\"\"> <div class=\"ai1ec-event-wrap ai1ec-clearfix\"> <div class=\"ai1ec-date-block-wrap\" > <a class=\"ai1ec-load-view\" href=\"https&#x3A;&#x2F;&#x2F;www.todoslostonosyayres.com&#x2F;en&#x2F;&#x3F;page_id&#x3D;614&#x2F;action&#x7E;oneday&#x2F;exact_date&#x7E;8-12-2020&#x2F;\"> <div class=\"ai1ec-date\"> <div class=\"ai1ec-month\">Dec<\/div> <div class=\"ai1ec-day\">8<\/div> <div class=\"ai1ec-weekday\">Tue<\/div> <div class=\"ai1ec-year\">2020<\/div> <\/div> <div class=\"ai1ec-end-date-divider-small ai1ec-end-date-divider\" > <\/div> <div class=\"ai1ec-end-date-divider\" > <\/div> <div class=\"ai1ec-end-date ai1ec-date\"> <div class=\"ai1ec-date\"> <div class=\"ai1ec-month\">Dec<\/div> <div class=\"ai1ec-day\">9<\/div> <div class=\"ai1ec-weekday\">Wed<\/div> <div class=\"ai1ec-year\">2020<\/div> <\/div> <\/div> <\/a> <\/div> <div class=\"ai1ec-event-title-wrap ai1ec-clearfix\"> <div class=\"ai1ec-event-title\" title=\"Documental&#x20;&amp;&#x23;8220&#x3B;Espa&#x00F1;a,&#x20;la&#x20;primera&#x20;globalizaci&#x00F3;n&amp;&#x23;8221&#x3B;\"><div> <a class=\"ai1ec-load-event\" href=\"https&#x3A;&#x2F;&#x2F;www.todoslostonosyayres.com&#x2F;en&#x2F;event&#x2F;documental-espana-la-primera-globalizacion&#x2F;&#x3F;instance_id&#x3D;47\" > Documental &#8220;Espa\u00f1a, la primera globalizaci\u00f3n&#8221; <\/a> <\/div><\/div> <div class=\"ai1ec-event-time\"> Dec 8 \u2013 Dec 9 <span class=\"ai1ec-allday-badge\">all-day<\/span> <\/div> <\/div> <div class=\"ai1ec-posterboard-image-container\"> <a class=\"ai1ec-load-event\" href=\"https&#x3A;&#x2F;&#x2F;www.todoslostonosyayres.com&#x2F;en&#x2F;event&#x2F;documental-espana-la-primera-globalizacion&#x2F;&#x3F;instance_id&#x3D;47\"> <div class=\"ai1ec-posterboard-image\" style=\"background-image: url(https&#x3A;&#x2F;&#x2F;www.todoslostonosyayres.com&#x2F;wp-content&#x2F;uploads&#x2F;2020&#x2F;12&#x2F;La_primera_globalizacion_2020-12-08_Jaime_Cinca-300x200.jpg);\"> <\/div> <\/a> <div class=\"ai1ec-posterboard-time\"> 12:00 am <\/div> <div class=\"ai1ec-sas-actions ai1ec-btn-group ai1ec-clearfix\"> <a href=\"#\" target=\"_blank\" class=\"ai1ec-sas-action ai1ec-btn ai1ec-btn-primary ai1ec-btn-xs ai1ec-btn-sm ai1ec-sas-action-tickets\"> <i class=\"ai1ec-fa ai1ec-fa-ticket\"><\/i> <span class=\"ai1ec-hidden-xs\">Tickets<\/span> <\/a> <\/div> <div class=\"ai1ec-event-description\"> El director de cine y ganador de tres Goyas Jos\u00e9 Luis L\u00f3pez Linares y el equipo de L\u00f3pez-Li Films ha venido a grabar a Granada, en la Abad\u00eda de Sacromonte, extractos de nuestro programa El[...] <\/div> <\/div> <span class=\"ai1ec-event-location\"> <i class=\"ai1ec-fa ai1ec-fa-map-marker\"><\/i> Abad\u00eda del Sacromonte <\/span> <div class=\"ai1ec-no-footer-padding\"><\/div> <\/div> <\/div> <\/div> <div class=\"ai1ec-pull-left\"><\/div> <\/div> <\/div> <div class=\"ai1ec-subscribe-container ai1ec-pull-right ai1ec-btn-group\"> <div class=\"ai1ec-subscribe-dropdown ai1ec-dropdown ai1ec-dropup ai1ec-btn ai1ec-btn-default ai1ec-btn-sm\"> <span role=\"button\" class=\"ai1ec-dropdown-toggle ai1ec-subscribe\" data-toggle=\"ai1ec-dropdown\"> <i class=\"ai1ec-fa ai1ec-icon-rss ai1ec-fa-lg ai1ec-fa-fw\"><\/i> <span class=\"ai1ec-hidden-xs\"> Subscribe to filtered calendar <span class=\"ai1ec-caret\"><\/span> <\/span> <\/span> <ul class=\"ai1ec-dropdown-menu ai1ec-pull-right\" role=\"menu\"> <li> <a class=\"ai1ec-tooltip-trigger ai1ec-tooltip-auto\" target=\"_blank\" data-placement=\"left\" title=\"Copy this URL for your own Timely calendar or click to add to your rich-text calendar\" href=\"http&#x3A;&#x2F;&#x2F;www.todoslostonosyayres.com&#x2F;&#x3F;plugin&#x3D;all-in-one-event-calendar&amp;controller&#x3D;ai1ec_exporter_controller&amp;action&#x3D;export_events&amp;ai1ec_cat_ids&#x3D;33&amp;ai1ec_tag_ids&#x3D;71\"> <i class=\"ai1ec-fa ai1ec-fa-lg ai1ec-fa-fw ai1ec-icon-timely\"><\/i> Add to Timely Calendar <\/a> <\/li> <li> <a class=\"ai1ec-tooltip-trigger ai1ec-tooltip-auto\" target=\"_blank\" data-placement=\"left\" title=\"Subscribe to this calendar in your Google Calendar\" href=\"https:\/\/www.google.com\/calendar\/render?cid=http&#x25;3A&#x25;2F&#x25;2Fwww.todoslostonosyayres.com&#x25;2F&#x25;3Fplugin&#x25;3Dall-in-one-event-calendar&#x25;26controller&#x25;3Dai1ec_exporter_controller&#x25;26action&#x25;3Dexport_events&#x25;26no_html&#x25;3Dtrue&#x25;26ai1ec_cat_ids&#x25;3D33&#x25;26ai1ec_tag_ids&#x25;3D71&#x25;26&#x25;26\"> <i class=\"ai1ec-fa ai1ec-icon-google ai1ec-fa-lg ai1ec-fa-fw\"><\/i> Add to Google <\/a> <\/li> <li> <a class=\"ai1ec-tooltip-trigger ai1ec-tooltip-auto\" target=\"_blank\" data-placement=\"left\" title=\"Subscribe to this calendar in MS Outlook\" href=\"webcal&#x3A;&#x2F;&#x2F;www.todoslostonosyayres.com&#x2F;&#x3F;plugin&#x3D;all-in-one-event-calendar&amp;controller&#x3D;ai1ec_exporter_controller&amp;action&#x3D;export_events&amp;no_html&#x3D;true&amp;ai1ec_cat_ids&#x3D;33&amp;ai1ec_tag_ids&#x3D;71\"> <i class=\"ai1ec-fa ai1ec-icon-windows ai1ec-fa-lg ai1ec-fa-fw\"><\/i> Add to Outlook <\/a> <\/li> <li> <a class=\"ai1ec-tooltip-trigger ai1ec-tooltip-auto\" target=\"_blank\" data-placement=\"left\" title=\"Subscribe to this calendar in Apple Calendar\/iCal\" href=\"webcal&#x3A;&#x2F;&#x2F;www.todoslostonosyayres.com&#x2F;&#x3F;plugin&#x3D;all-in-one-event-calendar&amp;controller&#x3D;ai1ec_exporter_controller&amp;action&#x3D;export_events&amp;no_html&#x3D;true&amp;ai1ec_cat_ids&#x3D;33&amp;ai1ec_tag_ids&#x3D;71\"> <i class=\"ai1ec-fa ai1ec-icon-apple ai1ec-fa-lg ai1ec-fa-fw\"><\/i> Add to Apple Calendar <\/a> <\/li> <li> <a class=\"ai1ec-tooltip-trigger ai1ec-tooltip-auto\" data-placement=\"left\" title=\"Subscribe to this calendar in another plain-text calendar\" href=\"http&#x3A;&#x2F;&#x2F;www.todoslostonosyayres.com&#x2F;&#x3F;plugin&#x3D;all-in-one-event-calendar&amp;controller&#x3D;ai1ec_exporter_controller&amp;action&#x3D;export_events&amp;no_html&#x3D;true&amp;ai1ec_cat_ids&#x3D;33&amp;ai1ec_tag_ids&#x3D;71\"> <i class=\"ai1ec-fa ai1ec-icon-calendar ai1ec-fa-fw\"><\/i> Add to other calendar <\/a> <\/li> <li> <a class=\"ai1ec-tooltip-trigger ai1ec-tooltip-auto\" data-placement=\"left\" title=\"\" href=\"http&#x3A;&#x2F;&#x2F;www.todoslostonosyayres.com&#x2F;&#x3F;plugin&#x3D;all-in-one-event-calendar&amp;controller&#x3D;ai1ec_exporter_controller&amp;action&#x3D;export_events&amp;ai1ec_cat_ids&#x3D;33&amp;ai1ec_tag_ids&#x3D;71&xml=true\"> <i class=\"ai1ec-fa ai1ec-fa-file-text ai1ec-fa-lg ai1ec-fa-fw\"><\/i> Export to XML <\/a> <\/li> <\/ul> <\/div> <\/div> <\/div><!-- \/.timely --> <\/div> <!-- END All-in-One Event Calendar Plugin --> \n\n\t\t<\/div>\n\t<\/div>\n<\/div><\/div><div class=\"vc_tta-panel\" id=\"1645988277062-e1f29e5e-b9b5\" data-vc-content=\".vc_tta-panel-body\"><div class=\"vc_tta-panel-heading\"><h3 class=\"vc_tta-panel-title\"><a href=\"#1645988277062-e1f29e5e-b9b5\" data-vc-accordion data-vc-container=\".vc_tta-container\"><span class=\"vc_tta-title-text\">2019<\/span><\/a><\/h3><\/div><div class=\"vc_tta-panel-body\">\n\t<div class=\"wpb_text_column wpb_content_element\" >\n\t\t<div class=\"wpb_wrapper\">\n\t\t\t<!-- START All-in-One Event Calendar Plugin - Version 3.0.0 --> <div id=\"ai1ec-container\" class=\"ai1ec-main-container \"> <!-- AI1EC_PAGE_CONTENT_PLACEHOLDER --> <div id=\"ai1ec-calendar\" class=\"timely ai1ec-calendar\"> <div id=\"ai1ec-calendar-view-container\" class=\"ai1ec-calendar-view-container\"> <div id=\"ai1ec-calendar-view-loading\" class=\"ai1ec-loading ai1ec-calendar-view-loading\"><\/div> <div id=\"ai1ec-calendar-view\" class=\"ai1ec-calendar-view\"> <div class=\"ai1ec-posterboard-view ai1ec-clearfix ai1ec-posterboard-aligned ai1ec-posterboard-no-footer \" data-ai1ec-tile-min-width=\"240\" data-ai1ec-posterboard-equal-height=\"1\" data-ai1ec-posterboard-mode=\"0\"> <div class=\"ai1ec-event ai1ec-event-id-1284 ai1ec-event-instance-id-45 \" data-end=\"\"> <div class=\"ai1ec-event-wrap ai1ec-clearfix\"> <div class=\"ai1ec-date-block-wrap\" > <a class=\"ai1ec-load-view\" href=\"https&#x3A;&#x2F;&#x2F;www.todoslostonosyayres.com&#x2F;en&#x2F;&#x3F;page_id&#x3D;614&#x2F;action&#x7E;oneday&#x2F;exact_date&#x7E;11-12-2019&#x2F;\"> <div class=\"ai1ec-date\"> <div class=\"ai1ec-month\">Dec<\/div> <div class=\"ai1ec-day\">11<\/div> <div class=\"ai1ec-weekday\">Wed<\/div> <div class=\"ai1ec-year\">2019<\/div> <\/div> <\/a> <\/div> <div class=\"ai1ec-event-title-wrap ai1ec-clearfix\"> <div class=\"ai1ec-event-title\" title=\"Sierra&#x20;Nevada&#x20;Fish&#x20;&amp;&#x23;038&#x3B;&#x20;Birds&#x20;Opera\"><div> <a class=\"ai1ec-load-event\" href=\"https&#x3A;&#x2F;&#x2F;www.todoslostonosyayres.com&#x2F;en&#x2F;event&#x2F;xxvi-festival-internacional-musica-electroacustica&#x2F;&#x3F;instance_id&#x3D;45\" > Sierra Nevada Fish &#038; Birds Opera <\/a> <\/div><\/div> <div class=\"ai1ec-event-time\"> Dec 11 @ 8:15 pm \u2013 9:30 pm <\/div> <\/div> <div class=\"ai1ec-posterboard-image-container\"> <a class=\"ai1ec-load-event\" href=\"https&#x3A;&#x2F;&#x2F;www.todoslostonosyayres.com&#x2F;en&#x2F;event&#x2F;xxvi-festival-internacional-musica-electroacustica&#x2F;&#x3F;instance_id&#x3D;45\"> <div class=\"ai1ec-posterboard-image\" style=\"background-image: url(https&#x3A;&#x2F;&#x2F;www.todoslostonosyayres.com&#x2F;wp-content&#x2F;uploads&#x2F;Conciertos&#x2F;AMEE_PE_2019-300x169.jpg);\"> <\/div> <\/a> <div class=\"ai1ec-posterboard-time\"> 8:15 pm <\/div> <div class=\"ai1ec-sas-actions ai1ec-btn-group ai1ec-clearfix\"> <a href=\"#\" target=\"_blank\" class=\"ai1ec-sas-action ai1ec-btn ai1ec-btn-primary ai1ec-btn-xs ai1ec-btn-sm ai1ec-sas-action-tickets\"> <i class=\"ai1ec-fa ai1ec-fa-ticket\"><\/i> <span class=\"ai1ec-hidden-xs\">Tickets<\/span> <\/a> <\/div> <div class=\"ai1ec-event-description\"> Sierra Nevada Fish &amp; Birds Opera, XXVI Festival Internacional de M\u00fasica Electroac\u00fastica y Arte Sonoro &#8211; Punto de encuentro de la Asociaci\u00f3n de M\u00fasica Electroac\u00fastica de Espa\u00f1a (AMEE) en homenaje a Ram\u00f3n Sender Baray\u00f3n. Estreno[...] <\/div> <\/div> <span class=\"ai1ec-event-location\"> <i class=\"ai1ec-fa ai1ec-fa-map-marker\"><\/i> Palacio de la Madraza \u2013 Gabinete de Teatro <\/span> <div class=\"ai1ec-no-footer-padding\"><\/div> <\/div> <\/div> <div class=\"ai1ec-event ai1ec-event-id-1197 ai1ec-event-instance-id-43 \" data-end=\"\"> <div class=\"ai1ec-event-wrap ai1ec-clearfix\"> <div class=\"ai1ec-date-block-wrap\" > <a class=\"ai1ec-load-view\" href=\"https&#x3A;&#x2F;&#x2F;www.todoslostonosyayres.com&#x2F;en&#x2F;&#x3F;page_id&#x3D;614&#x2F;action&#x7E;oneday&#x2F;exact_date&#x7E;25-5-2019&#x2F;\"> <div class=\"ai1ec-date\"> <div class=\"ai1ec-month\">May<\/div> <div class=\"ai1ec-day\">25<\/div> <div class=\"ai1ec-weekday\">Sat<\/div> <div class=\"ai1ec-year\">2019<\/div> <\/div> <\/a> <\/div> <div class=\"ai1ec-event-title-wrap ai1ec-clearfix\"> <div class=\"ai1ec-event-title\" title=\"II&#x20;Festival&#x20;de&#x20;M&#x00FA;sica&#x20;y&#x20;Ciencia\"><div> <a class=\"ai1ec-load-event\" href=\"https&#x3A;&#x2F;&#x2F;www.todoslostonosyayres.com&#x2F;en&#x2F;event&#x2F;ii-festival-de-musica-y-ciencia&#x2F;&#x3F;instance_id&#x3D;43\" > II Festival de M\u00fasica y Ciencia <\/a> <\/div><\/div> <div class=\"ai1ec-event-time\"> May 25 @ 7:00 pm \u2013 9:00 pm <\/div> <\/div> <div class=\"ai1ec-posterboard-image-container\"> <a class=\"ai1ec-load-event\" href=\"https&#x3A;&#x2F;&#x2F;www.todoslostonosyayres.com&#x2F;en&#x2F;event&#x2F;ii-festival-de-musica-y-ciencia&#x2F;&#x3F;instance_id&#x3D;43\"> <div class=\"ai1ec-posterboard-image\" style=\"background-image: url(https&#x3A;&#x2F;&#x2F;www.todoslostonosyayres.com&#x2F;wp-content&#x2F;uploads&#x2F;Conciertos&#x2F;Musica_y_Ciencia_2019&#x2F;Musica_y_Ciencia_2019_tilte-300x190.jpg);\"> <\/div> <\/a> <div class=\"ai1ec-posterboard-time\"> 7:00 pm <\/div> <div class=\"ai1ec-sas-actions ai1ec-btn-group ai1ec-clearfix\"> <a href=\"#\" target=\"_blank\" class=\"ai1ec-sas-action ai1ec-btn ai1ec-btn-primary ai1ec-btn-xs ai1ec-btn-sm ai1ec-sas-action-tickets\"> <i class=\"ai1ec-fa ai1ec-fa-ticket\"><\/i> <span class=\"ai1ec-hidden-xs\">Tickets<\/span> <\/a> <\/div> <div class=\"ai1ec-event-description\"> V\u00eddeo resumen del espect\u00e1culo El silencio de la luna: m\u00fasica y palabra bajo el cielo chino realizado en el II Festival de M\u00fasica y Ciencia &nbsp; Cartel del II Festival de M\u00fasica y Ciencia (Mayo[...] <\/div> <\/div> <span class=\"ai1ec-event-location\"> <i class=\"ai1ec-fa ai1ec-fa-map-marker\"><\/i> Estaci\u00f3n Experimental del Zaid\u00edn <\/span> <div class=\"ai1ec-no-footer-padding\"><\/div> <\/div> <\/div> <div class=\"ai1ec-event ai1ec-event-id-1488 ai1ec-event-instance-id-49 \" data-end=\"\"> <div class=\"ai1ec-event-wrap ai1ec-clearfix\"> <div class=\"ai1ec-date-block-wrap\" > <a class=\"ai1ec-load-view\" href=\"https&#x3A;&#x2F;&#x2F;www.todoslostonosyayres.com&#x2F;en&#x2F;&#x3F;page_id&#x3D;614&#x2F;action&#x7E;oneday&#x2F;exact_date&#x7E;4-5-2019&#x2F;\"> <div class=\"ai1ec-date\"> <div class=\"ai1ec-month\">May<\/div> <div class=\"ai1ec-day\">4<\/div> <div class=\"ai1ec-weekday\">Sat<\/div> <div class=\"ai1ec-year\">2019<\/div> <\/div> <\/a> <\/div> <div class=\"ai1ec-event-title-wrap ai1ec-clearfix\"> <div class=\"ai1ec-event-title\" title=\"El&#x20;clave&#x20;del&#x20;Emperador&#x20;&#x28;Sancti&#x20;Iohannis&#x29;\"><div> <a class=\"ai1ec-load-event\" href=\"https&#x3A;&#x2F;&#x2F;www.todoslostonosyayres.com&#x2F;en&#x2F;event&#x2F;el-clave-del-emperador-sancti-iohannis-2&#x2F;&#x3F;instance_id&#x3D;49\" > El clave del Emperador (Sancti Iohannis) <\/a> <\/div><\/div> <div class=\"ai1ec-event-time\"> May 4 @ 8:30 pm \u2013 10:00 pm <\/div> <\/div> <div class=\"ai1ec-posterboard-image-container\"> <a class=\"ai1ec-load-event\" href=\"https&#x3A;&#x2F;&#x2F;www.todoslostonosyayres.com&#x2F;en&#x2F;event&#x2F;el-clave-del-emperador-sancti-iohannis-2&#x2F;&#x3F;instance_id&#x3D;49\"> <div class=\"ai1ec-posterboard-image\" style=\"background-image: url(https&#x3A;&#x2F;&#x2F;www.todoslostonosyayres.com&#x2F;wp-content&#x2F;uploads&#x2F;Conciertos&#x2F;Portada_El_clave_del_Emperador_Banner_new-300x225.jpeg);\"> <\/div> <\/a> <div class=\"ai1ec-posterboard-time\"> 8:30 pm <\/div> <div class=\"ai1ec-sas-actions ai1ec-btn-group ai1ec-clearfix\"> <a href=\"#\" target=\"_blank\" class=\"ai1ec-sas-action ai1ec-btn ai1ec-btn-primary ai1ec-btn-xs ai1ec-btn-sm ai1ec-sas-action-tickets\"> <i class=\"ai1ec-fa ai1ec-fa-ticket\"><\/i> <span class=\"ai1ec-hidden-xs\">Tickets<\/span> <\/a> <\/div> <div class=\"ai1ec-event-description\"> Ajuntament de Sant Joan d&#8217;Alacant Prensa: DIARIOCLUB.COM: La Sociedad Musical \u201cLa Paz\u201d presenta el XII Ciclo de M\u00fasica Antigua \u201cSancti Iohannis\u201d <\/div> <\/div> <span class=\"ai1ec-event-location\"> <i class=\"ai1ec-fa ai1ec-fa-map-marker\"><\/i> Ciclo de M\u00fasica Antigua Sancti Iohannis <\/span> <div class=\"ai1ec-no-footer-padding\"><\/div> <\/div> <\/div> <div class=\"ai1ec-event ai1ec-event-id-1019 ai1ec-event-instance-id-33 \" data-ticket-url=\"https&#x3A;&#x2F;&#x2F;www.elcorteingles.es&#x2F;entradas&#x2F;conciertos&#x2F;entradas-concierto-celebracion-del-ano-nuevo-chino-leon-0000086yG0000086Xq0000085gP&#x2F;&#x3F;fbclid&#x3D;IwAR3-4O1HGumlywZSyRcDP89aKHp9mGVIz-t-jtErGLeGdDKyf8xhOrY9ilU&#x23;detalle\" data-end=\"\"> <div class=\"ai1ec-event-wrap ai1ec-clearfix\"> <div class=\"ai1ec-date-block-wrap\" > <a class=\"ai1ec-load-view\" href=\"https&#x3A;&#x2F;&#x2F;www.todoslostonosyayres.com&#x2F;en&#x2F;&#x3F;page_id&#x3D;614&#x2F;action&#x7E;oneday&#x2F;exact_date&#x7E;9-2-2019&#x2F;\"> <div class=\"ai1ec-date\"> <div class=\"ai1ec-month\">Feb<\/div> <div class=\"ai1ec-day\">9<\/div> <div class=\"ai1ec-weekday\">Sat<\/div> <div class=\"ai1ec-year\">2019<\/div> <\/div> <\/a> <\/div> <div class=\"ai1ec-event-title-wrap ai1ec-clearfix\"> <div class=\"ai1ec-event-title\" title=\"El&#x20;clave&#x20;del&#x20;Emperador&#x20;&#x28;Le&#x00F3;n&#x29;\"><div> <a class=\"ai1ec-load-event\" href=\"https&#x3A;&#x2F;&#x2F;www.todoslostonosyayres.com&#x2F;en&#x2F;event&#x2F;el-clave-del-emperador-leon&#x2F;&#x3F;instance_id&#x3D;33\" > El clave del Emperador (Le\u00f3n) <\/a> <\/div><\/div> <div class=\"ai1ec-event-time\"> Feb 9 @ 8:00 pm \u2013 9:30 pm <\/div> <\/div> <div class=\"ai1ec-posterboard-image-container\"> <a class=\"ai1ec-load-event\" href=\"https&#x3A;&#x2F;&#x2F;www.todoslostonosyayres.com&#x2F;en&#x2F;event&#x2F;el-clave-del-emperador-leon&#x2F;&#x3F;instance_id&#x3D;33\"> <div class=\"ai1ec-posterboard-image\" style=\"background-image: url(https&#x3A;&#x2F;&#x2F;www.todoslostonosyayres.com&#x2F;wp-content&#x2F;uploads&#x2F;Conciertos&#x2F;Portada_El_clave_del_Emperador_Banner_new-300x225.jpeg);\"> <\/div> <\/a> <div class=\"ai1ec-posterboard-time\"> 8:00 pm <\/div> <div class=\"ai1ec-sas-actions ai1ec-btn-group ai1ec-clearfix\"> <a href=\"#\" target=\"_blank\" class=\"ai1ec-sas-action ai1ec-btn ai1ec-btn-primary ai1ec-btn-xs ai1ec-btn-sm ai1ec-sas-action-tickets\"> <i class=\"ai1ec-fa ai1ec-fa-ticket\"><\/i> <span class=\"ai1ec-hidden-xs\">Tickets<\/span> <\/a> <\/div> <div class=\"ai1ec-event-description\"> &nbsp; <\/div> <\/div> <span class=\"ai1ec-event-location\"> <i class=\"ai1ec-fa ai1ec-fa-map-marker\"><\/i> Auditorio \u00c1ngel Barja, Conservatorio Profesional de M\u00fasica de Le\u00f3n <\/span> <div class=\"ai1ec-no-footer-padding\"><\/div> <\/div> <\/div> <div class=\"ai1ec-event ai1ec-event-id-1025 ai1ec-event-instance-id-34 \" data-ticket-url=\"http&#x3A;&#x2F;&#x2F;teatro.ponferrada.org&#x2F;eventos&#x2F;concierto-de-celebracion-del-ano-nuevo-chino-el-clave-del-emperador&#x2F;\" data-end=\"\"> <div class=\"ai1ec-event-wrap ai1ec-clearfix\"> <div class=\"ai1ec-date-block-wrap\" > <a class=\"ai1ec-load-view\" href=\"https&#x3A;&#x2F;&#x2F;www.todoslostonosyayres.com&#x2F;en&#x2F;&#x3F;page_id&#x3D;614&#x2F;action&#x7E;oneday&#x2F;exact_date&#x7E;8-2-2019&#x2F;\"> <div class=\"ai1ec-date\"> <div class=\"ai1ec-month\">Feb<\/div> <div class=\"ai1ec-day\">8<\/div> <div class=\"ai1ec-weekday\">Fri<\/div> <div class=\"ai1ec-year\">2019<\/div> <\/div> <\/a> <\/div> <div class=\"ai1ec-event-title-wrap ai1ec-clearfix\"> <div class=\"ai1ec-event-title\" title=\"El&#x20;clave&#x20;del&#x20;Emperador&#x20;&#x28;Ponferrada&#x29;\"><div> <a class=\"ai1ec-load-event\" href=\"https&#x3A;&#x2F;&#x2F;www.todoslostonosyayres.com&#x2F;en&#x2F;event&#x2F;el-clave-del-emperador-ponferrada&#x2F;&#x3F;instance_id&#x3D;34\" > El clave del Emperador (Ponferrada) <\/a> <\/div><\/div> <div class=\"ai1ec-event-time\"> Feb 8 @ 8:00 pm \u2013 9:30 pm <\/div> <\/div> <div class=\"ai1ec-posterboard-image-container\"> <a class=\"ai1ec-load-event\" href=\"https&#x3A;&#x2F;&#x2F;www.todoslostonosyayres.com&#x2F;en&#x2F;event&#x2F;el-clave-del-emperador-ponferrada&#x2F;&#x3F;instance_id&#x3D;34\"> <div class=\"ai1ec-posterboard-image\" style=\"background-image: url(https&#x3A;&#x2F;&#x2F;www.todoslostonosyayres.com&#x2F;wp-content&#x2F;uploads&#x2F;Conciertos&#x2F;Portada_El_clave_del_Emperador_Banner_new-300x225.jpeg);\"> <\/div> <\/a> <div class=\"ai1ec-posterboard-time\"> 8:00 pm <\/div> <div class=\"ai1ec-sas-actions ai1ec-btn-group ai1ec-clearfix\"> <a href=\"#\" target=\"_blank\" class=\"ai1ec-sas-action ai1ec-btn ai1ec-btn-primary ai1ec-btn-xs ai1ec-btn-sm ai1ec-sas-action-tickets\"> <i class=\"ai1ec-fa ai1ec-fa-ticket\"><\/i> <span class=\"ai1ec-hidden-xs\">Tickets<\/span> <\/a> <\/div> <div class=\"ai1ec-event-description\"> &nbsp; <\/div> <\/div> <span class=\"ai1ec-event-location\"> <i class=\"ai1ec-fa ai1ec-fa-map-marker\"><\/i> Centro Cultural Sala Rio Selmo <\/span> <div class=\"ai1ec-no-footer-padding\"><\/div> <\/div> <\/div> <\/div> <div class=\"ai1ec-pull-left\"><\/div> <\/div> <\/div> <div class=\"ai1ec-subscribe-container ai1ec-pull-right ai1ec-btn-group\"> <div class=\"ai1ec-subscribe-dropdown ai1ec-dropdown ai1ec-dropup ai1ec-btn ai1ec-btn-default ai1ec-btn-sm\"> <span role=\"button\" class=\"ai1ec-dropdown-toggle ai1ec-subscribe\" data-toggle=\"ai1ec-dropdown\"> <i class=\"ai1ec-fa ai1ec-icon-rss ai1ec-fa-lg ai1ec-fa-fw\"><\/i> <span class=\"ai1ec-hidden-xs\"> Subscribe to filtered calendar <span class=\"ai1ec-caret\"><\/span> <\/span> <\/span> <ul class=\"ai1ec-dropdown-menu ai1ec-pull-right\" role=\"menu\"> <li> <a class=\"ai1ec-tooltip-trigger ai1ec-tooltip-auto\" target=\"_blank\" data-placement=\"left\" title=\"Copy this URL for your own Timely calendar or click to add to your rich-text calendar\" href=\"http&#x3A;&#x2F;&#x2F;www.todoslostonosyayres.com&#x2F;&#x3F;plugin&#x3D;all-in-one-event-calendar&amp;controller&#x3D;ai1ec_exporter_controller&amp;action&#x3D;export_events&amp;ai1ec_cat_ids&#x3D;33&amp;ai1ec_tag_ids&#x3D;72\"> <i class=\"ai1ec-fa ai1ec-fa-lg ai1ec-fa-fw ai1ec-icon-timely\"><\/i> Add to Timely Calendar <\/a> <\/li> <li> <a class=\"ai1ec-tooltip-trigger ai1ec-tooltip-auto\" target=\"_blank\" data-placement=\"left\" title=\"Subscribe to this calendar in your Google Calendar\" href=\"https:\/\/www.google.com\/calendar\/render?cid=http&#x25;3A&#x25;2F&#x25;2Fwww.todoslostonosyayres.com&#x25;2F&#x25;3Fplugin&#x25;3Dall-in-one-event-calendar&#x25;26controller&#x25;3Dai1ec_exporter_controller&#x25;26action&#x25;3Dexport_events&#x25;26no_html&#x25;3Dtrue&#x25;26ai1ec_cat_ids&#x25;3D33&#x25;26ai1ec_tag_ids&#x25;3D72&#x25;26&#x25;26\"> <i class=\"ai1ec-fa ai1ec-icon-google ai1ec-fa-lg ai1ec-fa-fw\"><\/i> Add to Google <\/a> <\/li> <li> <a class=\"ai1ec-tooltip-trigger ai1ec-tooltip-auto\" target=\"_blank\" data-placement=\"left\" title=\"Subscribe to this calendar in MS Outlook\" href=\"webcal&#x3A;&#x2F;&#x2F;www.todoslostonosyayres.com&#x2F;&#x3F;plugin&#x3D;all-in-one-event-calendar&amp;controller&#x3D;ai1ec_exporter_controller&amp;action&#x3D;export_events&amp;no_html&#x3D;true&amp;ai1ec_cat_ids&#x3D;33&amp;ai1ec_tag_ids&#x3D;72\"> <i class=\"ai1ec-fa ai1ec-icon-windows ai1ec-fa-lg ai1ec-fa-fw\"><\/i> Add to Outlook <\/a> <\/li> <li> <a class=\"ai1ec-tooltip-trigger ai1ec-tooltip-auto\" target=\"_blank\" data-placement=\"left\" title=\"Subscribe to this calendar in Apple Calendar\/iCal\" href=\"webcal&#x3A;&#x2F;&#x2F;www.todoslostonosyayres.com&#x2F;&#x3F;plugin&#x3D;all-in-one-event-calendar&amp;controller&#x3D;ai1ec_exporter_controller&amp;action&#x3D;export_events&amp;no_html&#x3D;true&amp;ai1ec_cat_ids&#x3D;33&amp;ai1ec_tag_ids&#x3D;72\"> <i class=\"ai1ec-fa ai1ec-icon-apple ai1ec-fa-lg ai1ec-fa-fw\"><\/i> Add to Apple Calendar <\/a> <\/li> <li> <a class=\"ai1ec-tooltip-trigger ai1ec-tooltip-auto\" data-placement=\"left\" title=\"Subscribe to this calendar in another plain-text calendar\" href=\"http&#x3A;&#x2F;&#x2F;www.todoslostonosyayres.com&#x2F;&#x3F;plugin&#x3D;all-in-one-event-calendar&amp;controller&#x3D;ai1ec_exporter_controller&amp;action&#x3D;export_events&amp;no_html&#x3D;true&amp;ai1ec_cat_ids&#x3D;33&amp;ai1ec_tag_ids&#x3D;72\"> <i class=\"ai1ec-fa ai1ec-icon-calendar ai1ec-fa-fw\"><\/i> Add to other calendar <\/a> <\/li> <li> <a class=\"ai1ec-tooltip-trigger ai1ec-tooltip-auto\" data-placement=\"left\" title=\"\" href=\"http&#x3A;&#x2F;&#x2F;www.todoslostonosyayres.com&#x2F;&#x3F;plugin&#x3D;all-in-one-event-calendar&amp;controller&#x3D;ai1ec_exporter_controller&amp;action&#x3D;export_events&amp;ai1ec_cat_ids&#x3D;33&amp;ai1ec_tag_ids&#x3D;72&xml=true\"> <i class=\"ai1ec-fa ai1ec-fa-file-text ai1ec-fa-lg ai1ec-fa-fw\"><\/i> Export to XML <\/a> <\/li> <\/ul> <\/div> <\/div> <\/div><!-- \/.timely --> <\/div> <!-- END All-in-One Event Calendar Plugin --> \n\n\t\t<\/div>\n\t<\/div>\n<\/div><\/div><div class=\"vc_tta-panel\" id=\"1645988308561-d319dec9-270a\" data-vc-content=\".vc_tta-panel-body\"><div class=\"vc_tta-panel-heading\"><h3 class=\"vc_tta-panel-title\"><a href=\"#1645988308561-d319dec9-270a\" data-vc-accordion data-vc-container=\".vc_tta-container\"><span class=\"vc_tta-title-text\">2018<\/span><\/a><\/h3><\/div><div class=\"vc_tta-panel-body\">\n\t<div class=\"wpb_text_column wpb_content_element\" >\n\t\t<div class=\"wpb_wrapper\">\n\t\t\t<!-- START All-in-One Event Calendar Plugin - Version 3.0.0 --> <div id=\"ai1ec-container\" class=\"ai1ec-main-container \"> <!-- AI1EC_PAGE_CONTENT_PLACEHOLDER --> <div id=\"ai1ec-calendar\" class=\"timely ai1ec-calendar\"> <div id=\"ai1ec-calendar-view-container\" class=\"ai1ec-calendar-view-container\"> <div id=\"ai1ec-calendar-view-loading\" class=\"ai1ec-loading ai1ec-calendar-view-loading\"><\/div> <div id=\"ai1ec-calendar-view\" class=\"ai1ec-calendar-view\"> <div class=\"ai1ec-posterboard-view ai1ec-clearfix ai1ec-posterboard-aligned ai1ec-posterboard-no-footer \" data-ai1ec-tile-min-width=\"240\" data-ai1ec-posterboard-equal-height=\"1\" data-ai1ec-posterboard-mode=\"0\"> <div class=\"ai1ec-event ai1ec-event-id-1014 ai1ec-event-instance-id-28 \" data-end=\"\"> <div class=\"ai1ec-event-wrap ai1ec-clearfix\"> <div class=\"ai1ec-date-block-wrap\" > <a class=\"ai1ec-load-view\" href=\"https&#x3A;&#x2F;&#x2F;www.todoslostonosyayres.com&#x2F;en&#x2F;&#x3F;page_id&#x3D;614&#x2F;action&#x7E;oneday&#x2F;exact_date&#x7E;19-12-2018&#x2F;\"> <div class=\"ai1ec-date\"> <div class=\"ai1ec-month\">Dec<\/div> <div class=\"ai1ec-day\">19<\/div> <div class=\"ai1ec-weekday\">Wed<\/div> <div class=\"ai1ec-year\">2018<\/div> <\/div> <\/a> <\/div> <div class=\"ai1ec-event-title-wrap ai1ec-clearfix\"> <div class=\"ai1ec-event-title\" title=\"El&#x20;clave&#x20;del&#x20;Emperador&#x20;&#x28;Instituto&#x20;Cervantes&#x29;\"><div> <a class=\"ai1ec-load-event\" href=\"https&#x3A;&#x2F;&#x2F;www.todoslostonosyayres.com&#x2F;en&#x2F;event&#x2F;el-clave-del-emperador-instituto-cervantes&#x2F;&#x3F;instance_id&#x3D;28\" > El clave del Emperador (Instituto Cervantes) <\/a> <\/div><\/div> <div class=\"ai1ec-event-time\"> Dec 19 @ 12:00 pm \u2013 2:00 pm <\/div> <\/div> <div class=\"ai1ec-posterboard-image-container\"> <a class=\"ai1ec-load-event\" href=\"https&#x3A;&#x2F;&#x2F;www.todoslostonosyayres.com&#x2F;en&#x2F;event&#x2F;el-clave-del-emperador-instituto-cervantes&#x2F;&#x3F;instance_id&#x3D;28\"> <div class=\"ai1ec-posterboard-image\" style=\"background-image: url(https&#x3A;&#x2F;&#x2F;www.todoslostonosyayres.com&#x2F;wp-content&#x2F;uploads&#x2F;Conciertos&#x2F;Portada_El_clave_del_Emperador_Banner_new-300x225.jpeg);\"> <\/div> <\/a> <div class=\"ai1ec-posterboard-time\"> 12:00 pm <\/div> <div class=\"ai1ec-sas-actions ai1ec-btn-group ai1ec-clearfix\"> <a href=\"#\" target=\"_blank\" class=\"ai1ec-sas-action ai1ec-btn ai1ec-btn-primary ai1ec-btn-xs ai1ec-btn-sm ai1ec-sas-action-tickets\"> <i class=\"ai1ec-fa ai1ec-fa-ticket\"><\/i> <span class=\"ai1ec-hidden-xs\">Tickets<\/span> <\/a> <\/div> <div class=\"ai1ec-event-description\"> Acto de clausura del A\u00f1o Diego de Pantoja organizado por el Instituto Cervantes V\u00eddeo del acto de clausura (actuaci\u00f3n a partir de 1:44:00) \u201c\u5e9e\u8fea\u6211\u5e74\u201d\u95ed\u5e55\uff1a\u4e2d\u56fd\u4e0e\u897f\u73ed\u7259\u6587\u5316\u4ea4\u6d41\u53f2\u4e4b\u601d\u8003 &nbsp; <\/div> <\/div> <span class=\"ai1ec-event-location\"> <i class=\"ai1ec-fa ai1ec-fa-map-marker\"><\/i> Instituto Cervantes <\/span> <div class=\"ai1ec-no-footer-padding\"><\/div> <\/div> <\/div> <div class=\"ai1ec-event ai1ec-event-id-956 ai1ec-event-instance-id-23 \" data-end=\"\"> <div class=\"ai1ec-event-wrap ai1ec-clearfix\"> <div class=\"ai1ec-date-block-wrap\" > <a class=\"ai1ec-load-view\" href=\"https&#x3A;&#x2F;&#x2F;www.todoslostonosyayres.com&#x2F;en&#x2F;&#x3F;page_id&#x3D;614&#x2F;action&#x7E;oneday&#x2F;exact_date&#x7E;9-11-2018&#x2F;\"> <div class=\"ai1ec-date\"> <div class=\"ai1ec-month\">Nov<\/div> <div class=\"ai1ec-day\">9<\/div> <div class=\"ai1ec-weekday\">Fri<\/div> <div class=\"ai1ec-year\">2018<\/div> <\/div> <\/a> <\/div> <div class=\"ai1ec-event-title-wrap ai1ec-clearfix\"> <div class=\"ai1ec-event-title\" title=\"El&#x20;clave&#x20;del&#x20;Emperador&#x20;&#x28;Valdemoro&#x29;\"><div> <a class=\"ai1ec-load-event\" href=\"https&#x3A;&#x2F;&#x2F;www.todoslostonosyayres.com&#x2F;en&#x2F;event&#x2F;el-clave-del-emperador-valdemoro&#x2F;&#x3F;instance_id&#x3D;23\" > El clave del Emperador (Valdemoro) <\/a> <\/div><\/div> <div class=\"ai1ec-event-time\"> Nov 9 @ 9:00 pm \u2013 10:30 pm <\/div> <\/div> <div class=\"ai1ec-posterboard-image-container\"> <a class=\"ai1ec-load-event\" href=\"https&#x3A;&#x2F;&#x2F;www.todoslostonosyayres.com&#x2F;en&#x2F;event&#x2F;el-clave-del-emperador-valdemoro&#x2F;&#x3F;instance_id&#x3D;23\"> <div class=\"ai1ec-posterboard-image\" style=\"background-image: url(https&#x3A;&#x2F;&#x2F;www.todoslostonosyayres.com&#x2F;wp-content&#x2F;uploads&#x2F;Conciertos&#x2F;Portada_El_clave_del_Emperador_Banner_new-300x225.jpeg);\"> <\/div> <\/a> <div class=\"ai1ec-posterboard-time\"> 9:00 pm <\/div> <div class=\"ai1ec-sas-actions ai1ec-btn-group ai1ec-clearfix\"> <a href=\"#\" target=\"_blank\" class=\"ai1ec-sas-action ai1ec-btn ai1ec-btn-primary ai1ec-btn-xs ai1ec-btn-sm ai1ec-sas-action-tickets\"> <i class=\"ai1ec-fa ai1ec-fa-ticket\"><\/i> <span class=\"ai1ec-hidden-xs\">Tickets<\/span> <\/a> <\/div> <div class=\"ai1ec-event-description\"> Instituto Confucio de Madrid: \u00a0Concierto de m\u00fasica barroca y oriental Ayuntamiento de Valdemoro: Concierto &#8220;El clave del emperador&#8221;. M\u00fasica barroca y oriental\u00a0 Nota de prensa del Instituto Hanban <\/div> <\/div> <span class=\"ai1ec-event-location\"> <i class=\"ai1ec-fa ai1ec-fa-map-marker\"><\/i> Valdemoro <\/span> <div class=\"ai1ec-no-footer-padding\"><\/div> <\/div> <\/div> <div class=\"ai1ec-event ai1ec-event-id-953 ai1ec-event-instance-id-20 \" data-end=\"\"> <div class=\"ai1ec-event-wrap ai1ec-clearfix\"> <div class=\"ai1ec-date-block-wrap\" > <a class=\"ai1ec-load-view\" href=\"https&#x3A;&#x2F;&#x2F;www.todoslostonosyayres.com&#x2F;en&#x2F;&#x3F;page_id&#x3D;614&#x2F;action&#x7E;oneday&#x2F;exact_date&#x7E;10-9-2018&#x2F;\"> <div class=\"ai1ec-date\"> <div class=\"ai1ec-month\">Sep<\/div> <div class=\"ai1ec-day\">10<\/div> <div class=\"ai1ec-weekday\">Mon<\/div> <div class=\"ai1ec-year\">2018<\/div> <\/div> <div class=\"ai1ec-end-date-divider-small ai1ec-end-date-divider\" > <\/div> <div class=\"ai1ec-end-date-divider\" > <\/div> <div class=\"ai1ec-end-date ai1ec-date\"> <div class=\"ai1ec-date\"> <div class=\"ai1ec-month\">Sep<\/div> <div class=\"ai1ec-day\">13<\/div> <div class=\"ai1ec-weekday\">Thu<\/div> <div class=\"ai1ec-year\">2018<\/div> <\/div> <\/div> <\/a> <\/div> <div class=\"ai1ec-event-title-wrap ai1ec-clearfix\"> <div class=\"ai1ec-event-title\" title=\"Encuentro&#x20;de&#x20;M&#x00FA;sicas&#x20;de&#x20;Asia&#x20;&amp;&#x23;8211&#x3B;&#x20;UIMP&#x20;2018\"><div> <a class=\"ai1ec-load-event\" href=\"https&#x3A;&#x2F;&#x2F;www.todoslostonosyayres.com&#x2F;en&#x2F;event&#x2F;encuentro-de-musicas-de-asia-uimp-2018&#x2F;&#x3F;instance_id&#x3D;20\" > Encuentro de M\u00fasicas de Asia &#8211; UIMP 2018 <\/a> <\/div><\/div> <div class=\"ai1ec-event-time\"> Sep 10 @ 9:00 am \u2013 Sep 13 @ 9:00 am <\/div> <\/div> <div class=\"ai1ec-posterboard-image-container\"> <a class=\"ai1ec-load-event\" href=\"https&#x3A;&#x2F;&#x2F;www.todoslostonosyayres.com&#x2F;en&#x2F;event&#x2F;encuentro-de-musicas-de-asia-uimp-2018&#x2F;&#x3F;instance_id&#x3D;20\"> <div class=\"ai1ec-posterboard-image\" style=\"background-image: url(https&#x3A;&#x2F;&#x2F;www.todoslostonosyayres.com&#x2F;wp-content&#x2F;uploads&#x2F;Conferencias&#x2F;UIMP2018&#x2F;curso_uimp_2018-300x77.jpg);\"> <\/div> <\/a> <div class=\"ai1ec-posterboard-time\"> 9:00 am <\/div> <div class=\"ai1ec-sas-actions ai1ec-btn-group ai1ec-clearfix\"> <a href=\"#\" target=\"_blank\" class=\"ai1ec-sas-action ai1ec-btn ai1ec-btn-primary ai1ec-btn-xs ai1ec-btn-sm ai1ec-sas-action-tickets\"> <i class=\"ai1ec-fa ai1ec-fa-ticket\"><\/i> <span class=\"ai1ec-hidden-xs\">Tickets<\/span> <\/a> <\/div> <div class=\"ai1ec-event-description\"> Seminario de cuatro d\u00edas de la Universidad Internacional Men\u00e9ndez Pelayo dedicado a la m\u00fasica de China, Indonesia, Jap\u00f3n y Corea que incluye clases te\u00f3ricas, talleres pr\u00e1cticos, demostraciones de instrumentos y conciertos. El objetivo de este[...] <\/div> <\/div> <span class=\"ai1ec-event-location\"> <i class=\"ai1ec-fa ai1ec-fa-map-marker\"><\/i> Palacio de la Magdalena <\/span> <div class=\"ai1ec-no-footer-padding\"><\/div> <\/div> <\/div> <div class=\"ai1ec-event ai1ec-event-id-902 ai1ec-event-instance-id-18 \" data-end=\"\"> <div class=\"ai1ec-event-wrap ai1ec-clearfix\"> <div class=\"ai1ec-date-block-wrap\" > <a class=\"ai1ec-load-view\" href=\"https&#x3A;&#x2F;&#x2F;www.todoslostonosyayres.com&#x2F;en&#x2F;&#x3F;page_id&#x3D;614&#x2F;action&#x7E;oneday&#x2F;exact_date&#x7E;12-7-2018&#x2F;\"> <div class=\"ai1ec-date\"> <div class=\"ai1ec-month\">Jul<\/div> <div class=\"ai1ec-day\">12<\/div> <div class=\"ai1ec-weekday\">Thu<\/div> <div class=\"ai1ec-year\">2018<\/div> <\/div> <\/a> <\/div> <div class=\"ai1ec-event-title-wrap ai1ec-clearfix\"> <div class=\"ai1ec-event-title\" title=\"Musafir,&#x20;Viajeros&#x20;Medievales&#x20;&#x28;Gij&#x00F3;n&#x20;2018&#x29;\"><div> <a class=\"ai1ec-load-event\" href=\"https&#x3A;&#x2F;&#x2F;www.todoslostonosyayres.com&#x2F;en&#x2F;event&#x2F;musafir-viajeros-medievales-gijon-2018&#x2F;&#x3F;instance_id&#x3D;18\" > Musafir, Viajeros Medievales (Gij\u00f3n 2018) <\/a> <\/div><\/div> <div class=\"ai1ec-event-time\"> Jul 12 @ 8:00 pm \u2013 9:30 pm <\/div> <\/div> <div class=\"ai1ec-posterboard-image-container\"> <a class=\"ai1ec-load-event\" href=\"https&#x3A;&#x2F;&#x2F;www.todoslostonosyayres.com&#x2F;en&#x2F;event&#x2F;musafir-viajeros-medievales-gijon-2018&#x2F;&#x3F;instance_id&#x3D;18\"> <div class=\"ai1ec-posterboard-image\" style=\"background-image: url(https&#x3A;&#x2F;&#x2F;www.todoslostonosyayres.com&#x2F;wp-content&#x2F;uploads&#x2F;Conciertos&#x2F;Musafir-MAG2017-300x214.png);\"> <\/div> <\/a> <div class=\"ai1ec-posterboard-time\"> 8:00 pm <\/div> <div class=\"ai1ec-sas-actions ai1ec-btn-group ai1ec-clearfix\"> <a href=\"#\" target=\"_blank\" class=\"ai1ec-sas-action ai1ec-btn ai1ec-btn-primary ai1ec-btn-xs ai1ec-btn-sm ai1ec-sas-action-tickets\"> <i class=\"ai1ec-fa ai1ec-fa-ticket\"><\/i> <span class=\"ai1ec-hidden-xs\">Tickets<\/span> <\/a> <\/div> <div class=\"ai1ec-event-description\"> Festival de M\u00fasica Antigua de Gij\u00f3n (FEMAG 2018). Centro de Cultura Antiguo Instituto. Programa Musafir, Viajeros Medievales <\/div> <\/div> <span class=\"ai1ec-event-location\"> <i class=\"ai1ec-fa ai1ec-fa-map-marker\"><\/i> Festival de M\u00fasica Antigua de Gij\u00f3n <\/span> <div class=\"ai1ec-no-footer-padding\"><\/div> <\/div> <\/div> <div class=\"ai1ec-event ai1ec-event-id-683 ai1ec-event-instance-id-14 \" data-ticket-url=\"http&#x3A;&#x2F;&#x2F;www.daningtheatre.com.cn\" data-end=\"\"> <div class=\"ai1ec-event-wrap ai1ec-clearfix\"> <div class=\"ai1ec-date-block-wrap\" > <a class=\"ai1ec-load-view\" href=\"https&#x3A;&#x2F;&#x2F;www.todoslostonosyayres.com&#x2F;en&#x2F;&#x3F;page_id&#x3D;614&#x2F;action&#x7E;oneday&#x2F;exact_date&#x7E;6-6-2018&#x2F;\"> <div class=\"ai1ec-date\"> <div class=\"ai1ec-month\">Jun<\/div> <div class=\"ai1ec-day\">6<\/div> <div class=\"ai1ec-weekday\">Wed<\/div> <div class=\"ai1ec-year\">2018<\/div> <\/div> <\/a> <\/div> <div class=\"ai1ec-event-title-wrap ai1ec-clearfix\"> <div class=\"ai1ec-event-title\" title=\"El&#x20;clave&#x20;del&#x20;Emperador&#x20;&#x28;Gira&#x20;China&#x20;2018&#x29;\"><div> <a class=\"ai1ec-load-event\" href=\"https&#x3A;&#x2F;&#x2F;www.todoslostonosyayres.com&#x2F;en&#x2F;event&#x2F;iii-festival-de-musica-antigua-de-granada-mag-2018-2&#x2F;&#x3F;instance_id&#x3D;14\" > El clave del Emperador (Gira China 2018) <\/a> <\/div><\/div> <div class=\"ai1ec-event-time\"> Jun 6 @ 7:00 pm \u2013 9:00 pm <\/div> <\/div> <div class=\"ai1ec-posterboard-image-container\"> <a class=\"ai1ec-load-event\" href=\"https&#x3A;&#x2F;&#x2F;www.todoslostonosyayres.com&#x2F;en&#x2F;event&#x2F;iii-festival-de-musica-antigua-de-granada-mag-2018-2&#x2F;&#x3F;instance_id&#x3D;14\"> <div class=\"ai1ec-posterboard-image\" style=\"background-image: url(https&#x3A;&#x2F;&#x2F;www.todoslostonosyayres.com&#x2F;wp-content&#x2F;uploads&#x2F;Conciertos&#x2F;Portada_El_clave_del_Emperador_Banner-300x196.jpg);\"> <\/div> <\/a> <div class=\"ai1ec-posterboard-time\"> 7:00 pm <\/div> <div class=\"ai1ec-sas-actions ai1ec-btn-group ai1ec-clearfix\"> <a href=\"#\" target=\"_blank\" class=\"ai1ec-sas-action ai1ec-btn ai1ec-btn-primary ai1ec-btn-xs ai1ec-btn-sm ai1ec-sas-action-tickets\"> <i class=\"ai1ec-fa ai1ec-fa-ticket\"><\/i> <span class=\"ai1ec-hidden-xs\">Tickets<\/span> <\/a> <\/div> <div class=\"ai1ec-event-description\"> &nbsp; Concierto de la gira por China (27 de mayo al 9 de junio de 2018) con motivo de la celebraci\u00f3n del A\u00f1o Diego de Pantoja, enmarcado dentro de las actividades organizadas por el Instituto[...] <\/div> <\/div> <span class=\"ai1ec-event-location\"> <i class=\"ai1ec-fa ai1ec-fa-map-marker\"><\/i> Daning Theatre, Shanghai <\/span> <div class=\"ai1ec-no-footer-padding\"><\/div> <\/div> <\/div> <div class=\"ai1ec-event ai1ec-event-id-799 ai1ec-event-instance-id-17 \" data-ticket-url=\"http&#x3A;&#x2F;&#x2F;www.daningtheatre.com.cn\" data-end=\"\"> <div class=\"ai1ec-event-wrap ai1ec-clearfix\"> <div class=\"ai1ec-date-block-wrap\" > <a class=\"ai1ec-load-view\" href=\"https&#x3A;&#x2F;&#x2F;www.todoslostonosyayres.com&#x2F;en&#x2F;&#x3F;page_id&#x3D;614&#x2F;action&#x7E;oneday&#x2F;exact_date&#x7E;5-6-2018&#x2F;\"> <div class=\"ai1ec-date\"> <div class=\"ai1ec-month\">Jun<\/div> <div class=\"ai1ec-day\">5<\/div> <div class=\"ai1ec-weekday\">Tue<\/div> <div class=\"ai1ec-year\">2018<\/div> <\/div> <\/a> <\/div> <div class=\"ai1ec-event-title-wrap ai1ec-clearfix\"> <div class=\"ai1ec-event-title\" title=\"El&#x20;clave&#x20;del&#x20;Emperador&#x20;&#x28;Gira&#x20;China&#x20;2018&#x29;\"><div> <a class=\"ai1ec-load-event\" href=\"https&#x3A;&#x2F;&#x2F;www.todoslostonosyayres.com&#x2F;en&#x2F;event&#x2F;iii-festival-de-musica-antigua-de-granada-mag-2018-2-6&#x2F;&#x3F;instance_id&#x3D;17\" > El clave del Emperador (Gira China 2018) <\/a> <\/div><\/div> <div class=\"ai1ec-event-time\"> Jun 5 @ 7:00 pm \u2013 9:00 pm <\/div> <\/div> <div class=\"ai1ec-posterboard-image-container\"> <a class=\"ai1ec-load-event\" href=\"https&#x3A;&#x2F;&#x2F;www.todoslostonosyayres.com&#x2F;en&#x2F;event&#x2F;iii-festival-de-musica-antigua-de-granada-mag-2018-2-6&#x2F;&#x3F;instance_id&#x3D;17\"> <div class=\"ai1ec-posterboard-image\" style=\"background-image: url(https&#x3A;&#x2F;&#x2F;www.todoslostonosyayres.com&#x2F;wp-content&#x2F;uploads&#x2F;Conciertos&#x2F;Portada_El_clave_del_Emperador_Banner-300x196.jpg);\"> <\/div> <\/a> <div class=\"ai1ec-posterboard-time\"> 7:00 pm <\/div> <div class=\"ai1ec-sas-actions ai1ec-btn-group ai1ec-clearfix\"> <a href=\"#\" target=\"_blank\" class=\"ai1ec-sas-action ai1ec-btn ai1ec-btn-primary ai1ec-btn-xs ai1ec-btn-sm ai1ec-sas-action-tickets\"> <i class=\"ai1ec-fa ai1ec-fa-ticket\"><\/i> <span class=\"ai1ec-hidden-xs\">Tickets<\/span> <\/a> <\/div> <div class=\"ai1ec-event-description\"> &nbsp; Concierto de la gira por China (27 de mayo al 9 de junio de 2018) con motivo de la celebraci\u00f3n del A\u00f1o Diego de Pantoja, enmarcado dentro de las actividades organizadas por el Instituto[...] <\/div> <\/div> <span class=\"ai1ec-event-location\"> <i class=\"ai1ec-fa ai1ec-fa-map-marker\"><\/i> Zhang Yuan \u5f20\u56ed <\/span> <div class=\"ai1ec-no-footer-padding\"><\/div> <\/div> <\/div> <div class=\"ai1ec-event ai1ec-event-id-709 ai1ec-event-instance-id-13 \" data-ticket-url=\"https&#x3A;&#x2F;&#x2F;h5.youzan.com&#x2F;v2&#x2F;goods&#x2F;3nu4y858gs1wk&#x3F;scan&#x3D;1&amp;activity&#x3D;none&amp;from&#x3D;kdt\" data-end=\"\"> <div class=\"ai1ec-event-wrap ai1ec-clearfix\"> <div class=\"ai1ec-date-block-wrap\" > <a class=\"ai1ec-load-view\" href=\"https&#x3A;&#x2F;&#x2F;www.todoslostonosyayres.com&#x2F;en&#x2F;&#x3F;page_id&#x3D;614&#x2F;action&#x7E;oneday&#x2F;exact_date&#x7E;31-5-2018&#x2F;\"> <div class=\"ai1ec-date\"> <div class=\"ai1ec-month\">May<\/div> <div class=\"ai1ec-day\">31<\/div> <div class=\"ai1ec-weekday\">Thu<\/div> <div class=\"ai1ec-year\">2018<\/div> <\/div> <\/a> <\/div> <div class=\"ai1ec-event-title-wrap ai1ec-clearfix\"> <div class=\"ai1ec-event-title\" title=\"El&#x20;clave&#x20;del&#x20;Emperador&#x20;&#x28;Gira&#x20;China&#x20;2018&#x29;\"><div> <a class=\"ai1ec-load-event\" href=\"https&#x3A;&#x2F;&#x2F;www.todoslostonosyayres.com&#x2F;en&#x2F;event&#x2F;iii-festival-de-musica-antigua-de-granada-mag-2018-2-5&#x2F;&#x3F;instance_id&#x3D;13\" > El clave del Emperador (Gira China 2018) <\/a> <\/div><\/div> <div class=\"ai1ec-event-time\"> May 31 @ 7:00 pm \u2013 9:00 pm <\/div> <\/div> <div class=\"ai1ec-posterboard-image-container\"> <a class=\"ai1ec-load-event\" href=\"https&#x3A;&#x2F;&#x2F;www.todoslostonosyayres.com&#x2F;en&#x2F;event&#x2F;iii-festival-de-musica-antigua-de-granada-mag-2018-2-5&#x2F;&#x3F;instance_id&#x3D;13\"> <div class=\"ai1ec-posterboard-image\" style=\"background-image: url(https&#x3A;&#x2F;&#x2F;www.todoslostonosyayres.com&#x2F;wp-content&#x2F;uploads&#x2F;Conciertos&#x2F;Portada_El_clave_del_Emperador_Banner-300x196.jpg);\"> <\/div> <\/a> <div class=\"ai1ec-posterboard-time\"> 7:00 pm <\/div> <div class=\"ai1ec-sas-actions ai1ec-btn-group ai1ec-clearfix\"> <a href=\"#\" target=\"_blank\" class=\"ai1ec-sas-action ai1ec-btn ai1ec-btn-primary ai1ec-btn-xs ai1ec-btn-sm ai1ec-sas-action-tickets\"> <i class=\"ai1ec-fa ai1ec-fa-ticket\"><\/i> <span class=\"ai1ec-hidden-xs\">Tickets<\/span> <\/a> <\/div> <div class=\"ai1ec-event-description\"> &nbsp; Concierto de la gira por China (27 de mayo al 9 de junio de 2018) con motivo de la celebraci\u00f3n del A\u00f1o Diego de Pantoja, enmarcado dentro de las actividades organizadas por el Instituto[...] <\/div> <\/div> <span class=\"ai1ec-event-location\"> <i class=\"ai1ec-fa ai1ec-fa-map-marker\"><\/i> Dongjingyuan Temple, Beijing <\/span> <div class=\"ai1ec-no-footer-padding\"><\/div> <\/div> <\/div> <div class=\"ai1ec-event ai1ec-event-id-702 ai1ec-event-instance-id-11 \" data-ticket-url=\"https&#x3A;&#x2F;&#x2F;detail.youzan.com&#x2F;show&#x2F;goods&#x3F;alias&#x3D;3nu4y858gs1wk&amp;scan&#x3D;1&amp;activity&#x3D;none&amp;from&#x3D;kdt\" data-end=\"\"> <div class=\"ai1ec-event-wrap ai1ec-clearfix\"> <div class=\"ai1ec-date-block-wrap\" > <a class=\"ai1ec-load-view\" href=\"https&#x3A;&#x2F;&#x2F;www.todoslostonosyayres.com&#x2F;en&#x2F;&#x3F;page_id&#x3D;614&#x2F;action&#x7E;oneday&#x2F;exact_date&#x7E;30-5-2018&#x2F;\"> <div class=\"ai1ec-date\"> <div class=\"ai1ec-month\">May<\/div> <div class=\"ai1ec-day\">30<\/div> <div class=\"ai1ec-weekday\">Wed<\/div> <div class=\"ai1ec-year\">2018<\/div> <\/div> <\/a> <\/div> <div class=\"ai1ec-event-title-wrap ai1ec-clearfix\"> <div class=\"ai1ec-event-title\" title=\"El&#x20;clave&#x20;del&#x20;Emperador&#x20;&#x28;Gira&#x20;China&#x20;2018&#x29;\"><div> <a class=\"ai1ec-load-event\" href=\"https&#x3A;&#x2F;&#x2F;www.todoslostonosyayres.com&#x2F;en&#x2F;event&#x2F;iii-festival-de-musica-antigua-de-granada-mag-2018-2-4&#x2F;&#x3F;instance_id&#x3D;11\" > El clave del Emperador (Gira China 2018) <\/a> <\/div><\/div> <div class=\"ai1ec-event-time\"> May 30 @ 7:00 pm \u2013 9:00 pm <\/div> <\/div> <div class=\"ai1ec-posterboard-image-container\"> <a class=\"ai1ec-load-event\" href=\"https&#x3A;&#x2F;&#x2F;www.todoslostonosyayres.com&#x2F;en&#x2F;event&#x2F;iii-festival-de-musica-antigua-de-granada-mag-2018-2-4&#x2F;&#x3F;instance_id&#x3D;11\"> <div class=\"ai1ec-posterboard-image\" style=\"background-image: url(https&#x3A;&#x2F;&#x2F;www.todoslostonosyayres.com&#x2F;wp-content&#x2F;uploads&#x2F;Conciertos&#x2F;Portada_El_clave_del_Emperador_Banner-300x196.jpg);\"> <\/div> <\/a> <div class=\"ai1ec-posterboard-time\"> 7:00 pm <\/div> <div class=\"ai1ec-sas-actions ai1ec-btn-group ai1ec-clearfix\"> <a href=\"#\" target=\"_blank\" class=\"ai1ec-sas-action ai1ec-btn ai1ec-btn-primary ai1ec-btn-xs ai1ec-btn-sm ai1ec-sas-action-tickets\"> <i class=\"ai1ec-fa ai1ec-fa-ticket\"><\/i> <span class=\"ai1ec-hidden-xs\">Tickets<\/span> <\/a> <\/div> <div class=\"ai1ec-event-description\"> &nbsp; Concierto de la gira por China (27 de mayo al 9 de junio de 2018) con motivo de la celebraci\u00f3n del A\u00f1o Diego de Pantoja, enmarcado dentro de las actividades organizadas por el Instituto[...] <\/div> <\/div> <span class=\"ai1ec-event-location\"> <i class=\"ai1ec-fa ai1ec-fa-map-marker\"><\/i> Dongjingyuan Temple, Beijing <\/span> <div class=\"ai1ec-no-footer-padding\"><\/div> <\/div> <\/div> <div class=\"ai1ec-event ai1ec-event-id-695 ai1ec-event-instance-id-9 \" data-ticket-url=\"https&#x3A;&#x2F;&#x2F;detail.youzan.com&#x2F;show&#x2F;goods&#x3F;alias&#x3D;3nu4y858gs1wk&amp;scan&#x3D;1&amp;activity&#x3D;none&amp;from&#x3D;kdt\" data-end=\"\"> <div class=\"ai1ec-event-wrap ai1ec-clearfix\"> <div class=\"ai1ec-date-block-wrap\" > <a class=\"ai1ec-load-view\" href=\"https&#x3A;&#x2F;&#x2F;www.todoslostonosyayres.com&#x2F;en&#x2F;&#x3F;page_id&#x3D;614&#x2F;action&#x7E;oneday&#x2F;exact_date&#x7E;29-5-2018&#x2F;\"> <div class=\"ai1ec-date\"> <div class=\"ai1ec-month\">May<\/div> <div class=\"ai1ec-day\">29<\/div> <div class=\"ai1ec-weekday\">Tue<\/div> <div class=\"ai1ec-year\">2018<\/div> <\/div> <\/a> <\/div> <div class=\"ai1ec-event-title-wrap ai1ec-clearfix\"> <div class=\"ai1ec-event-title\" title=\"El&#x20;clave&#x20;del&#x20;Emperador&#x20;&#x28;Gira&#x20;China&#x20;2018&#x29;\"><div> <a class=\"ai1ec-load-event\" href=\"https&#x3A;&#x2F;&#x2F;www.todoslostonosyayres.com&#x2F;en&#x2F;event&#x2F;iii-festival-de-musica-antigua-de-granada-mag-2018-2-3&#x2F;&#x3F;instance_id&#x3D;9\" > El clave del Emperador (Gira China 2018) <\/a> <\/div><\/div> <div class=\"ai1ec-event-time\"> May 29 @ 7:00 pm \u2013 9:00 pm <\/div> <\/div> <div class=\"ai1ec-posterboard-image-container\"> <a class=\"ai1ec-load-event\" href=\"https&#x3A;&#x2F;&#x2F;www.todoslostonosyayres.com&#x2F;en&#x2F;event&#x2F;iii-festival-de-musica-antigua-de-granada-mag-2018-2-3&#x2F;&#x3F;instance_id&#x3D;9\"> <div class=\"ai1ec-posterboard-image\" style=\"background-image: url(https&#x3A;&#x2F;&#x2F;www.todoslostonosyayres.com&#x2F;wp-content&#x2F;uploads&#x2F;Conciertos&#x2F;Portada_El_clave_del_Emperador_Banner-300x196.jpg);\"> <\/div> <\/a> <div class=\"ai1ec-posterboard-time\"> 7:00 pm <\/div> <div class=\"ai1ec-sas-actions ai1ec-btn-group ai1ec-clearfix\"> <a href=\"#\" target=\"_blank\" class=\"ai1ec-sas-action ai1ec-btn ai1ec-btn-primary ai1ec-btn-xs ai1ec-btn-sm ai1ec-sas-action-tickets\"> <i class=\"ai1ec-fa ai1ec-fa-ticket\"><\/i> <span class=\"ai1ec-hidden-xs\">Tickets<\/span> <\/a> <\/div> <div class=\"ai1ec-event-description\"> &nbsp; Concierto de la gira por China (27 de mayo al 9 de junio de 2018) con motivo de la celebraci\u00f3n del A\u00f1o Diego de Pantoja, enmarcado dentro de las actividades organizadas por el Instituto[...] <\/div> <\/div> <span class=\"ai1ec-event-location\"> <i class=\"ai1ec-fa ai1ec-fa-map-marker\"><\/i> Dongjingyuan Temple, Beijing <\/span> <div class=\"ai1ec-no-footer-padding\"><\/div> <\/div> <\/div> <div class=\"ai1ec-event ai1ec-event-id-686 ai1ec-event-instance-id-7 \" data-end=\"\"> <div class=\"ai1ec-event-wrap ai1ec-clearfix\"> <div class=\"ai1ec-date-block-wrap\" > <a class=\"ai1ec-load-view\" href=\"https&#x3A;&#x2F;&#x2F;www.todoslostonosyayres.com&#x2F;en&#x2F;&#x3F;page_id&#x3D;614&#x2F;action&#x7E;oneday&#x2F;exact_date&#x7E;26-5-2018&#x2F;\"> <div class=\"ai1ec-date\"> <div class=\"ai1ec-month\">May<\/div> <div class=\"ai1ec-day\">26<\/div> <div class=\"ai1ec-weekday\">Sat<\/div> <div class=\"ai1ec-year\">2018<\/div> <\/div> <\/a> <\/div> <div class=\"ai1ec-event-title-wrap ai1ec-clearfix\"> <div class=\"ai1ec-event-title\" title=\"El&#x20;clave&#x20;del&#x20;Emperador&#x20;&#x28;MAG&#x20;2018&#x29;\"><div> <a class=\"ai1ec-load-event\" href=\"https&#x3A;&#x2F;&#x2F;www.todoslostonosyayres.com&#x2F;en&#x2F;event&#x2F;iii-festival-de-musica-antigua-de-granada-mag-2018-2-2&#x2F;&#x3F;instance_id&#x3D;7\" > El clave del Emperador (MAG 2018) <\/a> <\/div><\/div> <div class=\"ai1ec-event-time\"> May 26 @ 8:00 pm \u2013 9:30 pm <\/div> <\/div> <div class=\"ai1ec-posterboard-image-container\"> <a class=\"ai1ec-load-event\" href=\"https&#x3A;&#x2F;&#x2F;www.todoslostonosyayres.com&#x2F;en&#x2F;event&#x2F;iii-festival-de-musica-antigua-de-granada-mag-2018-2-2&#x2F;&#x3F;instance_id&#x3D;7\"> <div class=\"ai1ec-posterboard-image\" style=\"background-image: url(https&#x3A;&#x2F;&#x2F;www.todoslostonosyayres.com&#x2F;wp-content&#x2F;uploads&#x2F;Conciertos&#x2F;Portada_El_clave_del_Emperador_Banner-300x196.jpg);\"> <\/div> <\/a> <div class=\"ai1ec-posterboard-time\"> 8:00 pm <\/div> <div class=\"ai1ec-sas-actions ai1ec-btn-group ai1ec-clearfix\"> <a href=\"#\" target=\"_blank\" class=\"ai1ec-sas-action ai1ec-btn ai1ec-btn-primary ai1ec-btn-xs ai1ec-btn-sm ai1ec-sas-action-tickets\"> <i class=\"ai1ec-fa ai1ec-fa-ticket\"><\/i> <span class=\"ai1ec-hidden-xs\">Tickets<\/span> <\/a> <\/div> <div class=\"ai1ec-event-description\"> El clave del Emperador: tras el legado de Diego de Pantoja En este concierto, instrumentos de \u00e9poca occidentales y chinos se unir\u00e1n para reconstruir la animada vida musical de la Corte china en un homenaje[...] <\/div> <\/div> <span class=\"ai1ec-event-location\"> <i class=\"ai1ec-fa ai1ec-fa-map-marker\"><\/i> Real Chanciller\u00eda, Granada <\/span> <div class=\"ai1ec-no-footer-padding\"><\/div> <\/div> <\/div> <div class=\"ai1ec-event ai1ec-event-id-1106 ai1ec-event-instance-id-35 \" data-end=\"\"> <div class=\"ai1ec-event-wrap ai1ec-clearfix\"> <div class=\"ai1ec-date-block-wrap\" > <a class=\"ai1ec-load-view\" href=\"https&#x3A;&#x2F;&#x2F;www.todoslostonosyayres.com&#x2F;en&#x2F;&#x3F;page_id&#x3D;614&#x2F;action&#x7E;oneday&#x2F;exact_date&#x7E;17-3-2018&#x2F;\"> <div class=\"ai1ec-date\"> <div class=\"ai1ec-month\">Mar<\/div> <div class=\"ai1ec-day\">17<\/div> <div class=\"ai1ec-weekday\">Sat<\/div> <div class=\"ai1ec-year\">2018<\/div> <\/div> <\/a> <\/div> <div class=\"ai1ec-event-title-wrap ai1ec-clearfix\"> <div class=\"ai1ec-event-title\" title=\"Musafir,&#x20;Viajeros&#x20;Medievales&#x20;&#x28;Cartograf&#x00ED;a&#x20;de&#x20;los&#x20;Caminos&#x29;\"><div> <a class=\"ai1ec-load-event\" href=\"https&#x3A;&#x2F;&#x2F;www.todoslostonosyayres.com&#x2F;en&#x2F;event&#x2F;musafir-viajeros-medievales-cartografia-de-los-caminos-2&#x2F;&#x3F;instance_id&#x3D;35\" > Musafir, Viajeros Medievales (Cartograf\u00eda de los Caminos) <\/a> <\/div><\/div> <div class=\"ai1ec-event-time\"> Mar 17 @ 7:00 pm \u2013 8:30 pm <\/div> <\/div> <div class=\"ai1ec-posterboard-image-container\"> <a class=\"ai1ec-load-event\" href=\"https&#x3A;&#x2F;&#x2F;www.todoslostonosyayres.com&#x2F;en&#x2F;event&#x2F;musafir-viajeros-medievales-cartografia-de-los-caminos-2&#x2F;&#x3F;instance_id&#x3D;35\"> <div class=\"ai1ec-posterboard-image\" style=\"background-image: url(https&#x3A;&#x2F;&#x2F;www.todoslostonosyayres.com&#x2F;wp-content&#x2F;uploads&#x2F;Prensa&#x2F;cartografia-de-los-caminos-300x138.png);\"> <\/div> <\/a> <div class=\"ai1ec-posterboard-time\"> 7:00 pm <\/div> <div class=\"ai1ec-sas-actions ai1ec-btn-group ai1ec-clearfix\"> <a href=\"#\" target=\"_blank\" class=\"ai1ec-sas-action ai1ec-btn ai1ec-btn-primary ai1ec-btn-xs ai1ec-btn-sm ai1ec-sas-action-tickets\"> <i class=\"ai1ec-fa ai1ec-fa-ticket\"><\/i> <span class=\"ai1ec-hidden-xs\">Tickets<\/span> <\/a> <\/div> <\/div> <span class=\"ai1ec-event-location\"> <i class=\"ai1ec-fa ai1ec-fa-map-marker\"><\/i> Centro Cultural de China en Madrid <\/span> <div class=\"ai1ec-no-footer-padding\"><\/div> <\/div> <\/div> <\/div> <div class=\"ai1ec-pull-left\"><\/div> <\/div> <\/div> <div class=\"ai1ec-subscribe-container ai1ec-pull-right ai1ec-btn-group\"> <div class=\"ai1ec-subscribe-dropdown ai1ec-dropdown ai1ec-dropup ai1ec-btn ai1ec-btn-default ai1ec-btn-sm\"> <span role=\"button\" class=\"ai1ec-dropdown-toggle ai1ec-subscribe\" data-toggle=\"ai1ec-dropdown\"> <i class=\"ai1ec-fa ai1ec-icon-rss ai1ec-fa-lg ai1ec-fa-fw\"><\/i> <span class=\"ai1ec-hidden-xs\"> Subscribe to filtered calendar <span class=\"ai1ec-caret\"><\/span> <\/span> <\/span> <ul class=\"ai1ec-dropdown-menu ai1ec-pull-right\" role=\"menu\"> <li> <a class=\"ai1ec-tooltip-trigger ai1ec-tooltip-auto\" target=\"_blank\" data-placement=\"left\" title=\"Copy this URL for your own Timely calendar or click to add to your rich-text calendar\" href=\"http&#x3A;&#x2F;&#x2F;www.todoslostonosyayres.com&#x2F;&#x3F;plugin&#x3D;all-in-one-event-calendar&amp;controller&#x3D;ai1ec_exporter_controller&amp;action&#x3D;export_events&amp;ai1ec_cat_ids&#x3D;33&amp;ai1ec_tag_ids&#x3D;73\"> <i class=\"ai1ec-fa ai1ec-fa-lg ai1ec-fa-fw ai1ec-icon-timely\"><\/i> Add to Timely Calendar <\/a> <\/li> <li> <a class=\"ai1ec-tooltip-trigger ai1ec-tooltip-auto\" target=\"_blank\" data-placement=\"left\" title=\"Subscribe to this calendar in your Google Calendar\" href=\"https:\/\/www.google.com\/calendar\/render?cid=http&#x25;3A&#x25;2F&#x25;2Fwww.todoslostonosyayres.com&#x25;2F&#x25;3Fplugin&#x25;3Dall-in-one-event-calendar&#x25;26controller&#x25;3Dai1ec_exporter_controller&#x25;26action&#x25;3Dexport_events&#x25;26no_html&#x25;3Dtrue&#x25;26ai1ec_cat_ids&#x25;3D33&#x25;26ai1ec_tag_ids&#x25;3D73&#x25;26&#x25;26\"> <i class=\"ai1ec-fa ai1ec-icon-google ai1ec-fa-lg ai1ec-fa-fw\"><\/i> Add to Google <\/a> <\/li> <li> <a class=\"ai1ec-tooltip-trigger ai1ec-tooltip-auto\" target=\"_blank\" data-placement=\"left\" title=\"Subscribe to this calendar in MS Outlook\" href=\"webcal&#x3A;&#x2F;&#x2F;www.todoslostonosyayres.com&#x2F;&#x3F;plugin&#x3D;all-in-one-event-calendar&amp;controller&#x3D;ai1ec_exporter_controller&amp;action&#x3D;export_events&amp;no_html&#x3D;true&amp;ai1ec_cat_ids&#x3D;33&amp;ai1ec_tag_ids&#x3D;73\"> <i class=\"ai1ec-fa ai1ec-icon-windows ai1ec-fa-lg ai1ec-fa-fw\"><\/i> Add to Outlook <\/a> <\/li> <li> <a class=\"ai1ec-tooltip-trigger ai1ec-tooltip-auto\" target=\"_blank\" data-placement=\"left\" title=\"Subscribe to this calendar in Apple Calendar\/iCal\" href=\"webcal&#x3A;&#x2F;&#x2F;www.todoslostonosyayres.com&#x2F;&#x3F;plugin&#x3D;all-in-one-event-calendar&amp;controller&#x3D;ai1ec_exporter_controller&amp;action&#x3D;export_events&amp;no_html&#x3D;true&amp;ai1ec_cat_ids&#x3D;33&amp;ai1ec_tag_ids&#x3D;73\"> <i class=\"ai1ec-fa ai1ec-icon-apple ai1ec-fa-lg ai1ec-fa-fw\"><\/i> Add to Apple Calendar <\/a> <\/li> <li> <a class=\"ai1ec-tooltip-trigger ai1ec-tooltip-auto\" data-placement=\"left\" title=\"Subscribe to this calendar in another plain-text calendar\" href=\"http&#x3A;&#x2F;&#x2F;www.todoslostonosyayres.com&#x2F;&#x3F;plugin&#x3D;all-in-one-event-calendar&amp;controller&#x3D;ai1ec_exporter_controller&amp;action&#x3D;export_events&amp;no_html&#x3D;true&amp;ai1ec_cat_ids&#x3D;33&amp;ai1ec_tag_ids&#x3D;73\"> <i class=\"ai1ec-fa ai1ec-icon-calendar ai1ec-fa-fw\"><\/i> Add to other calendar <\/a> <\/li> <li> <a class=\"ai1ec-tooltip-trigger ai1ec-tooltip-auto\" data-placement=\"left\" title=\"\" href=\"http&#x3A;&#x2F;&#x2F;www.todoslostonosyayres.com&#x2F;&#x3F;plugin&#x3D;all-in-one-event-calendar&amp;controller&#x3D;ai1ec_exporter_controller&amp;action&#x3D;export_events&amp;ai1ec_cat_ids&#x3D;33&amp;ai1ec_tag_ids&#x3D;73&xml=true\"> <i class=\"ai1ec-fa ai1ec-fa-file-text ai1ec-fa-lg ai1ec-fa-fw\"><\/i> Export to XML <\/a> <\/li> <\/ul> <\/div> <\/div> <\/div><!-- \/.timely --> <\/div> <!-- END All-in-One Event Calendar Plugin --> \n\n\t\t<\/div>\n\t<\/div>\n<\/div><\/div><div class=\"vc_tta-panel\" id=\"1645988333704-8ae55dc5-9f7b\" data-vc-content=\".vc_tta-panel-body\"><div class=\"vc_tta-panel-heading\"><h3 class=\"vc_tta-panel-title\"><a href=\"#1645988333704-8ae55dc5-9f7b\" data-vc-accordion data-vc-container=\".vc_tta-container\"><span class=\"vc_tta-title-text\">2017<\/span><\/a><\/h3><\/div><div class=\"vc_tta-panel-body\">\n\t<div class=\"wpb_text_column wpb_content_element\" >\n\t\t<div class=\"wpb_wrapper\">\n\t\t\t<!-- START All-in-One Event Calendar Plugin - Version 3.0.0 --> <div id=\"ai1ec-container\" class=\"ai1ec-main-container \"> <!-- AI1EC_PAGE_CONTENT_PLACEHOLDER --> <div id=\"ai1ec-calendar\" class=\"timely ai1ec-calendar\"> <div id=\"ai1ec-calendar-view-container\" class=\"ai1ec-calendar-view-container\"> <div id=\"ai1ec-calendar-view-loading\" class=\"ai1ec-loading ai1ec-calendar-view-loading\"><\/div> <div id=\"ai1ec-calendar-view\" class=\"ai1ec-calendar-view\"> <div class=\"ai1ec-posterboard-view ai1ec-clearfix ai1ec-posterboard-aligned ai1ec-posterboard-no-footer \" data-ai1ec-tile-min-width=\"240\" data-ai1ec-posterboard-equal-height=\"1\" data-ai1ec-posterboard-mode=\"0\"> <div class=\"ai1ec-event ai1ec-event-id-538 ai1ec-event-instance-id-36 \" data-end=\"\"> <div class=\"ai1ec-event-wrap ai1ec-clearfix\"> <div class=\"ai1ec-date-block-wrap\" > <a class=\"ai1ec-load-view\" href=\"https&#x3A;&#x2F;&#x2F;www.todoslostonosyayres.com&#x2F;en&#x2F;&#x3F;page_id&#x3D;614&#x2F;action&#x7E;oneday&#x2F;exact_date&#x7E;5-12-2017&#x2F;\"> <div class=\"ai1ec-date\"> <div class=\"ai1ec-month\">Dec<\/div> <div class=\"ai1ec-day\">5<\/div> <div class=\"ai1ec-weekday\">Tue<\/div> <div class=\"ai1ec-year\">2017<\/div> <\/div> <\/a> <\/div> <div class=\"ai1ec-event-title-wrap ai1ec-clearfix\"> <div class=\"ai1ec-event-title\" title=\"M&#x00FA;sica&#x20;entre&#x20;arrecifes\"><div> <a class=\"ai1ec-load-event\" href=\"https&#x3A;&#x2F;&#x2F;www.todoslostonosyayres.com&#x2F;en&#x2F;event&#x2F;musica-entre-arrecifes&#x2F;&#x3F;instance_id&#x3D;36\" > M\u00fasica entre arrecifes <\/a> <\/div><\/div> <div class=\"ai1ec-event-time\"> Dec 5 @ 8:00 pm \u2013 9:15 pm <\/div> <\/div> <div class=\"ai1ec-posterboard-image-container\"> <a class=\"ai1ec-load-event\" href=\"https&#x3A;&#x2F;&#x2F;www.todoslostonosyayres.com&#x2F;en&#x2F;event&#x2F;musica-entre-arrecifes&#x2F;&#x3F;instance_id&#x3D;36\"> <div class=\"ai1ec-posterboard-image\" style=\"background-image: url(https&#x3A;&#x2F;&#x2F;www.todoslostonosyayres.com&#x2F;wp-content&#x2F;uploads&#x2F;Conciertos&#x2F;musica_entre_arrecifes_05122017-214x300.jpg);\"> <\/div> <\/a> <div class=\"ai1ec-posterboard-time\"> 8:00 pm <\/div> <div class=\"ai1ec-sas-actions ai1ec-btn-group ai1ec-clearfix\"> <a href=\"#\" target=\"_blank\" class=\"ai1ec-sas-action ai1ec-btn ai1ec-btn-primary ai1ec-btn-xs ai1ec-btn-sm ai1ec-sas-action-tickets\"> <i class=\"ai1ec-fa ai1ec-fa-ticket\"><\/i> <span class=\"ai1ec-hidden-xs\">Tickets<\/span> <\/a> <\/div> <div class=\"ai1ec-event-description\"> M\u00fasica entre arrecifes, XXIV Punto de encuentro de la Asociaci\u00f3n de M\u00fasica Electroac\u00fastica de Espa\u00f1a (AMEE) &nbsp; &nbsp; <\/div> <\/div> <span class=\"ai1ec-event-location\"> <i class=\"ai1ec-fa ai1ec-fa-map-marker\"><\/i> Palacio de la Madraza \u2013 Gabinete de Teatro <\/span> <div class=\"ai1ec-no-footer-padding\"><\/div> <\/div> <\/div> <div class=\"ai1ec-event ai1ec-event-id-1159 ai1ec-event-instance-id-40 \" data-end=\"\"> <div class=\"ai1ec-event-wrap ai1ec-clearfix\"> <div class=\"ai1ec-date-block-wrap\" > <a class=\"ai1ec-load-view\" href=\"https&#x3A;&#x2F;&#x2F;www.todoslostonosyayres.com&#x2F;en&#x2F;&#x3F;page_id&#x3D;614&#x2F;action&#x7E;oneday&#x2F;exact_date&#x7E;1-12-2017&#x2F;\"> <div class=\"ai1ec-date\"> <div class=\"ai1ec-month\">Dec<\/div> <div class=\"ai1ec-day\">1<\/div> <div class=\"ai1ec-weekday\">Fri<\/div> <div class=\"ai1ec-year\">2017<\/div> <\/div> <\/a> <\/div> <div class=\"ai1ec-event-title-wrap ai1ec-clearfix\"> <div class=\"ai1ec-event-title\" title=\"I&#x20;Festival&#x20;de&#x20;M&#x00FA;sica&#x20;y&#x20;Ciencia&#x20;&#x28;IAA-CSIC&#x29;\"><div> <a class=\"ai1ec-load-event\" href=\"https&#x3A;&#x2F;&#x2F;www.todoslostonosyayres.com&#x2F;en&#x2F;event&#x2F;musica-y-astronomia-en-la-antigua-china-safor-2&#x2F;&#x3F;instance_id&#x3D;40\" > I Festival de M\u00fasica y Ciencia (IAA-CSIC) <\/a> <\/div><\/div> <div class=\"ai1ec-event-time\"> Dec 1 @ 7:00 pm \u2013 10:00 pm <\/div> <\/div> <div class=\"ai1ec-posterboard-image-container\"> <a class=\"ai1ec-load-event\" href=\"https&#x3A;&#x2F;&#x2F;www.todoslostonosyayres.com&#x2F;en&#x2F;event&#x2F;musica-y-astronomia-en-la-antigua-china-safor-2&#x2F;&#x3F;instance_id&#x3D;40\"> <div class=\"ai1ec-posterboard-image\" style=\"background-image: url(https&#x3A;&#x2F;&#x2F;www.todoslostonosyayres.com&#x2F;wp-content&#x2F;uploads&#x2F;Conciertos&#x2F;Musica_y_Ciencia_IAA&#x2F;I-Festival-de-Musica-y-Ciencia-IAA-Portada-300x253.jpg);\"> <\/div> <\/a> <div class=\"ai1ec-posterboard-time\"> 7:00 pm <\/div> <div class=\"ai1ec-sas-actions ai1ec-btn-group ai1ec-clearfix\"> <a href=\"#\" target=\"_blank\" class=\"ai1ec-sas-action ai1ec-btn ai1ec-btn-primary ai1ec-btn-xs ai1ec-btn-sm ai1ec-sas-action-tickets\"> <i class=\"ai1ec-fa ai1ec-fa-ticket\"><\/i> <span class=\"ai1ec-hidden-xs\">Tickets<\/span> <\/a> <\/div> <div class=\"ai1ec-event-description\"> I Festival de M\u00fasica y Ciencia (Diciembre 2017, IAA-CISC) &nbsp; &nbsp; <\/div> <\/div> <span class=\"ai1ec-event-location\"> <i class=\"ai1ec-fa ai1ec-fa-map-marker\"><\/i> Instituto de Astrof\u00edsica de Andaluc\u00eda (IAA-CSIC) <\/span> <div class=\"ai1ec-no-footer-padding\"><\/div> <\/div> <\/div> <div class=\"ai1ec-event ai1ec-event-id-637 ai1ec-event-instance-id-4 \" data-end=\"\"> <div class=\"ai1ec-event-wrap ai1ec-clearfix\"> <div class=\"ai1ec-date-block-wrap\" > <a class=\"ai1ec-load-view\" href=\"https&#x3A;&#x2F;&#x2F;www.todoslostonosyayres.com&#x2F;en&#x2F;&#x3F;page_id&#x3D;614&#x2F;action&#x7E;oneday&#x2F;exact_date&#x7E;4-11-2017&#x2F;\"> <div class=\"ai1ec-date\"> <div class=\"ai1ec-month\">Nov<\/div> <div class=\"ai1ec-day\">4<\/div> <div class=\"ai1ec-weekday\">Sat<\/div> <div class=\"ai1ec-year\">2017<\/div> <\/div> <\/a> <\/div> <div class=\"ai1ec-event-title-wrap ai1ec-clearfix\"> <div class=\"ai1ec-event-title\" title=\"Musafir,&#x20;Viajeros&#x20;Medievales&#x20;&#x28;MOMUA&#x20;2017&#x29;\"><div> <a class=\"ai1ec-load-event\" href=\"https&#x3A;&#x2F;&#x2F;www.todoslostonosyayres.com&#x2F;en&#x2F;event&#x2F;musafir-viajeros-medievales-momua-2017&#x2F;&#x3F;instance_id&#x3D;4\" > Musafir, Viajeros Medievales (MOMUA 2017) <\/a> <\/div><\/div> <div class=\"ai1ec-event-time\"> Nov 4 @ 8:30 pm \u2013 10:00 pm <\/div> <\/div> <div class=\"ai1ec-posterboard-image-container\"> <a class=\"ai1ec-load-event\" href=\"https&#x3A;&#x2F;&#x2F;www.todoslostonosyayres.com&#x2F;en&#x2F;event&#x2F;musafir-viajeros-medievales-momua-2017&#x2F;&#x3F;instance_id&#x3D;4\"> <div class=\"ai1ec-posterboard-image\" style=\"background-image: url(https&#x3A;&#x2F;&#x2F;www.todoslostonosyayres.com&#x2F;wp-content&#x2F;uploads&#x2F;Conciertos&#x2F;Musafir-MAG2017-300x214.png);\"> <\/div> <\/a> <div class=\"ai1ec-posterboard-time\"> 8:30 pm <\/div> <div class=\"ai1ec-sas-actions ai1ec-btn-group ai1ec-clearfix\"> <a href=\"#\" target=\"_blank\" class=\"ai1ec-sas-action ai1ec-btn ai1ec-btn-primary ai1ec-btn-xs ai1ec-btn-sm ai1ec-sas-action-tickets\"> <i class=\"ai1ec-fa ai1ec-fa-ticket\"><\/i> <span class=\"ai1ec-hidden-xs\">Tickets<\/span> <\/a> <\/div> <div class=\"ai1ec-event-description\"> Concierto de clausura del I Festival de M\u00fasica Antigua de Molina del Segura (MOMUA 2017) el 4 de noviembre de 2017 celebrado en el\u00a0 MUDEM (Museo del Enclave de la Muralla). <\/div> <\/div> <span class=\"ai1ec-event-location\"> <i class=\"ai1ec-fa ai1ec-fa-map-marker\"><\/i> MUDEM, Molina del Segura <\/span> <div class=\"ai1ec-no-footer-padding\"><\/div> <\/div> <\/div> <div class=\"ai1ec-event ai1ec-event-id-633 ai1ec-event-instance-id-3 \" data-end=\"\"> <div class=\"ai1ec-event-wrap ai1ec-clearfix\"> <div class=\"ai1ec-date-block-wrap\" > <a class=\"ai1ec-load-view\" href=\"https&#x3A;&#x2F;&#x2F;www.todoslostonosyayres.com&#x2F;en&#x2F;&#x3F;page_id&#x3D;614&#x2F;action&#x7E;oneday&#x2F;exact_date&#x7E;3-6-2017&#x2F;\"> <div class=\"ai1ec-date\"> <div class=\"ai1ec-month\">Jun<\/div> <div class=\"ai1ec-day\">3<\/div> <div class=\"ai1ec-weekday\">Sat<\/div> <div class=\"ai1ec-year\">2017<\/div> <\/div> <\/a> <\/div> <div class=\"ai1ec-event-title-wrap ai1ec-clearfix\"> <div class=\"ai1ec-event-title\" title=\"Musafir,&#x20;Viajeros&#x20;Medievales&#x20;&#x28;MAG&#x20;2017&#x29;\"><div> <a class=\"ai1ec-load-event\" href=\"https&#x3A;&#x2F;&#x2F;www.todoslostonosyayres.com&#x2F;en&#x2F;event&#x2F;ii-festival-de-musica-antigua-de-granada-mag-2017&#x2F;&#x3F;instance_id&#x3D;3\" > Musafir, Viajeros Medievales (MAG 2017) <\/a> <\/div><\/div> <div class=\"ai1ec-event-time\"> Jun 3 @ 8:00 pm \u2013 9:30 pm <\/div> <\/div> <div class=\"ai1ec-posterboard-image-container\"> <a class=\"ai1ec-load-event\" href=\"https&#x3A;&#x2F;&#x2F;www.todoslostonosyayres.com&#x2F;en&#x2F;event&#x2F;ii-festival-de-musica-antigua-de-granada-mag-2017&#x2F;&#x3F;instance_id&#x3D;3\"> <div class=\"ai1ec-posterboard-image\" style=\"background-image: url(https&#x3A;&#x2F;&#x2F;www.todoslostonosyayres.com&#x2F;wp-content&#x2F;uploads&#x2F;Conciertos&#x2F;Musafir-MAG2017-300x214.png);\"> <\/div> <\/a> <div class=\"ai1ec-posterboard-time\"> 8:00 pm <\/div> <div class=\"ai1ec-sas-actions ai1ec-btn-group ai1ec-clearfix\"> <a href=\"#\" target=\"_blank\" class=\"ai1ec-sas-action ai1ec-btn ai1ec-btn-primary ai1ec-btn-xs ai1ec-btn-sm ai1ec-sas-action-tickets\"> <i class=\"ai1ec-fa ai1ec-fa-ticket\"><\/i> <span class=\"ai1ec-hidden-xs\">Tickets<\/span> <\/a> <\/div> <div class=\"ai1ec-event-description\"> Estreno del programa Musafir, Viajeros Medievales en el II Festival de M\u00fasica Antigua de Granada (MAG 2017) el 3 de junio de 2017 en la Real Chanciller\u00eda de Granada. <\/div> <\/div> <span class=\"ai1ec-event-location\"> <i class=\"ai1ec-fa ai1ec-fa-map-marker\"><\/i> Real Chanciller\u00eda <\/span> <div class=\"ai1ec-no-footer-padding\"><\/div> <\/div> <\/div> <div class=\"ai1ec-event ai1ec-event-id-1616 ai1ec-event-instance-id-70 \" data-end=\"\"> <div class=\"ai1ec-event-wrap ai1ec-clearfix\"> <div class=\"ai1ec-date-block-wrap\" > <a class=\"ai1ec-load-view\" href=\"https&#x3A;&#x2F;&#x2F;www.todoslostonosyayres.com&#x2F;en&#x2F;&#x3F;page_id&#x3D;614&#x2F;action&#x7E;oneday&#x2F;exact_date&#x7E;4-4-2017&#x2F;\"> <div class=\"ai1ec-date\"> <div class=\"ai1ec-month\">Apr<\/div> <div class=\"ai1ec-day\">4<\/div> <div class=\"ai1ec-weekday\">Tue<\/div> <div class=\"ai1ec-year\">2017<\/div> <\/div> <\/a> <\/div> <div class=\"ai1ec-event-title-wrap ai1ec-clearfix\"> <div class=\"ai1ec-event-title\" title=\"Entrevista&#x20;en&#x20;Longitud&#x20;de&#x20;Onda&#x20;&#x28;RTVE&#x29;\"><div> <a class=\"ai1ec-load-event\" href=\"https&#x3A;&#x2F;&#x2F;www.todoslostonosyayres.com&#x2F;en&#x2F;event&#x2F;entrevista-en-longitud-de-onda-rtve&#x2F;&#x3F;instance_id&#x3D;70\" > Entrevista en Longitud de Onda (RTVE) <\/a> <\/div><\/div> <div class=\"ai1ec-event-time\"> Apr 4 @ 10:00 am \u2013 10:30 am <\/div> <\/div> <div class=\"ai1ec-posterboard-image-container\"> <a class=\"ai1ec-load-event\" href=\"https&#x3A;&#x2F;&#x2F;www.todoslostonosyayres.com&#x2F;en&#x2F;event&#x2F;entrevista-en-longitud-de-onda-rtve&#x2F;&#x3F;instance_id&#x3D;70\"> <div class=\"ai1ec-posterboard-image\" style=\"background-image: url(https&#x3A;&#x2F;&#x2F;www.todoslostonosyayres.com&#x2F;wp-content&#x2F;uploads&#x2F;Medios&#x2F;Radio_Clasica_RTVE-298x300.jpg);\"> <\/div> <\/a> <div class=\"ai1ec-posterboard-time\"> 10:00 am <\/div> <div class=\"ai1ec-sas-actions ai1ec-btn-group ai1ec-clearfix\"> <a href=\"#\" target=\"_blank\" class=\"ai1ec-sas-action ai1ec-btn ai1ec-btn-primary ai1ec-btn-xs ai1ec-btn-sm ai1ec-sas-action-tickets\"> <i class=\"ai1ec-fa ai1ec-fa-ticket\"><\/i> <span class=\"ai1ec-hidden-xs\">Tickets<\/span> <\/a> <\/div> <div class=\"ai1ec-event-description\"> Entrevista en el programa Longitud de Onda de Radio Cl\u00e1sica (RTVE) sobre la m\u00fasica y la ciencia en la antigua China y de c\u00f3mo ambas disciplinas estaban interrelacionadas en la corte imperial (minuto 31:00). &nbsp;[...] <\/div> <\/div> <span class=\"ai1ec-event-location\"> <i class=\"ai1ec-fa ai1ec-fa-map-marker\"><\/i> RTVE <\/span> <div class=\"ai1ec-no-footer-padding\"><\/div> <\/div> <\/div> <div class=\"ai1ec-event ai1ec-event-id-1111 ai1ec-event-instance-id-38 \" data-end=\"\"> <div class=\"ai1ec-event-wrap ai1ec-clearfix\"> <div class=\"ai1ec-date-block-wrap\" > <a class=\"ai1ec-load-view\" href=\"https&#x3A;&#x2F;&#x2F;www.todoslostonosyayres.com&#x2F;en&#x2F;&#x3F;page_id&#x3D;614&#x2F;action&#x7E;oneday&#x2F;exact_date&#x7E;10-2-2017&#x2F;\"> <div class=\"ai1ec-date\"> <div class=\"ai1ec-month\">Feb<\/div> <div class=\"ai1ec-day\">10<\/div> <div class=\"ai1ec-weekday\">Fri<\/div> <div class=\"ai1ec-year\">2017<\/div> <\/div> <\/a> <\/div> <div class=\"ai1ec-event-title-wrap ai1ec-clearfix\"> <div class=\"ai1ec-event-title\" title=\"M&#x00FA;sica&#x20;y&#x20;Astronom&#x00ED;a&#x20;en&#x20;la&#x20;Antigua&#x20;China&#x20;&#x28;Safor&#x29;\"><div> <a class=\"ai1ec-load-event\" href=\"https&#x3A;&#x2F;&#x2F;www.todoslostonosyayres.com&#x2F;en&#x2F;event&#x2F;musica-y-astronomia-en-la-antigua-china-safor&#x2F;&#x3F;instance_id&#x3D;38\" > M\u00fasica y Astronom\u00eda en la Antigua China (Safor) <\/a> <\/div><\/div> <div class=\"ai1ec-event-time\"> Feb 10 @ 7:30 pm \u2013 9:00 pm <\/div> <\/div> <div class=\"ai1ec-posterboard-image-container\"> <a class=\"ai1ec-load-event\" href=\"https&#x3A;&#x2F;&#x2F;www.todoslostonosyayres.com&#x2F;en&#x2F;event&#x2F;musica-y-astronomia-en-la-antigua-china-safor&#x2F;&#x3F;instance_id&#x3D;38\"> <div class=\"ai1ec-posterboard-image\" style=\"background-image: url(https&#x3A;&#x2F;&#x2F;www.todoslostonosyayres.com&#x2F;wp-content&#x2F;uploads&#x2F;Conferencias&#x2F;conferencia2016-02g-300x168.jpg);\"> <\/div> <\/a> <div class=\"ai1ec-posterboard-time\"> 7:30 pm <\/div> <div class=\"ai1ec-sas-actions ai1ec-btn-group ai1ec-clearfix\"> <a href=\"#\" target=\"_blank\" class=\"ai1ec-sas-action ai1ec-btn ai1ec-btn-primary ai1ec-btn-xs ai1ec-btn-sm ai1ec-sas-action-tickets\"> <i class=\"ai1ec-fa ai1ec-fa-ticket\"><\/i> <span class=\"ai1ec-hidden-xs\">Tickets<\/span> <\/a> <\/div> <div class=\"ai1ec-event-description\"> \u00a0\u00a0 <\/div> <\/div> <span class=\"ai1ec-event-location\"> <i class=\"ai1ec-fa ai1ec-fa-map-marker\"><\/i> Salones de Fomento <\/span> <div class=\"ai1ec-no-footer-padding\"><\/div> <\/div> <\/div> <\/div> <div class=\"ai1ec-pull-left\"><\/div> <\/div> <\/div> <div class=\"ai1ec-subscribe-container ai1ec-pull-right ai1ec-btn-group\"> <div class=\"ai1ec-subscribe-dropdown ai1ec-dropdown ai1ec-dropup ai1ec-btn ai1ec-btn-default ai1ec-btn-sm\"> <span role=\"button\" class=\"ai1ec-dropdown-toggle ai1ec-subscribe\" data-toggle=\"ai1ec-dropdown\"> <i class=\"ai1ec-fa ai1ec-icon-rss ai1ec-fa-lg ai1ec-fa-fw\"><\/i> <span class=\"ai1ec-hidden-xs\"> Subscribe to filtered calendar <span class=\"ai1ec-caret\"><\/span> <\/span> <\/span> <ul class=\"ai1ec-dropdown-menu ai1ec-pull-right\" role=\"menu\"> <li> <a class=\"ai1ec-tooltip-trigger ai1ec-tooltip-auto\" target=\"_blank\" data-placement=\"left\" title=\"Copy this URL for your own Timely calendar or click to add to your rich-text calendar\" href=\"http&#x3A;&#x2F;&#x2F;www.todoslostonosyayres.com&#x2F;&#x3F;plugin&#x3D;all-in-one-event-calendar&amp;controller&#x3D;ai1ec_exporter_controller&amp;action&#x3D;export_events&amp;ai1ec_cat_ids&#x3D;33&amp;ai1ec_tag_ids&#x3D;74\"> <i class=\"ai1ec-fa ai1ec-fa-lg ai1ec-fa-fw ai1ec-icon-timely\"><\/i> Add to Timely Calendar <\/a> <\/li> <li> <a class=\"ai1ec-tooltip-trigger ai1ec-tooltip-auto\" target=\"_blank\" data-placement=\"left\" title=\"Subscribe to this calendar in your Google Calendar\" href=\"https:\/\/www.google.com\/calendar\/render?cid=http&#x25;3A&#x25;2F&#x25;2Fwww.todoslostonosyayres.com&#x25;2F&#x25;3Fplugin&#x25;3Dall-in-one-event-calendar&#x25;26controller&#x25;3Dai1ec_exporter_controller&#x25;26action&#x25;3Dexport_events&#x25;26no_html&#x25;3Dtrue&#x25;26ai1ec_cat_ids&#x25;3D33&#x25;26ai1ec_tag_ids&#x25;3D74&#x25;26&#x25;26\"> <i class=\"ai1ec-fa ai1ec-icon-google ai1ec-fa-lg ai1ec-fa-fw\"><\/i> Add to Google <\/a> <\/li> <li> <a class=\"ai1ec-tooltip-trigger ai1ec-tooltip-auto\" target=\"_blank\" data-placement=\"left\" title=\"Subscribe to this calendar in MS Outlook\" href=\"webcal&#x3A;&#x2F;&#x2F;www.todoslostonosyayres.com&#x2F;&#x3F;plugin&#x3D;all-in-one-event-calendar&amp;controller&#x3D;ai1ec_exporter_controller&amp;action&#x3D;export_events&amp;no_html&#x3D;true&amp;ai1ec_cat_ids&#x3D;33&amp;ai1ec_tag_ids&#x3D;74\"> <i class=\"ai1ec-fa ai1ec-icon-windows ai1ec-fa-lg ai1ec-fa-fw\"><\/i> Add to Outlook <\/a> <\/li> <li> <a class=\"ai1ec-tooltip-trigger ai1ec-tooltip-auto\" target=\"_blank\" data-placement=\"left\" title=\"Subscribe to this calendar in Apple Calendar\/iCal\" href=\"webcal&#x3A;&#x2F;&#x2F;www.todoslostonosyayres.com&#x2F;&#x3F;plugin&#x3D;all-in-one-event-calendar&amp;controller&#x3D;ai1ec_exporter_controller&amp;action&#x3D;export_events&amp;no_html&#x3D;true&amp;ai1ec_cat_ids&#x3D;33&amp;ai1ec_tag_ids&#x3D;74\"> <i class=\"ai1ec-fa ai1ec-icon-apple ai1ec-fa-lg ai1ec-fa-fw\"><\/i> Add to Apple Calendar <\/a> <\/li> <li> <a class=\"ai1ec-tooltip-trigger ai1ec-tooltip-auto\" data-placement=\"left\" title=\"Subscribe to this calendar in another plain-text calendar\" href=\"http&#x3A;&#x2F;&#x2F;www.todoslostonosyayres.com&#x2F;&#x3F;plugin&#x3D;all-in-one-event-calendar&amp;controller&#x3D;ai1ec_exporter_controller&amp;action&#x3D;export_events&amp;no_html&#x3D;true&amp;ai1ec_cat_ids&#x3D;33&amp;ai1ec_tag_ids&#x3D;74\"> <i class=\"ai1ec-fa ai1ec-icon-calendar ai1ec-fa-fw\"><\/i> Add to other calendar <\/a> <\/li> <li> <a class=\"ai1ec-tooltip-trigger ai1ec-tooltip-auto\" data-placement=\"left\" title=\"\" href=\"http&#x3A;&#x2F;&#x2F;www.todoslostonosyayres.com&#x2F;&#x3F;plugin&#x3D;all-in-one-event-calendar&amp;controller&#x3D;ai1ec_exporter_controller&amp;action&#x3D;export_events&amp;ai1ec_cat_ids&#x3D;33&amp;ai1ec_tag_ids&#x3D;74&xml=true\"> <i class=\"ai1ec-fa ai1ec-fa-file-text ai1ec-fa-lg ai1ec-fa-fw\"><\/i> Export to XML <\/a> <\/li> <\/ul> <\/div> <\/div> <\/div><!-- \/.timely --> <\/div> <!-- END All-in-One Event Calendar Plugin --> \n\n\t\t<\/div>\n\t<\/div>\n<\/div><\/div><div class=\"vc_tta-panel\" id=\"1645988356410-1890e9ab-fb42\" data-vc-content=\".vc_tta-panel-body\"><div class=\"vc_tta-panel-heading\"><h3 class=\"vc_tta-panel-title\"><a href=\"#1645988356410-1890e9ab-fb42\" data-vc-accordion data-vc-container=\".vc_tta-container\"><span class=\"vc_tta-title-text\">2016<\/span><\/a><\/h3><\/div><div class=\"vc_tta-panel-body\">\n\t<div class=\"wpb_text_column wpb_content_element\" >\n\t\t<div class=\"wpb_wrapper\">\n\t\t\t<!-- START All-in-One Event Calendar Plugin - Version 3.0.0 --> <div id=\"ai1ec-container\" class=\"ai1ec-main-container \"> <!-- AI1EC_PAGE_CONTENT_PLACEHOLDER --> <div id=\"ai1ec-calendar\" class=\"timely ai1ec-calendar\"> <div id=\"ai1ec-calendar-view-container\" class=\"ai1ec-calendar-view-container\"> <div id=\"ai1ec-calendar-view-loading\" class=\"ai1ec-loading ai1ec-calendar-view-loading\"><\/div> <div id=\"ai1ec-calendar-view\" class=\"ai1ec-calendar-view\"> <div class=\"ai1ec-posterboard-view ai1ec-clearfix ai1ec-posterboard-aligned ai1ec-posterboard-no-footer \" data-ai1ec-tile-min-width=\"240\" data-ai1ec-posterboard-equal-height=\"1\" data-ai1ec-posterboard-mode=\"0\"> <div class=\"ai1ec-event ai1ec-event-id-643 ai1ec-event-instance-id-5 \" data-end=\"\"> <div class=\"ai1ec-event-wrap ai1ec-clearfix\"> <div class=\"ai1ec-date-block-wrap\" > <a class=\"ai1ec-load-view\" href=\"https&#x3A;&#x2F;&#x2F;www.todoslostonosyayres.com&#x2F;en&#x2F;&#x3F;page_id&#x3D;614&#x2F;action&#x7E;oneday&#x2F;exact_date&#x7E;18-2-2016&#x2F;\"> <div class=\"ai1ec-date\"> <div class=\"ai1ec-month\">Feb<\/div> <div class=\"ai1ec-day\">18<\/div> <div class=\"ai1ec-weekday\">Thu<\/div> <div class=\"ai1ec-year\">2016<\/div> <\/div> <\/a> <\/div> <div class=\"ai1ec-event-title-wrap ai1ec-clearfix\"> <div class=\"ai1ec-event-title\" title=\"Astronom&#x00ED;a&#x20;y&#x20;m&#x00FA;sica&#x20;en&#x20;la&#x20;Antigua&#x20;China&#x20;&#x28;Ciudad&#x20;de&#x20;las&#x20;Artes&#x20;y&#x20;las&#x20;Ciencias&#x29;\"><div> <a class=\"ai1ec-load-event\" href=\"https&#x3A;&#x2F;&#x2F;www.todoslostonosyayres.com&#x2F;en&#x2F;event&#x2F;astronomia-y-musica-en-la-antigua-china-ciudad-de-las-artes-y-las-ciencias-2016&#x2F;&#x3F;instance_id&#x3D;5\" > Astronom\u00eda y m\u00fasica en la Antigua China (Ciudad de las Artes y las Ciencias) <\/a> <\/div><\/div> <div class=\"ai1ec-event-time\"> Feb 18 @ 7:30 pm \u2013 9:00 pm <\/div> <\/div> <div class=\"ai1ec-posterboard-image-container\"> <a class=\"ai1ec-load-event\" href=\"https&#x3A;&#x2F;&#x2F;www.todoslostonosyayres.com&#x2F;en&#x2F;event&#x2F;astronomia-y-musica-en-la-antigua-china-ciudad-de-las-artes-y-las-ciencias-2016&#x2F;&#x3F;instance_id&#x3D;5\"> <div class=\"ai1ec-posterboard-image\" style=\"background-image: url(https&#x3A;&#x2F;&#x2F;www.todoslostonosyayres.com&#x2F;wp-content&#x2F;uploads&#x2F;Conferencias&#x2F;conferencia2016-02g-300x168.jpg);\"> <\/div> <\/a> <div class=\"ai1ec-posterboard-time\"> 7:30 pm <\/div> <div class=\"ai1ec-sas-actions ai1ec-btn-group ai1ec-clearfix\"> <a href=\"#\" target=\"_blank\" class=\"ai1ec-sas-action ai1ec-btn ai1ec-btn-primary ai1ec-btn-xs ai1ec-btn-sm ai1ec-sas-action-tickets\"> <i class=\"ai1ec-fa ai1ec-fa-ticket\"><\/i> <span class=\"ai1ec-hidden-xs\">Tickets<\/span> <\/a> <\/div> <div class=\"ai1ec-event-description\"> Entrevista: Ciudad de las Artes y las Ciencias Noticias: Ciudad de las Artes y las Ciencias Puntocomunica.com El peri\u00f3dico de aqu\u00ed &nbsp; <\/div> <\/div> <span class=\"ai1ec-event-location\"> <i class=\"ai1ec-fa ai1ec-fa-map-marker\"><\/i> Ciudad de las Artes y las Ciencias <\/span> <div class=\"ai1ec-no-footer-padding\"><\/div> <\/div> <\/div> <\/div> <div class=\"ai1ec-pull-left\"><\/div> <\/div> <\/div> <div class=\"ai1ec-subscribe-container ai1ec-pull-right ai1ec-btn-group\"> <div class=\"ai1ec-subscribe-dropdown ai1ec-dropdown ai1ec-dropup ai1ec-btn ai1ec-btn-default ai1ec-btn-sm\"> <span role=\"button\" class=\"ai1ec-dropdown-toggle ai1ec-subscribe\" data-toggle=\"ai1ec-dropdown\"> <i class=\"ai1ec-fa ai1ec-icon-rss ai1ec-fa-lg ai1ec-fa-fw\"><\/i> <span class=\"ai1ec-hidden-xs\"> Subscribe to filtered calendar <span class=\"ai1ec-caret\"><\/span> <\/span> <\/span> <ul class=\"ai1ec-dropdown-menu ai1ec-pull-right\" role=\"menu\"> <li> <a class=\"ai1ec-tooltip-trigger ai1ec-tooltip-auto\" target=\"_blank\" data-placement=\"left\" title=\"Copy this URL for your own Timely calendar or click to add to your rich-text calendar\" href=\"http&#x3A;&#x2F;&#x2F;www.todoslostonosyayres.com&#x2F;&#x3F;plugin&#x3D;all-in-one-event-calendar&amp;controller&#x3D;ai1ec_exporter_controller&amp;action&#x3D;export_events&amp;ai1ec_cat_ids&#x3D;33&amp;ai1ec_tag_ids&#x3D;75\"> <i class=\"ai1ec-fa ai1ec-fa-lg ai1ec-fa-fw ai1ec-icon-timely\"><\/i> Add to Timely Calendar <\/a> <\/li> <li> <a class=\"ai1ec-tooltip-trigger ai1ec-tooltip-auto\" target=\"_blank\" data-placement=\"left\" title=\"Subscribe to this calendar in your Google Calendar\" href=\"https:\/\/www.google.com\/calendar\/render?cid=http&#x25;3A&#x25;2F&#x25;2Fwww.todoslostonosyayres.com&#x25;2F&#x25;3Fplugin&#x25;3Dall-in-one-event-calendar&#x25;26controller&#x25;3Dai1ec_exporter_controller&#x25;26action&#x25;3Dexport_events&#x25;26no_html&#x25;3Dtrue&#x25;26ai1ec_cat_ids&#x25;3D33&#x25;26ai1ec_tag_ids&#x25;3D75&#x25;26&#x25;26\"> <i class=\"ai1ec-fa ai1ec-icon-google ai1ec-fa-lg ai1ec-fa-fw\"><\/i> Add to Google <\/a> <\/li> <li> <a class=\"ai1ec-tooltip-trigger ai1ec-tooltip-auto\" target=\"_blank\" data-placement=\"left\" title=\"Subscribe to this calendar in MS Outlook\" href=\"webcal&#x3A;&#x2F;&#x2F;www.todoslostonosyayres.com&#x2F;&#x3F;plugin&#x3D;all-in-one-event-calendar&amp;controller&#x3D;ai1ec_exporter_controller&amp;action&#x3D;export_events&amp;no_html&#x3D;true&amp;ai1ec_cat_ids&#x3D;33&amp;ai1ec_tag_ids&#x3D;75\"> <i class=\"ai1ec-fa ai1ec-icon-windows ai1ec-fa-lg ai1ec-fa-fw\"><\/i> Add to Outlook <\/a> <\/li> <li> <a class=\"ai1ec-tooltip-trigger ai1ec-tooltip-auto\" target=\"_blank\" data-placement=\"left\" title=\"Subscribe to this calendar in Apple Calendar\/iCal\" href=\"webcal&#x3A;&#x2F;&#x2F;www.todoslostonosyayres.com&#x2F;&#x3F;plugin&#x3D;all-in-one-event-calendar&amp;controller&#x3D;ai1ec_exporter_controller&amp;action&#x3D;export_events&amp;no_html&#x3D;true&amp;ai1ec_cat_ids&#x3D;33&amp;ai1ec_tag_ids&#x3D;75\"> <i class=\"ai1ec-fa ai1ec-icon-apple ai1ec-fa-lg ai1ec-fa-fw\"><\/i> Add to Apple Calendar <\/a> <\/li> <li> <a class=\"ai1ec-tooltip-trigger ai1ec-tooltip-auto\" data-placement=\"left\" title=\"Subscribe to this calendar in another plain-text calendar\" href=\"http&#x3A;&#x2F;&#x2F;www.todoslostonosyayres.com&#x2F;&#x3F;plugin&#x3D;all-in-one-event-calendar&amp;controller&#x3D;ai1ec_exporter_controller&amp;action&#x3D;export_events&amp;no_html&#x3D;true&amp;ai1ec_cat_ids&#x3D;33&amp;ai1ec_tag_ids&#x3D;75\"> <i class=\"ai1ec-fa ai1ec-icon-calendar ai1ec-fa-fw\"><\/i> Add to other calendar <\/a> <\/li> <li> <a class=\"ai1ec-tooltip-trigger ai1ec-tooltip-auto\" data-placement=\"left\" title=\"\" href=\"http&#x3A;&#x2F;&#x2F;www.todoslostonosyayres.com&#x2F;&#x3F;plugin&#x3D;all-in-one-event-calendar&amp;controller&#x3D;ai1ec_exporter_controller&amp;action&#x3D;export_events&amp;ai1ec_cat_ids&#x3D;33&amp;ai1ec_tag_ids&#x3D;75&xml=true\"> <i class=\"ai1ec-fa ai1ec-fa-file-text ai1ec-fa-lg ai1ec-fa-fw\"><\/i> Export to XML <\/a> <\/li> <\/ul> <\/div> <\/div> <\/div><!-- \/.timely --> <\/div> <!-- END All-in-One Event Calendar Plugin --> \n\n\t\t<\/div>\n\t<\/div>\n<\/div><\/div><\/div>\n<ul aria-label=\"Pagination\" class=\"vc_general vc_pagination vc_pagination-style-flat vc_pagination-shape-rounded vc_pagination-color-grey\">\n\n<li class=\"vc_pagination-item vc_active\" data-vc-tab>\n\t<a aria-label=\"Pagination Item 1\" href=\"#1733156652458-257c0244-7a0b\" class=\"vc_pagination-trigger\" data-vc-tabs data-vc-container=\".vc_tta\"><\/a>\n<\/li>\n\n<li class=\"vc_pagination-item\" data-vc-tab>\n\t<a aria-label=\"Pagination Item 2\" href=\"#1762932653347-13c54b3b-ffb1\" class=\"vc_pagination-trigger\" data-vc-tabs data-vc-container=\".vc_tta\"><\/a>\n<\/li>\n\n<li class=\"vc_pagination-item\" data-vc-tab>\n\t<a aria-label=\"Pagination Item 3\" href=\"#1645987618249-fe15e051-c608\" class=\"vc_pagination-trigger\" data-vc-tabs data-vc-container=\".vc_tta\"><\/a>\n<\/li>\n\n<li class=\"vc_pagination-item\" data-vc-tab>\n\t<a aria-label=\"Pagination Item 4\" href=\"#1709069841334-60d79563-d757\" class=\"vc_pagination-trigger\" data-vc-tabs data-vc-container=\".vc_tta\"><\/a>\n<\/li>\n\n<li class=\"vc_pagination-item\" data-vc-tab>\n\t<a aria-label=\"Pagination Item 5\" href=\"#1668772298035-600dd5dd-b035\" class=\"vc_pagination-trigger\" data-vc-tabs data-vc-container=\".vc_tta\"><\/a>\n<\/li>\n\n<li class=\"vc_pagination-item\" data-vc-tab>\n\t<a aria-label=\"Pagination Item 6\" href=\"#1645987424780-c17d6d73-bc57\" class=\"vc_pagination-trigger\" data-vc-tabs data-vc-container=\".vc_tta\"><\/a>\n<\/li>\n\n<li class=\"vc_pagination-item\" data-vc-tab>\n\t<a aria-label=\"Pagination Item 7\" href=\"#1645987424791-8804606a-25fe\" class=\"vc_pagination-trigger\" data-vc-tabs data-vc-container=\".vc_tta\"><\/a>\n<\/li>\n\n<li class=\"vc_pagination-item\" data-vc-tab>\n\t<a aria-label=\"Pagination Item 8\" href=\"#1645988277062-e1f29e5e-b9b5\" class=\"vc_pagination-trigger\" data-vc-tabs data-vc-container=\".vc_tta\"><\/a>\n<\/li>\n\n<li class=\"vc_pagination-item\" data-vc-tab>\n\t<a aria-label=\"Pagination Item 9\" href=\"#1645988308561-d319dec9-270a\" class=\"vc_pagination-trigger\" data-vc-tabs data-vc-container=\".vc_tta\"><\/a>\n<\/li>\n\n<li class=\"vc_pagination-item\" data-vc-tab>\n\t<a aria-label=\"Pagination Item 10\" href=\"#1645988333704-8ae55dc5-9f7b\" class=\"vc_pagination-trigger\" data-vc-tabs data-vc-container=\".vc_tta\"><\/a>\n<\/li>\n\n<li class=\"vc_pagination-item\" data-vc-tab>\n\t<a aria-label=\"Pagination Item 11\" href=\"#1645988356410-1890e9ab-fb42\" class=\"vc_pagination-trigger\" data-vc-tabs data-vc-container=\".vc_tta\"><\/a>\n<\/li>\n\n<\/ul>\n<\/div><\/div><\/div><\/div><\/div><\/div><\/div><\/div><div    class=\"\" style=' text-align:left;'><div class=\" full_section_inner clearfix\"><div class=\"wpb_column vc_column_container vc_col-sm-12\"><div class=\"vc_column-inner\"><div class=\"wpb_wrapper\">\n\t<div class=\"wpb_text_column wpb_content_element\" >\n\t\t<div class=\"wpb_wrapper\">\n\t\t\t<p><span style=\"font-size: 14pt;\"><a href=\"https:\/\/sedaybambu.com\/agenda\" target=\"_blank\" rel=\"noopener\">Consulta aqu\u00ed nuestra agenda con<\/a><\/span> <a href=\"https:\/\/sedaybambu.com\" target=\"_blank\" rel=\"noopener\"><img loading=\"lazy\" decoding=\"async\" class=\"alignnone wp-image-340\" src=\"https:\/\/www.todoslostonosyayres.com\/wp-content\/uploads\/Logos\/SyB_light-300x75.png\" alt=\"Seda &amp; Bamb\u00fa\" width=\"180\" height=\"45\" srcset=\"https:\/\/www.todoslostonosyayres.com\/wp-content\/uploads\/Logos\/SyB_light-300x75.png 300w, https:\/\/www.todoslostonosyayres.com\/wp-content\/uploads\/Logos\/SyB_light-768x192.png 768w, https:\/\/www.todoslostonosyayres.com\/wp-content\/uploads\/Logos\/SyB_light-1024x256.png 1024w, https:\/\/www.todoslostonosyayres.com\/wp-content\/uploads\/Logos\/SyB_light-600x150.png 600w, https:\/\/www.todoslostonosyayres.com\/wp-content\/uploads\/Logos\/SyB_light.png 1200w\" sizes=\"auto, (max-width: 180px) 100vw, 180px\" \/><\/a><\/p>\n\n\t\t<\/div>\n\t<\/div>\n<\/div><\/div><\/div><\/div><\/div>\n","protected":false},"excerpt":{"rendered":"<p>202620252024202320222021202020192018201720162026 Sep 13 Sun 2026 III Festival de M\u00fasica Antigua de Villanueva de Huerva Sep 13 @ 6:30 pm \u2013 7:30 pm 6:30 pm Tickets Concierto Los infinitos jades: Colores de China para versos de Antonio Gala el 13 de septiembre de 2026 en el III Festival de M\u00fasica Antigua de Villanueva de Huerva (Zaragoza). [...]<\/p>\n","protected":false},"author":1,"featured_media":421,"parent":0,"menu_order":0,"comment_status":"closed","ping_status":"closed","template":"","meta":{"rs_blank_template":"","rs_page_bg_color":"","slide_template_v7":"","footnotes":""},"class_list":["post-386","page","type-page","status-publish","has-post-thumbnail","hentry"],"yoast_head":"<!-- This site is optimized with the Yoast SEO plugin v27.3 - https:\/\/yoast.com\/product\/yoast-seo-wordpress\/ -->\n<title>Agenda - Todos los Tonos y Ayres<\/title>\n<meta name=\"robots\" content=\"index, follow, max-snippet:-1, max-image-preview:large, max-video-preview:-1\" \/>\n<link rel=\"canonical\" href=\"https:\/\/www.todoslostonosyayres.com\/en\/agenda\/\" \/>\n<meta name=\"twitter:card\" content=\"summary_large_image\" \/>\n<meta name=\"twitter:title\" content=\"Agenda - Todos los Tonos y Ayres\" \/>\n<meta name=\"twitter:image\" content=\"https:\/\/www.todoslostonosyayres.com\/wp-content\/uploads\/Galeria\/guzheng-puentes-v01_galeria.jpg\" \/>\n<meta name=\"twitter:label1\" content=\"Est. reading time\" \/>\n\t<meta name=\"twitter:data1\" content=\"2 minutes\" \/>\n<script type=\"application\/ld+json\" class=\"yoast-schema-graph\">{\"@context\":\"https:\\\/\\\/schema.org\",\"@graph\":[{\"@type\":\"WebPage\",\"@id\":\"https:\\\/\\\/www.todoslostonosyayres.com\\\/agenda\\\/\",\"url\":\"https:\\\/\\\/www.todoslostonosyayres.com\\\/agenda\\\/\",\"name\":\"Agenda - Todos los Tonos y Ayres\",\"isPartOf\":{\"@id\":\"https:\\\/\\\/www.todoslostonosyayres.com\\\/#website\"},\"primaryImageOfPage\":{\"@id\":\"https:\\\/\\\/www.todoslostonosyayres.com\\\/agenda\\\/#primaryimage\"},\"image\":{\"@id\":\"https:\\\/\\\/www.todoslostonosyayres.com\\\/agenda\\\/#primaryimage\"},\"thumbnailUrl\":\"https:\\\/\\\/www.todoslostonosyayres.com\\\/wp-content\\\/uploads\\\/Galeria\\\/guzheng-puentes-v01_galeria.jpg\",\"datePublished\":\"2018-04-07T07:30:31+00:00\",\"dateModified\":\"2025-11-12T07:31:21+00:00\",\"breadcrumb\":{\"@id\":\"https:\\\/\\\/www.todoslostonosyayres.com\\\/agenda\\\/#breadcrumb\"},\"inLanguage\":\"en-US\",\"potentialAction\":[{\"@type\":\"ReadAction\",\"target\":[\"https:\\\/\\\/www.todoslostonosyayres.com\\\/agenda\\\/\"]}]},{\"@type\":\"ImageObject\",\"inLanguage\":\"en-US\",\"@id\":\"https:\\\/\\\/www.todoslostonosyayres.com\\\/agenda\\\/#primaryimage\",\"url\":\"https:\\\/\\\/www.todoslostonosyayres.com\\\/wp-content\\\/uploads\\\/Galeria\\\/guzheng-puentes-v01_galeria.jpg\",\"contentUrl\":\"https:\\\/\\\/www.todoslostonosyayres.com\\\/wp-content\\\/uploads\\\/Galeria\\\/guzheng-puentes-v01_galeria.jpg\",\"width\":1152,\"height\":768,\"caption\":\"Todos los Tonos y Ayres | guzheng \u53e4\u7b5d\"},{\"@type\":\"BreadcrumbList\",\"@id\":\"https:\\\/\\\/www.todoslostonosyayres.com\\\/agenda\\\/#breadcrumb\",\"itemListElement\":[{\"@type\":\"ListItem\",\"position\":1,\"name\":\"Inicio\",\"item\":\"https:\\\/\\\/www.todoslostonosyayres.com\\\/\"},{\"@type\":\"ListItem\",\"position\":2,\"name\":\"Agenda\"}]},{\"@type\":\"WebSite\",\"@id\":\"https:\\\/\\\/www.todoslostonosyayres.com\\\/#website\",\"url\":\"https:\\\/\\\/www.todoslostonosyayres.com\\\/\",\"name\":\"Todos los Tonos y Ayres\",\"description\":\"Primera agrupaci\u00f3n de m\u00fasica antigua china y europea en Espa\u00f1a\",\"publisher\":{\"@id\":\"https:\\\/\\\/www.todoslostonosyayres.com\\\/#organization\"},\"potentialAction\":[{\"@type\":\"SearchAction\",\"target\":{\"@type\":\"EntryPoint\",\"urlTemplate\":\"https:\\\/\\\/www.todoslostonosyayres.com\\\/?s={search_term_string}\"},\"query-input\":{\"@type\":\"PropertyValueSpecification\",\"valueRequired\":true,\"valueName\":\"search_term_string\"}}],\"inLanguage\":\"en-US\"},{\"@type\":\"Organization\",\"@id\":\"https:\\\/\\\/www.todoslostonosyayres.com\\\/#organization\",\"name\":\"Todos los Tonos y Ayres\",\"url\":\"https:\\\/\\\/www.todoslostonosyayres.com\\\/\",\"logo\":{\"@type\":\"ImageObject\",\"inLanguage\":\"en-US\",\"@id\":\"https:\\\/\\\/www.todoslostonosyayres.com\\\/#\\\/schema\\\/logo\\\/image\\\/\",\"url\":\"https:\\\/\\\/www.todoslostonosyayres.com\\\/wp-content\\\/uploads\\\/Logos\\\/TAmedium.png\",\"contentUrl\":\"https:\\\/\\\/www.todoslostonosyayres.com\\\/wp-content\\\/uploads\\\/Logos\\\/TAmedium.png\",\"width\":100,\"height\":149,\"caption\":\"Todos los Tonos y Ayres\"},\"image\":{\"@id\":\"https:\\\/\\\/www.todoslostonosyayres.com\\\/#\\\/schema\\\/logo\\\/image\\\/\"},\"sameAs\":[\"https:\\\/\\\/www.facebook.com\\\/tonos.ayres\\\/\",\"https:\\\/\\\/www.youtube.com\\\/channel\\\/UCFx7iNEhJWGAq0xFxAnlUpQ\"]}]}<\/script>\n<!-- \/ Yoast SEO plugin. -->","yoast_head_json":{"title":"Agenda - Todos los Tonos y Ayres","robots":{"index":"index","follow":"follow","max-snippet":"max-snippet:-1","max-image-preview":"max-image-preview:large","max-video-preview":"max-video-preview:-1"},"canonical":"https:\/\/www.todoslostonosyayres.com\/en\/agenda\/","twitter_card":"summary_large_image","twitter_title":"Agenda - Todos los Tonos y Ayres","twitter_image":"https:\/\/www.todoslostonosyayres.com\/wp-content\/uploads\/Galeria\/guzheng-puentes-v01_galeria.jpg","twitter_misc":{"Est. reading time":"2 minutes"},"schema":{"@context":"https:\/\/schema.org","@graph":[{"@type":"WebPage","@id":"https:\/\/www.todoslostonosyayres.com\/agenda\/","url":"https:\/\/www.todoslostonosyayres.com\/agenda\/","name":"Agenda - Todos los Tonos y Ayres","isPartOf":{"@id":"https:\/\/www.todoslostonosyayres.com\/#website"},"primaryImageOfPage":{"@id":"https:\/\/www.todoslostonosyayres.com\/agenda\/#primaryimage"},"image":{"@id":"https:\/\/www.todoslostonosyayres.com\/agenda\/#primaryimage"},"thumbnailUrl":"https:\/\/www.todoslostonosyayres.com\/wp-content\/uploads\/Galeria\/guzheng-puentes-v01_galeria.jpg","datePublished":"2018-04-07T07:30:31+00:00","dateModified":"2025-11-12T07:31:21+00:00","breadcrumb":{"@id":"https:\/\/www.todoslostonosyayres.com\/agenda\/#breadcrumb"},"inLanguage":"en-US","potentialAction":[{"@type":"ReadAction","target":["https:\/\/www.todoslostonosyayres.com\/agenda\/"]}]},{"@type":"ImageObject","inLanguage":"en-US","@id":"https:\/\/www.todoslostonosyayres.com\/agenda\/#primaryimage","url":"https:\/\/www.todoslostonosyayres.com\/wp-content\/uploads\/Galeria\/guzheng-puentes-v01_galeria.jpg","contentUrl":"https:\/\/www.todoslostonosyayres.com\/wp-content\/uploads\/Galeria\/guzheng-puentes-v01_galeria.jpg","width":1152,"height":768,"caption":"Todos los Tonos y Ayres | guzheng \u53e4\u7b5d"},{"@type":"BreadcrumbList","@id":"https:\/\/www.todoslostonosyayres.com\/agenda\/#breadcrumb","itemListElement":[{"@type":"ListItem","position":1,"name":"Inicio","item":"https:\/\/www.todoslostonosyayres.com\/"},{"@type":"ListItem","position":2,"name":"Agenda"}]},{"@type":"WebSite","@id":"https:\/\/www.todoslostonosyayres.com\/#website","url":"https:\/\/www.todoslostonosyayres.com\/","name":"Todos los Tonos y Ayres","description":"Primera agrupaci\u00f3n de m\u00fasica antigua china y europea en Espa\u00f1a","publisher":{"@id":"https:\/\/www.todoslostonosyayres.com\/#organization"},"potentialAction":[{"@type":"SearchAction","target":{"@type":"EntryPoint","urlTemplate":"https:\/\/www.todoslostonosyayres.com\/?s={search_term_string}"},"query-input":{"@type":"PropertyValueSpecification","valueRequired":true,"valueName":"search_term_string"}}],"inLanguage":"en-US"},{"@type":"Organization","@id":"https:\/\/www.todoslostonosyayres.com\/#organization","name":"Todos los Tonos y Ayres","url":"https:\/\/www.todoslostonosyayres.com\/","logo":{"@type":"ImageObject","inLanguage":"en-US","@id":"https:\/\/www.todoslostonosyayres.com\/#\/schema\/logo\/image\/","url":"https:\/\/www.todoslostonosyayres.com\/wp-content\/uploads\/Logos\/TAmedium.png","contentUrl":"https:\/\/www.todoslostonosyayres.com\/wp-content\/uploads\/Logos\/TAmedium.png","width":100,"height":149,"caption":"Todos los Tonos y Ayres"},"image":{"@id":"https:\/\/www.todoslostonosyayres.com\/#\/schema\/logo\/image\/"},"sameAs":["https:\/\/www.facebook.com\/tonos.ayres\/","https:\/\/www.youtube.com\/channel\/UCFx7iNEhJWGAq0xFxAnlUpQ"]}]}},"_links":{"self":[{"href":"https:\/\/www.todoslostonosyayres.com\/en\/wp-json\/wp\/v2\/pages\/386","targetHints":{"allow":["GET"]}}],"collection":[{"href":"https:\/\/www.todoslostonosyayres.com\/en\/wp-json\/wp\/v2\/pages"}],"about":[{"href":"https:\/\/www.todoslostonosyayres.com\/en\/wp-json\/wp\/v2\/types\/page"}],"author":[{"embeddable":true,"href":"https:\/\/www.todoslostonosyayres.com\/en\/wp-json\/wp\/v2\/users\/1"}],"replies":[{"embeddable":true,"href":"https:\/\/www.todoslostonosyayres.com\/en\/wp-json\/wp\/v2\/comments?post=386"}],"version-history":[{"count":146,"href":"https:\/\/www.todoslostonosyayres.com\/en\/wp-json\/wp\/v2\/pages\/386\/revisions"}],"predecessor-version":[{"id":2901,"href":"https:\/\/www.todoslostonosyayres.com\/en\/wp-json\/wp\/v2\/pages\/386\/revisions\/2901"}],"wp:featuredmedia":[{"embeddable":true,"href":"https:\/\/www.todoslostonosyayres.com\/en\/wp-json\/wp\/v2\/media\/421"}],"wp:attachment":[{"href":"https:\/\/www.todoslostonosyayres.com\/en\/wp-json\/wp\/v2\/media?parent=386"}],"curies":[{"name":"wp","href":"https:\/\/api.w.org\/{rel}","templated":true}]}}