{"id":513,"date":"2018-04-08T08:47:27","date_gmt":"2018-04-08T06:47:27","guid":{"rendered":"https:\/\/www.todoslostonosyayres.com\/?page_id=513"},"modified":"2019-03-24T11:22:32","modified_gmt":"2019-03-24T10:22:32","slug":"medios","status":"publish","type":"page","link":"https:\/\/www.todoslostonosyayres.com\/en\/medios\/","title":{"rendered":"Media"},"content":{"rendered":"<div    class=\"\" style=' text-align:left;'><div class=\"full_section_inner clearfix\"><div class=\"wpb_column vc_column_container vc_col-sm-12\"><div class=\"vc_column-inner\"><div class=\"wpb_wrapper\"><div class=\"sec-blog\"><div class=\"col-md-4\"><div class=\"post-blog\"><div class=\"post-image\"><a href=\"https:\/\/www.todoslostonosyayres.com\/en\/articulo-melomano-diego-de-pantoja\/\" class=\"blog-link\"><\/a><img decoding=\"async\" src=\"https:\/\/www.todoslostonosyayres.com\/wp-content\/uploads\/Medios\/ECDE-Melomano-286-web.jpg\" alt=\"\" class=\"img-responsive image\"\/><\/div><div class=\"date\"><p class=\"month\">22<br \/>Aug<br \/>2022<br \/><\/p><\/div><div class=\"blog-info\"><p class=\"links\"><span class=\"author\">admin<\/span> | 0 Comment | <a href=\"https:\/\/www.todoslostonosyayres.com\/en\/category\/medios\/\" rel=\"category tag\">Media<\/a><\/p><a href=\"https:\/\/www.todoslostonosyayres.com\/en\/articulo-melomano-diego-de-pantoja\/\" class=\"blog-title\">Art\u00edculo en Mel\u00f3mano sobre Diego de Pantoja<\/a><\/div><\/div><\/div><div class=\"col-md-4\"><div class=\"post-blog\"><div class=\"post-image\"><a href=\"https:\/\/www.todoslostonosyayres.com\/en\/critica-en-scherzo-del-concierto-en-el-fis-2022\/\" class=\"blog-link\"><\/a><img decoding=\"async\" src=\"https:\/\/www.todoslostonosyayres.com\/wp-content\/uploads\/Conciertos\/FIS2022\/FIS-2022-Torrelavega-El-clave-del-Emperador-Tonos-y-Ayres-Fotografia-Pedro-Puente-Scherzo-1-900x800.jpg\" alt=\"\" class=\"img-responsive image\"\/><\/div><div class=\"date\"><p class=\"month\">05<br \/>Aug<br \/>2022<br \/><\/p><\/div><div class=\"blog-info\"><p class=\"links\"><span class=\"author\">admin<\/span> | 0 Comment | <a href=\"https:\/\/www.todoslostonosyayres.com\/en\/category\/medios\/\" rel=\"category tag\">Media<\/a><\/p><a href=\"https:\/\/www.todoslostonosyayres.com\/en\/critica-en-scherzo-del-concierto-en-el-fis-2022\/\" class=\"blog-title\">Cr\u00edtica en Scherzo del concierto en el FIS 2022<\/a><\/div><\/div><\/div><div class=\"col-md-4\"><div class=\"post-blog\"><div class=\"post-image\"><a href=\"https:\/\/www.todoslostonosyayres.com\/en\/estreno-programa-los-infinitos-jades\/\" class=\"blog-link\"><\/a><img decoding=\"async\" src=\"https:\/\/www.todoslostonosyayres.com\/wp-content\/uploads\/Programas\/Portada_Los_infinitos_jades-900x768.jpg\" alt=\"\" class=\"img-responsive image\"\/><\/div><div class=\"date\"><p class=\"month\">29<br \/>Jul<br \/>2022<br \/><\/p><\/div><div class=\"blog-info\"><p class=\"links\"><span class=\"author\">admin<\/span> | 0 Comment | <a href=\"https:\/\/www.todoslostonosyayres.com\/en\/category\/medios\/\" rel=\"category tag\">Media<\/a><\/p><a href=\"https:\/\/www.todoslostonosyayres.com\/en\/estreno-programa-los-infinitos-jades\/\" class=\"blog-title\">Estreno del programa &#8220;Los infinitos jades&#8221;<\/a><\/div><\/div><\/div><div class=\"col-md-4\"><div class=\"post-blog\"><div class=\"post-image\"><a href=\"https:\/\/www.todoslostonosyayres.com\/en\/el-clave-del-emperador-banda-sonora-del-documental-sobre-diego-de-pantoja\/\" class=\"blog-link\"><\/a><img decoding=\"async\" src=\"https:\/\/www.todoslostonosyayres.com\/wp-content\/uploads\/Medios\/Documental-Pantoja-retrato-900x800.jpg\" alt=\"\" class=\"img-responsive image\"\/><\/div><div class=\"date\"><p class=\"month\">16<br \/>Jun<br \/>2022<br \/><\/p><\/div><div class=\"blog-info\"><p class=\"links\"><span class=\"author\">admin<\/span> | 0 Comment | <a href=\"https:\/\/www.todoslostonosyayres.com\/en\/category\/medios\/\" rel=\"category tag\">Media<\/a><\/p><a href=\"https:\/\/www.todoslostonosyayres.com\/en\/el-clave-del-emperador-banda-sonora-del-documental-sobre-diego-de-pantoja\/\" class=\"blog-title\">&#8220;El clave del Emperador&#8221;, banda sonora del documental sobre Diego de Pantoja<\/a><\/div><\/div><\/div><div class=\"col-md-4\"><div class=\"post-blog\"><div class=\"post-image\"><a href=\"https:\/\/www.todoslostonosyayres.com\/en\/criticas-cd-el-clave-del-emperador\/\" class=\"blog-link\"><\/a><img decoding=\"async\" src=\"https:\/\/www.todoslostonosyayres.com\/wp-content\/uploads\/Discografia\/emperor-harpsichord\/Emperor-harpsichord-Diego-de-pantoja-legacy-cover-900x800.jpg\" alt=\"\" class=\"img-responsive image\"\/><\/div><div class=\"date\"><p class=\"month\">09<br \/>Mar<br \/>2022<br \/><\/p><\/div><div class=\"blog-info\"><p class=\"links\"><span class=\"author\">admin<\/span> | 0 Comment | <a href=\"https:\/\/www.todoslostonosyayres.com\/en\/category\/medios\/\" rel=\"category tag\">Media<\/a><\/p><a href=\"https:\/\/www.todoslostonosyayres.com\/en\/criticas-cd-el-clave-del-emperador\/\" class=\"blog-title\">CD &#8220;El clave del Emperador: Diego de Pantoja and his legacy&#8221; en los medios<\/a><\/div><\/div><\/div><div class=\"col-md-4\"><div class=\"post-blog\"><div class=\"post-image\"><a href=\"https:\/\/www.todoslostonosyayres.com\/en\/el-clave-del-emperador-en-las-mananas-de-rne\/\" class=\"blog-link\"><\/a><img decoding=\"async\" src=\"https:\/\/www.todoslostonosyayres.com\/wp-content\/uploads\/Medios\/ECDE-RNE-mananas.png\" alt=\"\" class=\"img-responsive image\"\/><\/div><div class=\"date\"><p class=\"month\">13<br \/>Jan<br \/>2022<br \/><\/p><\/div><div class=\"blog-info\"><p class=\"links\"><span class=\"author\">admin<\/span> | 0 Comment | <a href=\"https:\/\/www.todoslostonosyayres.com\/en\/category\/medios\/\" rel=\"category tag\">Media<\/a><\/p><a href=\"https:\/\/www.todoslostonosyayres.com\/en\/el-clave-del-emperador-en-las-mananas-de-rne\/\" class=\"blog-title\">\"The Emperor's Harpsichord\" at the National Radio of Spain (RNE)<\/a><\/div><\/div><\/div><div class=\"col-md-4\"><div class=\"post-blog\"><div class=\"post-image\"><a href=\"https:\/\/www.todoslostonosyayres.com\/en\/diego-de-pantoja-en-espana-la-primera-globalizacion\/\" class=\"blog-link\"><\/a><img decoding=\"async\" src=\"https:\/\/www.todoslostonosyayres.com\/wp-content\/uploads\/Prensa\/1globalizacion\/Espan\u0303a-primera-globalizacion-900x800.jpg\" alt=\"\" class=\"img-responsive image\"\/><\/div><div class=\"date\"><p class=\"month\">20<br \/>Dec<br \/>2021<br \/><\/p><\/div><div class=\"blog-info\"><p class=\"links\"><span class=\"author\">admin<\/span> | 0 Comment | <a href=\"https:\/\/www.todoslostonosyayres.com\/en\/category\/medios\/\" rel=\"category tag\">Media<\/a><\/p><a href=\"https:\/\/www.todoslostonosyayres.com\/en\/diego-de-pantoja-en-espana-la-primera-globalizacion\/\" class=\"blog-title\">Diego de Pantoja in \"Espa\u00f1a, la primera globalizaci\u00f3n\u201d documentary<\/a><\/div><\/div><\/div><div class=\"col-md-4\"><div class=\"post-blog\"><div class=\"post-image\"><a href=\"https:\/\/www.todoslostonosyayres.com\/en\/critica-concierto-en-codalario-femaub-2021\/\" class=\"blog-link\"><\/a><img decoding=\"async\" src=\"https:\/\/www.todoslostonosyayres.com\/wp-content\/uploads\/Conciertos\/FeMAUB2021\/Codalario_FeMAUB2021_cover-900x800.jpg\" alt=\"\" class=\"img-responsive image\"\/><\/div><div class=\"date\"><p class=\"month\">15<br \/>Oct<br \/>2021<br \/><\/p><\/div><div class=\"blog-info\"><p class=\"links\"><span class=\"author\">admin<\/span> | 0 Comment | <a href=\"https:\/\/www.todoslostonosyayres.com\/en\/category\/medios\/\" rel=\"category tag\">Media<\/a><\/p><a href=\"https:\/\/www.todoslostonosyayres.com\/en\/critica-concierto-en-codalario-femaub-2021\/\" class=\"blog-title\">Codalario Journal concert review (FEMAUB 2021)<\/a><\/div><\/div><\/div><div class=\"col-md-4\"><div class=\"post-blog\"><div class=\"post-image\"><a href=\"https:\/\/www.todoslostonosyayres.com\/en\/critica-concierto-en-scherzo-fex-2021\/\" class=\"blog-link\"><\/a><img decoding=\"async\" src=\"https:\/\/www.todoslostonosyayres.com\/wp-content\/uploads\/Conciertos\/FEX2021\/Scherzo-FEX-2021-Portada-view-900x800.jpg\" alt=\"\" class=\"img-responsive image\"\/><\/div><div class=\"date\"><p class=\"month\">12<br \/>Jul<br \/>2021<br \/><\/p><\/div><div class=\"blog-info\"><p class=\"links\"><span class=\"author\">admin<\/span> | 0 Comment | <a href=\"https:\/\/www.todoslostonosyayres.com\/en\/category\/medios\/\" rel=\"category tag\">Media<\/a><\/p><a href=\"https:\/\/www.todoslostonosyayres.com\/en\/critica-concierto-en-scherzo-fex-2021\/\" class=\"blog-title\">Scherzo Journal concert review (FEX 2021)<\/a><\/div><\/div><\/div><div class=\"col-md-4\"><div class=\"post-blog\"><div class=\"post-image\"><a href=\"https:\/\/www.todoslostonosyayres.com\/en\/el-silencio-de-la-luna-en-la-iau-newsletter\/\" class=\"blog-link\"><\/a><img decoding=\"async\" src=\"https:\/\/www.todoslostonosyayres.com\/wp-content\/uploads\/Programas\/El_silencio_luna_TyA-900x663.jpg\" alt=\"\" class=\"img-responsive image\"\/><\/div><div class=\"date\"><p class=\"month\">05<br \/>Dec<br \/>2020<br \/><\/p><\/div><div class=\"blog-info\"><p class=\"links\"><span class=\"author\">admin<\/span> | 0 Comment | <a href=\"https:\/\/www.todoslostonosyayres.com\/en\/category\/medios\/\" rel=\"category tag\">Media<\/a><\/p><a href=\"https:\/\/www.todoslostonosyayres.com\/en\/el-silencio-de-la-luna-en-la-iau-newsletter\/\" class=\"blog-title\">\"The Moon's Silence\" at the IAU Newsletter<\/a><\/div><\/div><\/div><div class=\"col-md-4\"><div class=\"post-blog\"><div class=\"post-image\"><a href=\"https:\/\/www.todoslostonosyayres.com\/en\/estreno-xxvi-festival-internacional-electroacustica\/\" class=\"blog-link\"><\/a><img decoding=\"async\" src=\"https:\/\/www.todoslostonosyayres.com\/wp-content\/uploads\/Conciertos\/AMEE_PE_2019-900x800.jpg\" alt=\"\" class=\"img-responsive image\"\/><\/div><div class=\"date\"><p class=\"month\">19<br \/>Dec<br \/>2019<br \/><\/p><\/div><div class=\"blog-info\"><p class=\"links\"><span class=\"author\">admin<\/span> | 0 Comment | <a href=\"https:\/\/www.todoslostonosyayres.com\/en\/category\/medios\/\" rel=\"category tag\">Media<\/a><\/p><a href=\"https:\/\/www.todoslostonosyayres.com\/en\/estreno-xxvi-festival-internacional-electroacustica\/\" class=\"blog-title\">Premiere at the XXVI International Electroacoustic Festival<\/a><\/div><\/div><\/div><div class=\"col-md-4\"><div class=\"post-blog\"><div class=\"post-image\"><a href=\"https:\/\/www.todoslostonosyayres.com\/en\/todos-los-tonos-y-ayres-en-la-cctv\/\" class=\"blog-link\"><\/a><img decoding=\"async\" src=\"https:\/\/www.todoslostonosyayres.com\/wp-content\/uploads\/Medios\/Todos-los-Tonos-y-Ayres-CCTV-June-2019-900x800.jpg\" alt=\"\" class=\"img-responsive image\"\/><\/div><div class=\"date\"><p class=\"month\">16<br \/>Jun<br \/>2019<br \/><\/p><\/div><div class=\"blog-info\"><p class=\"links\"><span class=\"author\">admin<\/span> | 0 Comment | <a href=\"https:\/\/www.todoslostonosyayres.com\/en\/category\/medios\/\" rel=\"category tag\">Media<\/a><\/p><a href=\"https:\/\/www.todoslostonosyayres.com\/en\/todos-los-tonos-y-ayres-en-la-cctv\/\" class=\"blog-title\">Todos los Tonos y Ayres on CCTV<\/a><\/div><\/div><\/div><div class=\"col-md-4\"><div class=\"post-blog\"><div class=\"post-image\"><a href=\"https:\/\/www.todoslostonosyayres.com\/en\/entrevista-en-radio-usal-concierto-de-ano-nuevo\/\" class=\"blog-link\"><\/a><img decoding=\"async\" src=\"https:\/\/www.todoslostonosyayres.com\/wp-content\/uploads\/Medios\/Babel-chino-2019-02-14-900x800.jpg\" alt=\"\" class=\"img-responsive image\"\/><\/div><div class=\"date\"><p class=\"month\">16<br \/>Feb<br \/>2019<br \/><\/p><\/div><div class=\"blog-info\"><p class=\"links\"><span class=\"author\">admin<\/span> | 0 Comment | <a href=\"https:\/\/www.todoslostonosyayres.com\/en\/category\/medios\/\" rel=\"category tag\">Media<\/a><\/p><a href=\"https:\/\/www.todoslostonosyayres.com\/en\/entrevista-en-radio-usal-concierto-de-ano-nuevo\/\" class=\"blog-title\">Interview on USAL Radio (New Year's concert)<\/a><\/div><\/div><\/div><div class=\"col-md-4\"><div class=\"post-blog\"><div class=\"post-image\"><a href=\"https:\/\/www.todoslostonosyayres.com\/en\/acto-de-clausura-del-ano-diego-de-pantoja\/\" class=\"blog-link\"><\/a><img decoding=\"async\" src=\"https:\/\/www.todoslostonosyayres.com\/wp-content\/uploads\/Conciertos\/Clausura_Pantoja_2018\/clausura_ano_pantoja-900x800.jpg\" alt=\"\" class=\"img-responsive image\"\/><\/div><div class=\"date\"><p class=\"month\">20<br \/>Dec<br \/>2018<br \/><\/p><\/div><div class=\"blog-info\"><p class=\"links\"><span class=\"author\">admin<\/span> | 0 Comment | <a href=\"https:\/\/www.todoslostonosyayres.com\/en\/category\/medios\/\" rel=\"category tag\">Media<\/a><\/p><a href=\"https:\/\/www.todoslostonosyayres.com\/en\/acto-de-clausura-del-ano-diego-de-pantoja\/\" class=\"blog-title\">Acto de clausura del A\u00f1o Diego de Pantoja<\/a><\/div><\/div><\/div><div class=\"col-md-4\"><div class=\"post-blog\"><div class=\"post-image\"><a href=\"https:\/\/www.todoslostonosyayres.com\/en\/musica-antigua-en-la-corte-imperial-china\/\" class=\"blog-link\"><\/a><img decoding=\"async\" src=\"https:\/\/www.todoslostonosyayres.com\/wp-content\/uploads\/Prensa\/Portada-Musica-Antigua-El-clave-del-Emperador-Valdemoro-900x739.png\" alt=\"\" class=\"img-responsive image\"\/><\/div><div class=\"date\"><p class=\"month\">08<br \/>Nov<br \/>2018<br \/><\/p><\/div><div class=\"blog-info\"><p class=\"links\"><span class=\"author\">admin<\/span> | 0 Comment | <a href=\"https:\/\/www.todoslostonosyayres.com\/en\/category\/medios\/\" rel=\"category tag\">Media<\/a><\/p><a href=\"https:\/\/www.todoslostonosyayres.com\/en\/musica-antigua-en-la-corte-imperial-china\/\" class=\"blog-title\">Early Music in the Chinese Imperial Court<\/a><\/div><\/div><\/div><div class=\"col-md-4\"><div class=\"post-blog\"><div class=\"post-image\"><a href=\"https:\/\/www.todoslostonosyayres.com\/en\/el-clave-del-emperador-llega-a-valdemoro\/\" class=\"blog-link\"><\/a><img decoding=\"async\" src=\"https:\/\/www.todoslostonosyayres.com\/wp-content\/uploads\/Conciertos\/Valdemoro\/ecde_valdemoro_definitivo-900x800.jpg\" alt=\"\" class=\"img-responsive image\"\/><\/div><div class=\"date\"><p class=\"month\">06<br \/>Nov<br \/>2018<br \/><\/p><\/div><div class=\"blog-info\"><p class=\"links\"><span class=\"author\">admin<\/span> | 0 Comment | <a href=\"https:\/\/www.todoslostonosyayres.com\/en\/category\/medios\/\" rel=\"category tag\">Media<\/a><\/p><a href=\"https:\/\/www.todoslostonosyayres.com\/en\/el-clave-del-emperador-llega-a-valdemoro\/\" class=\"blog-title\">The Emperor's Harpsichord arrives to Valdemoro<\/a><\/div><\/div><\/div><div class=\"col-md-4\"><div class=\"post-blog\"><div class=\"post-image\"><a href=\"https:\/\/www.todoslostonosyayres.com\/en\/encuentro-de-musicas-de-asia-uimp-2018\/\" class=\"blog-link\"><\/a><img decoding=\"async\" src=\"https:\/\/www.todoslostonosyayres.com\/wp-content\/uploads\/Conferencias\/UIMP2018\/rueda_de_prensa_UIMP2018-900x800.jpg\" alt=\"\" class=\"img-responsive image\"\/><\/div><div class=\"date\"><p class=\"month\">14<br \/>Sep<br \/>2018<br \/><\/p><\/div><div class=\"blog-info\"><p class=\"links\"><span class=\"author\">admin<\/span> | 0 Comment | <a href=\"https:\/\/www.todoslostonosyayres.com\/en\/category\/medios\/\" rel=\"category tag\">Media<\/a><\/p><a href=\"https:\/\/www.todoslostonosyayres.com\/en\/encuentro-de-musicas-de-asia-uimp-2018\/\" class=\"blog-title\">Musics of East Asia course - UIMP 2018<\/a><\/div><\/div><\/div><div class=\"col-md-4\"><div class=\"post-blog\"><div class=\"post-image\"><a href=\"https:\/\/www.todoslostonosyayres.com\/en\/un-viaje-musical-por-el-oriente\/\" class=\"blog-link\"><\/a><img decoding=\"async\" src=\"https:\/\/www.todoslostonosyayres.com\/wp-content\/uploads\/Conciertos\/Musafir-MAG2017.png\" alt=\"\" class=\"img-responsive image\"\/><\/div><div class=\"date\"><p class=\"month\">15<br \/>Jul<br \/>2018<br \/><\/p><\/div><div class=\"blog-info\"><p class=\"links\"><span class=\"author\">admin<\/span> | 0 Comment | <a href=\"https:\/\/www.todoslostonosyayres.com\/en\/category\/medios\/\" rel=\"category tag\">Media<\/a><\/p><a href=\"https:\/\/www.todoslostonosyayres.com\/en\/un-viaje-musical-por-el-oriente\/\" class=\"blog-title\">A musical journey through the East<\/a><\/div><\/div><\/div><div class=\"col-md-4\"><div class=\"post-blog\"><div class=\"post-image\"><a href=\"https:\/\/www.todoslostonosyayres.com\/en\/entrevista-en-radio-usal\/\" class=\"blog-link\"><\/a><img decoding=\"async\" src=\"https:\/\/www.todoslostonosyayres.com\/wp-content\/uploads\/Medios\/Ojos-de-Oriental-Todos-los-Tonos-y-Ayres-900x800.jpg\" alt=\"\" class=\"img-responsive image\"\/><\/div><div class=\"date\"><p class=\"month\">27<br \/>Jun<br \/>2018<br \/><\/p><\/div><div class=\"blog-info\"><p class=\"links\"><span class=\"author\">admin<\/span> | 0 Comment | <a href=\"https:\/\/www.todoslostonosyayres.com\/en\/category\/medios\/\" rel=\"category tag\">Media<\/a><\/p><a href=\"https:\/\/www.todoslostonosyayres.com\/en\/entrevista-en-radio-usal\/\" class=\"blog-title\">USAL Radio Interview<\/a><\/div><\/div><\/div><div class=\"col-md-4\"><div class=\"post-blog\"><div class=\"post-image\"><a href=\"https:\/\/www.todoslostonosyayres.com\/en\/cronica-de-el-clave-del-emperador-en-el-china-daily\/\" class=\"blog-link\"><\/a><img decoding=\"async\" src=\"https:\/\/www.todoslostonosyayres.com\/wp-content\/uploads\/Conciertos\/IC2018\/Fotos\/El-Clave-del-Emperador-Meet-in-Beijing-Concierto-900x600.jpeg\" alt=\"\" class=\"img-responsive image\"\/><\/div><div class=\"date\"><p class=\"month\">11<br \/>Jun<br \/>2018<br \/><\/p><\/div><div class=\"blog-info\"><p class=\"links\"><span class=\"author\">admin<\/span> | 0 Comment | <a href=\"https:\/\/www.todoslostonosyayres.com\/en\/category\/medios\/\" rel=\"category tag\">Media<\/a><\/p><a href=\"https:\/\/www.todoslostonosyayres.com\/en\/cronica-de-el-clave-del-emperador-en-el-china-daily\/\" class=\"blog-title\">Chronicle of \"The Emperor's Harpsichord\" in the China Daily<\/a><\/div><\/div><\/div><div class=\"col-md-4\"><div class=\"post-blog\"><div class=\"post-image\"><a href=\"https:\/\/www.todoslostonosyayres.com\/en\/el-clave-del-emperador-gira-china-2018-en-los-medios-chinos-y-espanoles\/\" class=\"blog-link\"><\/a><img decoding=\"async\" src=\"https:\/\/www.todoslostonosyayres.com\/wp-content\/uploads\/2018\/06\/Shanghai-6-6-2018-01-900x800.jpg\" alt=\"\" class=\"img-responsive image\"\/><\/div><div class=\"date\"><p class=\"month\">08<br \/>Jun<br \/>2018<br \/><\/p><\/div><div class=\"blog-info\"><p class=\"links\"><span class=\"author\">admin<\/span> | 0 Comment | <a href=\"https:\/\/www.todoslostonosyayres.com\/en\/category\/medios\/\" rel=\"category tag\">Media<\/a><\/p><a href=\"https:\/\/www.todoslostonosyayres.com\/en\/el-clave-del-emperador-gira-china-2018-en-los-medios-chinos-y-espanoles\/\" class=\"blog-title\">\"The Emperor's Harpsichord\": China 2018 Tour in the Chinese and Spanish Media<\/a><\/div><\/div><\/div><div class=\"col-md-4\"><div class=\"post-blog\"><div class=\"post-image\"><a href=\"https:\/\/www.todoslostonosyayres.com\/en\/cronica-de-el-clave-del-emperador-en-shanghai\/\" class=\"blog-link\"><\/a><img decoding=\"async\" src=\"https:\/\/www.todoslostonosyayres.com\/wp-content\/uploads\/Prensa\/IC2018\/Cronica-Zigor-Aldama-900x800.jpg\" alt=\"\" class=\"img-responsive image\"\/><\/div><div class=\"date\"><p class=\"month\">07<br \/>Jun<br \/>2018<br \/><\/p><\/div><div class=\"blog-info\"><p class=\"links\"><span class=\"author\">admin<\/span> | 0 Comment | <a href=\"https:\/\/www.todoslostonosyayres.com\/en\/category\/medios\/\" rel=\"category tag\">Media<\/a><\/p><a href=\"https:\/\/www.todoslostonosyayres.com\/en\/cronica-de-el-clave-del-emperador-en-shanghai\/\" class=\"blog-title\">Chronicle of \"The Emperor's Harpsichord\" in Shanghai<\/a><\/div><\/div><\/div><div class=\"col-md-4\"><div class=\"post-blog\"><div class=\"post-image\"><a href=\"https:\/\/www.todoslostonosyayres.com\/en\/el-clave-del-emperador-en-la-pagina-musicaantigua-com\/\" class=\"blog-link\"><\/a><img decoding=\"async\" src=\"https:\/\/www.todoslostonosyayres.com\/wp-content\/uploads\/Prensa\/Portada-Musica-Antigua-El-clave-del-Emperador-900x800.jpg\" alt=\"\" class=\"img-responsive image\"\/><\/div><div class=\"date\"><p class=\"month\">24<br \/>May<br \/>2018<br \/><\/p><\/div><div class=\"blog-info\"><p class=\"links\"><span class=\"author\">admin<\/span> | 0 Comment | <a href=\"https:\/\/www.todoslostonosyayres.com\/en\/category\/medios\/\" rel=\"category tag\">Media<\/a><\/p><a href=\"https:\/\/www.todoslostonosyayres.com\/en\/el-clave-del-emperador-en-la-pagina-musicaantigua-com\/\" class=\"blog-title\">\"The Emperor's Harpsichord\" in M\u00fasicaAntigua.com<\/a><\/div><\/div><\/div><div class=\"col-md-4\"><div class=\"post-blog\"><div class=\"post-image\"><a href=\"https:\/\/www.todoslostonosyayres.com\/en\/ano-diego-de-pantoja-2018-en-los-medios\/\" class=\"blog-link\"><\/a><img decoding=\"async\" src=\"https:\/\/www.todoslostonosyayres.com\/wp-content\/uploads\/Conciertos\/IC2018\/Logos\/An\u0303o_Diego_de_Pangoja_2018.jpg\" alt=\"\" class=\"img-responsive image\"\/><\/div><div class=\"date\"><p class=\"month\">08<br \/>May<br \/>2018<br \/><\/p><\/div><div class=\"blog-info\"><p class=\"links\"><span class=\"author\">admin<\/span> | 0 Comment | <a href=\"https:\/\/www.todoslostonosyayres.com\/en\/category\/medios\/\" rel=\"category tag\">Media<\/a><\/p><a href=\"https:\/\/www.todoslostonosyayres.com\/en\/ano-diego-de-pantoja-2018-en-los-medios\/\" class=\"blog-title\">2018 Year of Diego de Pantoja and \"The Emperor's Harpsichord\" in the media<\/a><\/div><\/div><\/div><div class=\"col-md-4\"><div class=\"post-blog\"><div class=\"post-image\"><a href=\"https:\/\/www.todoslostonosyayres.com\/en\/musica-y-arte-viaje-al-medievo-alrededor-del-mundo\/\" class=\"blog-link\"><\/a><img decoding=\"async\" src=\"https:\/\/www.todoslostonosyayres.com\/wp-content\/uploads\/Prensa\/cartografia-de-los-caminos-900x772.png\" alt=\"\" class=\"img-responsive image\"\/><\/div><div class=\"date\"><p class=\"month\">21<br \/>Mar<br \/>2018<br \/><\/p><\/div><div class=\"blog-info\"><p class=\"links\"><span class=\"author\">admin<\/span> | 0 Comment | <a href=\"https:\/\/www.todoslostonosyayres.com\/en\/category\/medios\/\" rel=\"category tag\">Media<\/a><\/p><a href=\"https:\/\/www.todoslostonosyayres.com\/en\/musica-y-arte-viaje-al-medievo-alrededor-del-mundo\/\" class=\"blog-title\">Music and art: a journey to the Middle Ages around the world<\/a><\/div><\/div><\/div><div class=\"col-md-4\"><div class=\"post-blog\"><div class=\"post-image\"><a href=\"https:\/\/www.todoslostonosyayres.com\/en\/entrevista-de-la-ciudad-de-las-artes-y-las-ciencias\/\" class=\"blog-link\"><\/a><img decoding=\"async\" src=\"https:\/\/www.todoslostonosyayres.com\/wp-content\/uploads\/Medios\/CACconferencia2016-02g.jpg\" alt=\"\" class=\"img-responsive image\"\/><\/div><div class=\"date\"><p class=\"month\">16<br \/>Feb<br \/>2016<br \/><\/p><\/div><div class=\"blog-info\"><p class=\"links\"><span class=\"author\">admin<\/span> | 0 Comment | <a href=\"https:\/\/www.todoslostonosyayres.com\/en\/category\/medios\/\" rel=\"category tag\">Media<\/a><\/p><a href=\"https:\/\/www.todoslostonosyayres.com\/en\/entrevista-de-la-ciudad-de-las-artes-y-las-ciencias\/\" class=\"blog-title\">Interview at the City of Arts and Sciences<\/a><\/div><\/div><\/div><\/div><\/div><\/div><\/div><\/div><\/div>","protected":false},"excerpt":{"rendered":"<p>Entrevista realizada con motivo de la conferencia-concierto Astronom\u00eda y M\u00fasica en la Antigua China celebrada el 18 de Febrero de 2016 en la Ciudad de las Artes y las Ciencias. &nbsp;<\/p>","protected":false},"author":1,"featured_media":230,"parent":0,"menu_order":0,"comment_status":"closed","ping_status":"closed","template":"","meta":{"rs_blank_template":"","rs_page_bg_color":"","slide_template_v7":"","footnotes":""},"class_list":["post-513","page","type-page","status-publish","has-post-thumbnail","hentry"],"yoast_head":"<!-- This site is optimized with the Yoast SEO plugin v27.3 - https:\/\/yoast.com\/product\/yoast-seo-wordpress\/ -->\n<title>Medios - Todos los Tonos y Ayres<\/title>\n<meta name=\"robots\" content=\"index, follow, max-snippet:-1, max-image-preview:large, max-video-preview:-1\" \/>\n<link rel=\"canonical\" href=\"https:\/\/www.todoslostonosyayres.com\/en\/medios\/\" \/>\n<meta name=\"twitter:card\" content=\"summary_large_image\" \/>\n<meta name=\"twitter:title\" content=\"Medios - Todos los Tonos y Ayres\" \/>\n<meta name=\"twitter:image\" content=\"https:\/\/www.todoslostonosyayres.com\/wp-content\/uploads\/Menu\/programas_02_menu.jpg\" \/>\n<script type=\"application\/ld+json\" class=\"yoast-schema-graph\">{\"@context\":\"https:\\\/\\\/schema.org\",\"@graph\":[{\"@type\":\"WebPage\",\"@id\":\"https:\\\/\\\/www.todoslostonosyayres.com\\\/medios\\\/\",\"url\":\"https:\\\/\\\/www.todoslostonosyayres.com\\\/medios\\\/\",\"name\":\"Medios - Todos los Tonos y Ayres\",\"isPartOf\":{\"@id\":\"https:\\\/\\\/www.todoslostonosyayres.com\\\/#website\"},\"primaryImageOfPage\":{\"@id\":\"https:\\\/\\\/www.todoslostonosyayres.com\\\/medios\\\/#primaryimage\"},\"image\":{\"@id\":\"https:\\\/\\\/www.todoslostonosyayres.com\\\/medios\\\/#primaryimage\"},\"thumbnailUrl\":\"https:\\\/\\\/www.todoslostonosyayres.com\\\/wp-content\\\/uploads\\\/Menu\\\/programas_02_menu.jpg\",\"datePublished\":\"2018-04-08T06:47:27+00:00\",\"dateModified\":\"2019-03-24T10:22:32+00:00\",\"breadcrumb\":{\"@id\":\"https:\\\/\\\/www.todoslostonosyayres.com\\\/medios\\\/#breadcrumb\"},\"inLanguage\":\"en-US\",\"potentialAction\":[{\"@type\":\"ReadAction\",\"target\":[\"https:\\\/\\\/www.todoslostonosyayres.com\\\/medios\\\/\"]}]},{\"@type\":\"ImageObject\",\"inLanguage\":\"en-US\",\"@id\":\"https:\\\/\\\/www.todoslostonosyayres.com\\\/medios\\\/#primaryimage\",\"url\":\"https:\\\/\\\/www.todoslostonosyayres.com\\\/wp-content\\\/uploads\\\/Menu\\\/programas_02_menu.jpg\",\"contentUrl\":\"https:\\\/\\\/www.todoslostonosyayres.com\\\/wp-content\\\/uploads\\\/Menu\\\/programas_02_menu.jpg\",\"width\":1269,\"height\":932},{\"@type\":\"BreadcrumbList\",\"@id\":\"https:\\\/\\\/www.todoslostonosyayres.com\\\/medios\\\/#breadcrumb\",\"itemListElement\":[{\"@type\":\"ListItem\",\"position\":1,\"name\":\"Inicio\",\"item\":\"https:\\\/\\\/www.todoslostonosyayres.com\\\/\"},{\"@type\":\"ListItem\",\"position\":2,\"name\":\"Medios\"}]},{\"@type\":\"WebSite\",\"@id\":\"https:\\\/\\\/www.todoslostonosyayres.com\\\/#website\",\"url\":\"https:\\\/\\\/www.todoslostonosyayres.com\\\/\",\"name\":\"Todos los Tonos y Ayres\",\"description\":\"Primera agrupaci\u00f3n de m\u00fasica antigua china y europea en Espa\u00f1a\",\"publisher\":{\"@id\":\"https:\\\/\\\/www.todoslostonosyayres.com\\\/#organization\"},\"potentialAction\":[{\"@type\":\"SearchAction\",\"target\":{\"@type\":\"EntryPoint\",\"urlTemplate\":\"https:\\\/\\\/www.todoslostonosyayres.com\\\/?s={search_term_string}\"},\"query-input\":{\"@type\":\"PropertyValueSpecification\",\"valueRequired\":true,\"valueName\":\"search_term_string\"}}],\"inLanguage\":\"en-US\"},{\"@type\":\"Organization\",\"@id\":\"https:\\\/\\\/www.todoslostonosyayres.com\\\/#organization\",\"name\":\"Todos los Tonos y Ayres\",\"url\":\"https:\\\/\\\/www.todoslostonosyayres.com\\\/\",\"logo\":{\"@type\":\"ImageObject\",\"inLanguage\":\"en-US\",\"@id\":\"https:\\\/\\\/www.todoslostonosyayres.com\\\/#\\\/schema\\\/logo\\\/image\\\/\",\"url\":\"https:\\\/\\\/www.todoslostonosyayres.com\\\/wp-content\\\/uploads\\\/Logos\\\/TAmedium.png\",\"contentUrl\":\"https:\\\/\\\/www.todoslostonosyayres.com\\\/wp-content\\\/uploads\\\/Logos\\\/TAmedium.png\",\"width\":100,\"height\":149,\"caption\":\"Todos los Tonos y Ayres\"},\"image\":{\"@id\":\"https:\\\/\\\/www.todoslostonosyayres.com\\\/#\\\/schema\\\/logo\\\/image\\\/\"},\"sameAs\":[\"https:\\\/\\\/www.facebook.com\\\/tonos.ayres\\\/\",\"https:\\\/\\\/www.youtube.com\\\/channel\\\/UCFx7iNEhJWGAq0xFxAnlUpQ\"]}]}<\/script>\n<!-- \/ Yoast SEO plugin. -->","yoast_head_json":{"title":"Medios - Todos los Tonos y Ayres","robots":{"index":"index","follow":"follow","max-snippet":"max-snippet:-1","max-image-preview":"max-image-preview:large","max-video-preview":"max-video-preview:-1"},"canonical":"https:\/\/www.todoslostonosyayres.com\/en\/medios\/","twitter_card":"summary_large_image","twitter_title":"Medios - Todos los Tonos y Ayres","twitter_image":"https:\/\/www.todoslostonosyayres.com\/wp-content\/uploads\/Menu\/programas_02_menu.jpg","schema":{"@context":"https:\/\/schema.org","@graph":[{"@type":"WebPage","@id":"https:\/\/www.todoslostonosyayres.com\/medios\/","url":"https:\/\/www.todoslostonosyayres.com\/medios\/","name":"Medios - Todos los Tonos y Ayres","isPartOf":{"@id":"https:\/\/www.todoslostonosyayres.com\/#website"},"primaryImageOfPage":{"@id":"https:\/\/www.todoslostonosyayres.com\/medios\/#primaryimage"},"image":{"@id":"https:\/\/www.todoslostonosyayres.com\/medios\/#primaryimage"},"thumbnailUrl":"https:\/\/www.todoslostonosyayres.com\/wp-content\/uploads\/Menu\/programas_02_menu.jpg","datePublished":"2018-04-08T06:47:27+00:00","dateModified":"2019-03-24T10:22:32+00:00","breadcrumb":{"@id":"https:\/\/www.todoslostonosyayres.com\/medios\/#breadcrumb"},"inLanguage":"en-US","potentialAction":[{"@type":"ReadAction","target":["https:\/\/www.todoslostonosyayres.com\/medios\/"]}]},{"@type":"ImageObject","inLanguage":"en-US","@id":"https:\/\/www.todoslostonosyayres.com\/medios\/#primaryimage","url":"https:\/\/www.todoslostonosyayres.com\/wp-content\/uploads\/Menu\/programas_02_menu.jpg","contentUrl":"https:\/\/www.todoslostonosyayres.com\/wp-content\/uploads\/Menu\/programas_02_menu.jpg","width":1269,"height":932},{"@type":"BreadcrumbList","@id":"https:\/\/www.todoslostonosyayres.com\/medios\/#breadcrumb","itemListElement":[{"@type":"ListItem","position":1,"name":"Inicio","item":"https:\/\/www.todoslostonosyayres.com\/"},{"@type":"ListItem","position":2,"name":"Medios"}]},{"@type":"WebSite","@id":"https:\/\/www.todoslostonosyayres.com\/#website","url":"https:\/\/www.todoslostonosyayres.com\/","name":"Todos los Tonos y Ayres","description":"Primera agrupaci\u00f3n de m\u00fasica antigua china y europea en Espa\u00f1a","publisher":{"@id":"https:\/\/www.todoslostonosyayres.com\/#organization"},"potentialAction":[{"@type":"SearchAction","target":{"@type":"EntryPoint","urlTemplate":"https:\/\/www.todoslostonosyayres.com\/?s={search_term_string}"},"query-input":{"@type":"PropertyValueSpecification","valueRequired":true,"valueName":"search_term_string"}}],"inLanguage":"en-US"},{"@type":"Organization","@id":"https:\/\/www.todoslostonosyayres.com\/#organization","name":"Todos los Tonos y Ayres","url":"https:\/\/www.todoslostonosyayres.com\/","logo":{"@type":"ImageObject","inLanguage":"en-US","@id":"https:\/\/www.todoslostonosyayres.com\/#\/schema\/logo\/image\/","url":"https:\/\/www.todoslostonosyayres.com\/wp-content\/uploads\/Logos\/TAmedium.png","contentUrl":"https:\/\/www.todoslostonosyayres.com\/wp-content\/uploads\/Logos\/TAmedium.png","width":100,"height":149,"caption":"Todos los Tonos y Ayres"},"image":{"@id":"https:\/\/www.todoslostonosyayres.com\/#\/schema\/logo\/image\/"},"sameAs":["https:\/\/www.facebook.com\/tonos.ayres\/","https:\/\/www.youtube.com\/channel\/UCFx7iNEhJWGAq0xFxAnlUpQ"]}]}},"_links":{"self":[{"href":"https:\/\/www.todoslostonosyayres.com\/en\/wp-json\/wp\/v2\/pages\/513","targetHints":{"allow":["GET"]}}],"collection":[{"href":"https:\/\/www.todoslostonosyayres.com\/en\/wp-json\/wp\/v2\/pages"}],"about":[{"href":"https:\/\/www.todoslostonosyayres.com\/en\/wp-json\/wp\/v2\/types\/page"}],"author":[{"embeddable":true,"href":"https:\/\/www.todoslostonosyayres.com\/en\/wp-json\/wp\/v2\/users\/1"}],"replies":[{"embeddable":true,"href":"https:\/\/www.todoslostonosyayres.com\/en\/wp-json\/wp\/v2\/comments?post=513"}],"version-history":[{"count":23,"href":"https:\/\/www.todoslostonosyayres.com\/en\/wp-json\/wp\/v2\/pages\/513\/revisions"}],"predecessor-version":[{"id":1080,"href":"https:\/\/www.todoslostonosyayres.com\/en\/wp-json\/wp\/v2\/pages\/513\/revisions\/1080"}],"wp:featuredmedia":[{"embeddable":true,"href":"https:\/\/www.todoslostonosyayres.com\/en\/wp-json\/wp\/v2\/media\/230"}],"wp:attachment":[{"href":"https:\/\/www.todoslostonosyayres.com\/en\/wp-json\/wp\/v2\/media?parent=513"}],"curies":[{"name":"wp","href":"https:\/\/api.w.org\/{rel}","templated":true}]}}